{"id":1084,"date":"2024-01-17T10:04:34","date_gmt":"2024-01-17T09:04:34","guid":{"rendered":"https:\/\/fede-uliege.be\/?page_id=1084"},"modified":"2026-02-23T09:57:17","modified_gmt":"2026-02-23T08:57:17","slug":"le-conseil","status":"publish","type":"page","link":"https:\/\/fede-uliege.be\/index.php\/le-conseil\/","title":{"rendered":"Le Conseil"},"content":{"rendered":"\n<hr class=\"wp-block-separator has-text-color has-neve-link-hover-color-color has-alpha-channel-opacity has-neve-link-hover-color-background-color has-background\"\/>\n\n\n\n<div style=\"height:40px\" aria-hidden=\"true\" class=\"wp-block-spacer\"><\/div>\n\n\n\n<h2 class=\"wp-block-heading has-text-align-center has-neve-link-hover-color-color has-text-color has-link-color wp-elements-4ed150902290ba0f2a518c25c5b41934\">LE CONSEIL ET SES MISSIONS<\/h2>\n\n\n\n<div style=\"height:40px\" aria-hidden=\"true\" class=\"wp-block-spacer\"><\/div>\n\n\n\n<hr class=\"wp-block-separator has-text-color has-neve-link-hover-color-color has-alpha-channel-opacity has-neve-link-hover-color-background-color has-background\"\/>\n\n\n<div class=\"wp-block-image\">\n<figure class=\"aligncenter size-large\"><img fetchpriority=\"high\" decoding=\"async\" width=\"1024\" height=\"576\" src=\"https:\/\/fede-uliege.be\/wp-content\/uploads\/2024\/01\/institution-campus-sart-tilman-uliege-jlw19-1024x576.jpg\" alt=\"\" class=\"wp-image-1119\" srcset=\"https:\/\/fede-uliege.be\/wp-content\/uploads\/2024\/01\/institution-campus-sart-tilman-uliege-jlw19-1024x576.jpg 1024w, https:\/\/fede-uliege.be\/wp-content\/uploads\/2024\/01\/institution-campus-sart-tilman-uliege-jlw19-300x169.jpg 300w, https:\/\/fede-uliege.be\/wp-content\/uploads\/2024\/01\/institution-campus-sart-tilman-uliege-jlw19-768x432.jpg 768w, https:\/\/fede-uliege.be\/wp-content\/uploads\/2024\/01\/institution-campus-sart-tilman-uliege-jlw19-1536x864.jpg 1536w, https:\/\/fede-uliege.be\/wp-content\/uploads\/2024\/01\/institution-campus-sart-tilman-uliege-jlw19-2048x1152.jpg 2048w\" sizes=\"(max-width: 1024px) 100vw, 1024px\" \/><figcaption class=\"wp-element-caption\"><em>photographie campus du Sart Tilman. U li\u00e8ge. photo : Jean Louis Wertz<\/em><\/figcaption><\/figure>\n<\/div>\n\n\n<p>La F\u00e9d\u00e9, F\u00e9d\u00e9ration des Etudiants de l&rsquo;Universit\u00e9 de Li\u00e8ge, est l&rsquo;organe de repr\u00e9sentation \u00e9tudiante de l&rsquo;ULi\u00e8ge. Forte d&rsquo;une exp\u00e9rience de pr\u00e8s de 50 ans, elle ne cesse de se renouveler et de se r\u00e9inventer pour garantir \u00e0 chaque \u00e9tudiant.e le soutien et la repr\u00e9sentation qu&rsquo;il m\u00e9rite. Tant d&rsquo;ann\u00e9es et de projets, qu&rsquo;il est souvent compliqu\u00e9 de tout r\u00e9sumer. Voici cependant quelques lignes, pour te donner une petite id\u00e9e de qui nous sommes&#8230;<\/p>\n\n\n\n<h2 class=\"wp-block-heading has-neve-link-hover-color-color has-text-color has-link-color wp-elements-6ac5195c047e205952509d2fb4f94388\">QUEL EST LE R\u00d4LE DE LA F\u00c9D\u00c9 ?<\/h2>\n\n\n\n<p>La F\u00e9d\u00e9 poss\u00e8de de nombreuses&nbsp;missions. Nous nous occupons principalement de&nbsp;<strong>repr\u00e9senter les \u00e9tudiant.e.s au sein de l&rsquo;Universit\u00e9<\/strong>&nbsp;<strong>et ailleurs&nbsp;<\/strong>(via des&nbsp;mandats externes). Nous&nbsp;<strong>soutenons quotidiennement des&nbsp;cercles<\/strong>, et nous&nbsp;<strong>disposons de&nbsp;Commissions&nbsp;d\u00e9di\u00e9es \u00e0 des th\u00e9matiques sp\u00e9cifiques<\/strong>. Cette diversit\u00e9 dans nos buts a forg\u00e9 l&rsquo;organisation de cette&nbsp;<strong>ASBL<\/strong>.<\/p>\n\n\n\n<p>Et oui ! Car en plus d&rsquo;\u00eatre un Conseil \u00c9tudiant, tel que d\u00e9finit par le d\u00e9cret de 2012, la F\u00e9d\u00e9 est constitu\u00e9e en tant qu&rsquo;ASBL, inscrite au Moniteur Belge. Ainsi, \u00e0 toutes nos missions d\u00e9j\u00e0 d\u00e9crites, s&rsquo;ajoute tout un travail administratif et de gestion quotidienne.&nbsp;<\/p>\n\n\n\n<h2 class=\"wp-block-heading has-neve-link-hover-color-color has-text-color has-link-color wp-elements-8c6cba31a9d66067942951cffa86aeca\">COMMENT LA F\u00c9D\u00c9 EST-ELLE ORGANIS\u00c9E ?<\/h2>\n\n\n\n<p>La F\u00e9d\u00e9 est compos\u00e9e d&rsquo;une&nbsp;<strong>Assembl\u00e9e g\u00e9n\u00e9rale de 60 membres&nbsp;<\/strong>qui prennent les grandes d\u00e9cisions. Cette assembl\u00e9e est une repr\u00e9sentation de l&rsquo;ensemble des \u00e9tudiant.e.s de l&rsquo;Universit\u00e9 qui&nbsp;votent chaque ann\u00e9e&nbsp;pour leurs repr\u00e9sentant.e.s. Se r\u00e9unissant environ une fois par mois, l&rsquo;Assembl\u00e9e G\u00e9n\u00e9rale (AG) permet de passer en revue tout ce qui se fait au sein de la F\u00e9d\u00e9, mais \u00e9galement des mandats externes et commissions. C&rsquo;est aussi un haut lieu de d\u00e9bat, en vue de se positionner sur divers sujets d&rsquo;actualit\u00e9 (calendrier acad\u00e9mique, r\u00e9formes en tout genre, affiliations \u00e0 des ORC,&#8230;). La bonne ambiance est le mot d&rsquo;ordre, et ces grandes r\u00e9unions sont aussi l&rsquo;occasion de se retrouver tous ensemble autour d&rsquo;une bonne pizza ! Les AG sont publiques, ce qui signifie que tout \u00e9tudiant.e peut venir y assister.<\/p>\n\n\n\n<p>Le&nbsp;<strong>Conseil d&rsquo;Administration, compos\u00e9 de 12 \u00e9tudiant.e.s<\/strong>, s&rsquo;occupe de la gestion journali\u00e8re de l&rsquo;association. Il octroie les&nbsp;subsides aux cercles, et g\u00e8re les relations du Conseil \u00c9tudiant. C&rsquo;est lui qui s&rsquo;occupe de tout l&rsquo;aspect administratif engendr\u00e9 par le statut d&rsquo;ASBL. Qu&rsquo;il s&rsquo;agisse des comptes, de la gestion des employ\u00e9.e.s, ou encore de l&rsquo;entretien du b\u00e2timent, le Conseil d&rsquo;Administration est sur le coup ! Il se r\u00e9unit environ une fois par semaine, et prend ses d\u00e9cisions en fonction des directives de l&rsquo;Assembl\u00e9e g\u00e9n\u00e9rale.&nbsp;<\/p>\n\n\n\n<p>Last but not least, n&rsquo;oublions pas de mentionner nos&nbsp;<strong>incroyables employ\u00e9es<\/strong>&nbsp;! Appel\u00e9es \u00ab\u00a0permas\u00a0\u00bb ou \u00ab\u00a0permanentes\u00a0\u00bb, elles s&rsquo;occupent de t&rsquo;accueillir toute l&rsquo;ann\u00e9e dans notre magnifique b\u00e2tisse, et d&rsquo;orienter les \u00e9tudiant.e.s sur toutes sortes de sujets. Ils r\u00e9pondent aux mails et messages, et nous aident dans la planification et l&rsquo;organisation de nos projets.&nbsp;<\/p>\n\n\n\n<h2 class=\"wp-block-heading has-neve-link-hover-color-color has-text-color has-link-color wp-elements-e6490611703e221c87555bee22139ddb\">REPR\u00c9SENTATION \u00c9TUDIANTE<\/h2>\n\n\n\n<p>La mission principale d&rsquo;un Conseil \u00c9tudiant, c&rsquo;est de repr\u00e9senter les \u00e9tudiant.e.s. Pour ce faire, nous disposons de diff\u00e9rents terrains d&rsquo;action.<\/p>\n\n\n\n<h3 class=\"wp-block-heading has-neve-link-color-color has-text-color has-link-color wp-elements-ee3cd33123955b58dbf8c49cf1aefaba\">AUPR\u00c8S DES AUTORIT\u00c9S ACAD\u00c9MIQUES<\/h3>\n\n\n\n<p>Dans chaque organe de l&rsquo;Universit\u00e9 (Conseil d&rsquo;Administration, Conseil \u00e0 la Vie \u00c9tudiante, Commission Universitaire \u00e0 l&rsquo;Enseignement et \u00e0 la Formation, Commission Infrastructures,&#8230;), les \u00e9tudiant.e.s poss\u00e8dent un certain nombre de si\u00e8ges. Cette pr\u00e9sence active dans ces diff\u00e9rents niveaux de pouvoir nous permettent d&rsquo;orienter les d\u00e9cisions universitaires en fonction des besoins et demandes des \u00e9tudiant.e.s.&nbsp;<\/p>\n\n\n\n<h3 class=\"wp-block-heading has-neve-link-color-color has-text-color has-link-color wp-elements-1c9e67e8ec122b1fe7ccc822c55fd5ec\">PAR UNE MOBILISATION \u00c9TUDIANTE ACTIVE<\/h3>\n\n\n\n<p>Outre ce pied dans le jeu politique de l&rsquo;Universit\u00e9, la F\u00e9d\u00e9 est avant tout pr\u00e9sente sur le terrain pour motiver les \u00e9tudiant.e.s et mener des actions afin de d\u00e9fendre leurs int\u00e9r\u00eats. Qu&rsquo;il s&rsquo;agisse de manifestations, de lettres ouvertes, ou encore de gr\u00e8ves, nous d\u00e9bordons de ressources pour faire entendre notre voix et obtenir ce qu&rsquo;il y a de mieux pour les \u00e9tudiant.e.s.<\/p>\n\n\n\n<h2 class=\"wp-block-heading has-neve-link-hover-color-color has-text-color has-link-color wp-elements-5224b07a1e6fb187d44fadc400d4c660\">SOUTIEN AUX \u00c9TUDIANT.E.S<\/h2>\n\n\n\n<p>Si la F\u00e9d\u00e9 s&rsquo;appelle \u00ab\u00a0F\u00e9d\u00e9ration des \u00c9tudiants\u00a0\u00bb, c&rsquo;est pour une bonne raison. De nombreux services sont apport\u00e9s aux \u00e9tudiant.e.s tout au long de l&rsquo;ann\u00e9e.<\/p>\n\n\n\n<h3 class=\"wp-block-heading has-neve-link-color-color has-text-color has-link-color wp-elements-1a377860cba3c5d224b1baa02e5a7dce\">LES CONSEILS<\/h3>\n\n\n\n<p>La F\u00e9d\u00e9 peut te conseiller sur toutes sortes de sujets, qu&rsquo;ils soient li\u00e9s \u00e0 l&rsquo;Universit\u00e9, ou non.&nbsp; Tu souhaites discuter de quelque chose avec nous ? N&rsquo;h\u00e9site pas \u00e0 nous&nbsp;contacter&nbsp;ou \u00e0 venir nous rendre visite Place du XX-Ao\u00fbt ! Nos employ\u00e9es se feront une joie de te recevoir et de t&rsquo;aider.<\/p>\n\n\n\n<h3 class=\"wp-block-heading has-neve-link-color-color has-text-color has-link-color wp-elements-836a0b96d581fc152395504974f7e4a8\">LES RECOURS&#8230;<\/h3>\n\n\n\n<p>L&rsquo;Universit\u00e9 regorge de proc\u00e9dures plus complexes les unes que les unes, et les recours en font partie. Tu as subi une injustice en lien avec un cours et tu souhaites prendre action ? Un examen regroupe un taux d&rsquo;\u00e9chec de 99,99999999% et vous ne trouvez pas cela normal ? Tu n&rsquo;as pas respect\u00e9 un d\u00e9lai et souhaite avoir une seconde chance ? La F\u00e9d\u00e9 est l\u00e0 pour te guider dans toutes ces d\u00e9marches.<\/p>\n\n\n\n<h3 class=\"wp-block-heading has-neve-link-color-color has-text-color has-link-color wp-elements-13feae2cfe3b7cdbf7b6ba54a22aad88\">&#8230;LI\u00c9S AUX R\u00c9SULTATS ET AUX PROC\u00c9DURES<\/h3>\n\n\n\n<p>Il s\u2019agit ici des recours \u00e0 l\u2019encontre d\u2019une d\u00e9cision relative aux examens, d\u00e9lib\u00e9rations ou organisation de l\u2019ann\u00e9e acad\u00e9mique. Seules les irr\u00e9gularit\u00e9s l\u00e9gales ou r\u00e9glementaires peuvent faire l\u2019objet d\u2019un recours, par exemple le non-respect de r\u00e8gles facultaires et\/ou de d\u00e9lib\u00e9ration ou encore la modification des modalit\u00e9s d\u2019examen dont tu n\u2019as pas \u00e9t\u00e9 averti.e \u00e0 temps.<\/p>\n\n\n\n<p>Les erreurs mat\u00e9rielles \u2013 comme une erreur dans le calcul, la retranscription ou l\u2019encodage d\u2019une note d\u2019examen \u2013 peuvent \u00e9galement faire l\u2019objet d\u2019un recours. Il t\u2019est donc vivement conseill\u00e9 de consulter tes copies d\u2019examen, car cela te permet de mieux comprendre la note obtenue et, le cas \u00e9ch\u00e9ant, de rectifier une \u00e9ventuelle erreur mat\u00e9rielle.<\/p>\n\n\n\n<p>La proc\u00e9dure \u00e0 suivre en cas de recours de ce type est d\u00e9taill\u00e9e&nbsp;<a href=\"https:\/\/www.enseignement.uliege.be\/cms\/c_9167781\/fr\/recours-ouverts-aux-etudiants\" target=\"_blank\" rel=\"noreferrer noopener\">sur le site de l\u2019ULi\u00e8ge<\/a>. Quelques chiffres \u00e0 bien garder en t\u00eate&nbsp;:<\/p>\n\n\n\n<ul class=\"wp-block-list\">\n<li>Pour les recours facultaires, si l\u2019<strong>irr\u00e9gularit\u00e9 est connue avant la d\u00e9lib\u00e9ration<\/strong>, le recours doit \u00eatre introduit&nbsp;<strong>dans les 5 jours suivant le fait incrimin\u00e9<\/strong>. Il doit \u00eatre introduit&nbsp;dans les 15 jours qui suivent la date de proclamation&nbsp;des r\u00e9sultats si&nbsp;l\u2019irr\u00e9gularit\u00e9 est connue apr\u00e8s la d\u00e9lib\u00e9ration.<\/li>\n\n\n\n<li>Si la r\u00e9ponse du\/de la doyen.ne de ta facult\u00e9 ne te satisfait pas et que tu souhaites faire appel aupr\u00e8s du\/de la recteur.rice, un courrier doit lui \u00eatre adress\u00e9&nbsp;<strong>dans les 15 jours suivant la r\u00e9ponse du\/de la doyen.ne<\/strong>.<\/li>\n<\/ul>\n\n\n\n<h3 class=\"wp-block-heading has-neve-link-color-color has-text-color has-link-color wp-elements-c531826e6b1f4aadbdeebfa8bfb9f7ce\">&#8230;LI\u00c9S AUX ADMISSIONS ET AUX INSCRIPTIONS<\/h3>\n\n\n\n<p>Dans quels cas une inscription peut-elle \u00eatre refus\u00e9e&nbsp;?<\/p>\n\n\n\n<ul class=\"wp-block-list\">\n<li>Si l\u2019\u00e9tudiant.e a fait l\u2019objet, dans les 5 ann\u00e9es acad\u00e9miques pr\u00e9c\u00e9dant l\u2019ann\u00e9e acad\u00e9mique concern\u00e9e, d\u2019une mesure d\u2019exclusion d\u2019un \u00e9tablissement d\u2019enseignement sup\u00e9rieur pour raison de&nbsp;<strong>fraude \u00e0 l\u2019inscription<\/strong>&nbsp;ou de&nbsp;<strong>fraude aux \u00e9valuations<\/strong>\u202f;<\/li>\n\n\n\n<li>Si l\u2019\u00e9tudiant.e&nbsp;<strong>n\u2019est pas finan\u00e7able<\/strong>&nbsp;en application des dispositions l\u00e9gales en vigueur;<\/li>\n\n\n\n<li>Si l\u2019\u00e9tudiant.e a fait l\u2019objet, dans les 5 ann\u00e9es acad\u00e9miques pr\u00e9c\u00e9dentes, d\u2019une mesure d\u2019exclusion d\u2019un \u00e9tablissement d\u2019enseignement sup\u00e9rieur pour&nbsp;<strong>faute grave<\/strong>.<\/li>\n<\/ul>\n\n\n\n<p>La d\u00e9cision de refus d\u2019inscription est notifi\u00e9e \u00e0 l\u2019\u00e9tudiant.e au plus tard 15 jours apr\u00e8s r\u00e9ception de sa demande.<\/p>\n\n\n\n<h3 class=\"wp-block-heading has-neve-link-color-color has-text-color has-link-color wp-elements-f0d8cf9e6be442b6630a02d895d561e6\">LE SERVICE D&rsquo;IMPRESSION<\/h3>\n\n\n\n<p>Le service d&rsquo;impression de la F\u00e9d\u00e9 te permet de venir imprimer tes documents \u00e0 la F\u00e9d\u00e9.&nbsp; Viens faire tes impressions, elles te seront factur\u00e9es par forfait.<\/p>\n\n\n\n<h2 class=\"wp-block-heading has-neve-link-hover-color-color has-text-color has-link-color wp-elements-f33ed660d4888edeb4ceba517a783314\">SOUTIEN AUX CERCLES<\/h2>\n\n\n\n<p>La F\u00e9d\u00e9 s&rsquo;appelait auparavant \u00ab\u00a0F\u00e9d\u00e9ration des Cercles \u00c9tudiants\u00a0\u00bb, un nom qui en dit long ! D&rsquo;ailleurs, un cercle, pour \u00eatre cr\u00e9\u00e9, doit passer pour la F\u00e9d\u00e9 afin d&rsquo;\u00eatre reconnu par l&rsquo;Universit\u00e9.<\/p>\n\n\n\n<p>Le Conseil d&rsquo;Administration est le contact direct entre la F\u00e9d\u00e9 et les cercles de l&rsquo;Universit\u00e9. Il s&rsquo;occupe de les aider et de les guider sur diff\u00e9rents aspects.<\/p>\n\n\n\n<h3 class=\"wp-block-heading has-neve-link-color-color has-text-color has-link-color wp-elements-92f5910a14ec484485c71f7a1da6215d\">UN SOUTIEN LOGISTIQUE<\/h3>\n\n\n\n<p>La F\u00e9d\u00e9 met \u00e0 disposition ses locaux, gratuitement, aux cercles qui en font la demande. Les locaux de la F\u00e9d\u00e9 permettent d&rsquo;organiser tous types d&rsquo;\u00e9v\u00e8nements, dans diff\u00e9rentes configurations.&nbsp;<\/p>\n\n\n\n<p>Les caves de la F\u00e9d\u00e9 sont aussi le lieu id\u00e9al pour stocker du mat\u00e9riel pour les cercles ne disposant pas de local attitr\u00e9.&nbsp;<\/p>\n\n\n\n<p>Nous proposons \u00e9galement de pr\u00eater du petit mat\u00e9riel, tel que des TV, des allonges, des tables mange-debout, etc.<\/p>\n\n\n\n<h3 class=\"wp-block-heading has-neve-link-color-color has-text-color has-link-color wp-elements-edb90af4bc25afc3bc1db80730991e0d\">UN SOUTIEN FINANCIER<\/h3>\n\n\n\n<p>La F\u00e9d\u00e9 octroie par ailleurs des subsides aux cercles, leur permettant de mettre en place leurs projets, quels qu&rsquo;ils soient.&nbsp; Retrouve les d\u00e9tails de l&rsquo;accord des subsides sur&nbsp;la page d\u00e9di\u00e9e.<\/p>\n\n\n\n<h3 class=\"wp-block-heading has-neve-link-color-color has-text-color has-link-color wp-elements-51fa5181b36a970037730cbb77f33cd7\">UN SOUTIEN INFORMATIQUE<\/h3>\n\n\n\n<p>Au travers de la Commission IT, la F\u00e9d\u00e9 propose toute une s\u00e9rie de services li\u00e9s \u00e0 l&rsquo;IT et l&rsquo;informatique.&nbsp; Citons par exemple la cr\u00e9ation de site web, la mise \u00e0 disposition d&rsquo;un espace de stockage, les conseils d&rsquo;achat de mat\u00e9riel, etc.<\/p>\n\n\n\n<h2 class=\"wp-block-heading has-neve-link-hover-color-color has-text-color has-link-color wp-elements-448d69e7f35cb5de0b1ae830117c47b9\">ASSURER LE PARTAGE D&rsquo;INFORMATIONS ENTRE L&rsquo;UNIVERSIT\u00c9 ET LES \u00c9TUDIANT.E.S<\/h2>\n\n\n\n<p>Outre toutes ces missions, l&rsquo;un de nos r\u00f4les premiers est de transmettre l&rsquo;information de l&rsquo;Universit\u00e9 vers les \u00e9tudiant.e.s, et vice versa. Via des sondages, nous r\u00e9coltons l&rsquo;avis des \u00e9tudiant.e.s et le transmettons aux autorit\u00e9s acad\u00e9miques. Nous nous en servons pour argumenter nos prises de position lors de sujets d\u00e9licats dans les diff\u00e9rents organes de l&rsquo;Universit\u00e9, et ainsi assurer une repr\u00e9sentation juste.<\/p>\n\n\n\n<p>Dans l&rsquo;autre sens, nous gardons \u00e0 jour les derni\u00e8res nouveaut\u00e9s de l&rsquo;Universit\u00e9 et les publions r\u00e9guli\u00e8rement sur nos r\u00e9seaux sociaux. Ce faisant, les \u00e9tudiant.e.s ont toujours acc\u00e8s aux informations les concernant.&nbsp;<\/p>\n\n\n\n<hr class=\"wp-block-separator has-text-color has-neve-link-color-color has-alpha-channel-opacity has-neve-link-color-background-color has-background\"\/>\n\n\n\n<div class=\"wp-block-columns is-layout-flex wp-container-core-columns-is-layout-9d6595d7 wp-block-columns-is-layout-flex\">\n<div class=\"wp-block-column is-layout-flow wp-block-column-is-layout-flow\">\n<figure class=\"wp-block-image size-full is-resized\"><a href=\"https:\/\/www.lamason.org\/\"><img decoding=\"async\" width=\"400\" height=\"400\" src=\"https:\/\/fede-uliege.be\/wp-content\/uploads\/2024\/01\/MAson-logo-large_PNG-1.webp\" alt=\"\" class=\"wp-image-1128\" style=\"width:145px;height:auto\" srcset=\"https:\/\/fede-uliege.be\/wp-content\/uploads\/2024\/01\/MAson-logo-large_PNG-1.webp 400w, https:\/\/fede-uliege.be\/wp-content\/uploads\/2024\/01\/MAson-logo-large_PNG-1-300x300.webp 300w, https:\/\/fede-uliege.be\/wp-content\/uploads\/2024\/01\/MAson-logo-large_PNG-1-150x150.webp 150w\" sizes=\"(max-width: 400px) 100vw, 400px\" \/><\/a><\/figure>\n<\/div>\n\n\n\n<div class=\"wp-block-column is-layout-flow wp-block-column-is-layout-flow\">\n<p class=\"has-text-align-center\">Ouvert du lundi au jeudi de 8h30 \u00e0 17h30 (ferm\u00e9 de 12h30 \u00e0 13h30)<br>et le vendredi de 8h30 \u00e0 12h30<br>04 366 31 99<\/p>\n\n\n\n<ul class=\"wp-block-social-links has-normal-icon-size is-content-justification-center is-layout-flex wp-container-core-social-links-is-layout-16018d1d wp-block-social-links-is-layout-flex\"><li class=\"wp-social-link wp-social-link-facebook  wp-block-social-link\"><a href=\"https:\/\/www.facebook.com\/fedeULiege\/\" class=\"wp-block-social-link-anchor\"><svg width=\"24\" height=\"24\" viewBox=\"0 0 24 24\" version=\"1.1\" xmlns=\"http:\/\/www.w3.org\/2000\/svg\" aria-hidden=\"true\" focusable=\"false\"><path d=\"M12 2C6.5 2 2 6.5 2 12c0 5 3.7 9.1 8.4 9.9v-7H7.9V12h2.5V9.8c0-2.5 1.5-3.9 3.8-3.9 1.1 0 2.2.2 2.2.2v2.5h-1.3c-1.2 0-1.6.8-1.6 1.6V12h2.8l-.4 2.9h-2.3v7C18.3 21.1 22 17 22 12c0-5.5-4.5-10-10-10z\"><\/path><\/svg><span class=\"wp-block-social-link-label screen-reader-text\">Facebook<\/span><\/a><\/li>\n\n<li class=\"wp-social-link wp-social-link-instagram  wp-block-social-link\"><a href=\"https:\/\/www.instagram.com\/fede_uliege\/\" class=\"wp-block-social-link-anchor\"><svg width=\"24\" height=\"24\" viewBox=\"0 0 24 24\" version=\"1.1\" xmlns=\"http:\/\/www.w3.org\/2000\/svg\" aria-hidden=\"true\" focusable=\"false\"><path d=\"M12,4.622c2.403,0,2.688,0.009,3.637,0.052c0.877,0.04,1.354,0.187,1.671,0.31c0.42,0.163,0.72,0.358,1.035,0.673 c0.315,0.315,0.51,0.615,0.673,1.035c0.123,0.317,0.27,0.794,0.31,1.671c0.043,0.949,0.052,1.234,0.052,3.637 s-0.009,2.688-0.052,3.637c-0.04,0.877-0.187,1.354-0.31,1.671c-0.163,0.42-0.358,0.72-0.673,1.035 c-0.315,0.315-0.615,0.51-1.035,0.673c-0.317,0.123-0.794,0.27-1.671,0.31c-0.949,0.043-1.233,0.052-3.637,0.052 s-2.688-0.009-3.637-0.052c-0.877-0.04-1.354-0.187-1.671-0.31c-0.42-0.163-0.72-0.358-1.035-0.673 c-0.315-0.315-0.51-0.615-0.673-1.035c-0.123-0.317-0.27-0.794-0.31-1.671C4.631,14.688,4.622,14.403,4.622,12 s0.009-2.688,0.052-3.637c0.04-0.877,0.187-1.354,0.31-1.671c0.163-0.42,0.358-0.72,0.673-1.035 c0.315-0.315,0.615-0.51,1.035-0.673c0.317-0.123,0.794-0.27,1.671-0.31C9.312,4.631,9.597,4.622,12,4.622 M12,3 C9.556,3,9.249,3.01,8.289,3.054C7.331,3.098,6.677,3.25,6.105,3.472C5.513,3.702,5.011,4.01,4.511,4.511 c-0.5,0.5-0.808,1.002-1.038,1.594C3.25,6.677,3.098,7.331,3.054,8.289C3.01,9.249,3,9.556,3,12c0,2.444,0.01,2.751,0.054,3.711 c0.044,0.958,0.196,1.612,0.418,2.185c0.23,0.592,0.538,1.094,1.038,1.594c0.5,0.5,1.002,0.808,1.594,1.038 c0.572,0.222,1.227,0.375,2.185,0.418C9.249,20.99,9.556,21,12,21s2.751-0.01,3.711-0.054c0.958-0.044,1.612-0.196,2.185-0.418 c0.592-0.23,1.094-0.538,1.594-1.038c0.5-0.5,0.808-1.002,1.038-1.594c0.222-0.572,0.375-1.227,0.418-2.185 C20.99,14.751,21,14.444,21,12s-0.01-2.751-0.054-3.711c-0.044-0.958-0.196-1.612-0.418-2.185c-0.23-0.592-0.538-1.094-1.038-1.594 c-0.5-0.5-1.002-0.808-1.594-1.038c-0.572-0.222-1.227-0.375-2.185-0.418C14.751,3.01,14.444,3,12,3L12,3z M12,7.378 c-2.552,0-4.622,2.069-4.622,4.622S9.448,16.622,12,16.622s4.622-2.069,4.622-4.622S14.552,7.378,12,7.378z M12,15 c-1.657,0-3-1.343-3-3s1.343-3,3-3s3,1.343,3,3S13.657,15,12,15z M16.804,6.116c-0.596,0-1.08,0.484-1.08,1.08 s0.484,1.08,1.08,1.08c0.596,0,1.08-0.484,1.08-1.08S17.401,6.116,16.804,6.116z\"><\/path><\/svg><span class=\"wp-block-social-link-label screen-reader-text\">Instagram<\/span><\/a><\/li>\n\n<li class=\"wp-social-link wp-social-link-mail  wp-block-social-link\"><a href=\"mailto:&#105;&#110;&#102;&#111;&#064;&#102;&#101;&#100;&#101;&#045;&#117;&#108;&#105;&#101;&#103;e.be\" class=\"wp-block-social-link-anchor\"><svg width=\"24\" height=\"24\" viewBox=\"0 0 24 24\" version=\"1.1\" xmlns=\"http:\/\/www.w3.org\/2000\/svg\" aria-hidden=\"true\" focusable=\"false\"><path d=\"M19,5H5c-1.1,0-2,.9-2,2v10c0,1.1.9,2,2,2h14c1.1,0,2-.9,2-2V7c0-1.1-.9-2-2-2zm.5,12c0,.3-.2.5-.5.5H5c-.3,0-.5-.2-.5-.5V9.8l7.5,5.6,7.5-5.6V17zm0-9.1L12,13.6,4.5,7.9V7c0-.3.2-.5.5-.5h14c.3,0,.5.2.5.5v.9z\"><\/path><\/svg><span class=\"wp-block-social-link-label screen-reader-text\">E-mail<\/span><\/a><\/li><\/ul>\n<\/div>\n\n\n\n<div class=\"wp-block-column is-layout-flow wp-block-column-is-layout-flow\"><div class=\"wp-block-image\">\n<figure class=\"alignright size-large is-resized\"><img decoding=\"async\" width=\"1024\" height=\"768\" src=\"https:\/\/fede-uliege.be\/wp-content\/uploads\/2024\/01\/Logo-Fede-Uliege-Bleu-1-1024x768.png\" alt=\"\" class=\"wp-image-1129\" style=\"width:147px;height:auto\" srcset=\"https:\/\/fede-uliege.be\/wp-content\/uploads\/2024\/01\/Logo-Fede-Uliege-Bleu-1-1024x768.png 1024w, https:\/\/fede-uliege.be\/wp-content\/uploads\/2024\/01\/Logo-Fede-Uliege-Bleu-1-300x225.png 300w, https:\/\/fede-uliege.be\/wp-content\/uploads\/2024\/01\/Logo-Fede-Uliege-Bleu-1-768x576.png 768w, https:\/\/fede-uliege.be\/wp-content\/uploads\/2024\/01\/Logo-Fede-Uliege-Bleu-1-1536x1152.png 1536w, https:\/\/fede-uliege.be\/wp-content\/uploads\/2024\/01\/Logo-Fede-Uliege-Bleu-1.png 1961w\" sizes=\"(max-width: 1024px) 100vw, 1024px\" \/><\/figure>\n<\/div><\/div>\n<\/div>\n\n\n\n<p class=\"has-text-align-center\"><a href=\"https:\/\/fede-uliege.be\/wp-content\/uploads\/2023\/11\/Statuts.pdf\">STATUTS<\/a> <a href=\"https:\/\/fede-uliege.be\/wp-content\/uploads\/2023\/12\/RGPD.pdf\">RGPD<\/a> <a href=\"https:\/\/fede-uliege.be\/wp-content\/uploads\/2023\/12\/ROI-adopte-02_11.pdf\">ROI<\/a> <a href=\"https:\/\/fede-uliege.be\/wp-content\/uploads\/2024\/01\/CHARTE_GRAPHIQUE_2024.pdf\">CHARTE GRAPHIQUE<\/a> <a href=\"https:\/\/fede-uliege.be\/index.php\/logo\/\">LOGO<\/a><\/p>\n","protected":false},"excerpt":{"rendered":"<p>LE CONSEIL ET SES MISSIONS La F\u00e9d\u00e9, F\u00e9d\u00e9ration des Etudiants de l&rsquo;Universit\u00e9 de Li\u00e8ge, est l&rsquo;organe de repr\u00e9sentation \u00e9tudiante de l&rsquo;ULi\u00e8ge. Forte d&rsquo;une exp\u00e9rience de pr\u00e8s de 50 ans, elle ne cesse de se renouveler et de se r\u00e9inventer pour garantir \u00e0 chaque \u00e9tudiant.e le soutien et la repr\u00e9sentation qu&rsquo;il m\u00e9rite. Tant d&rsquo;ann\u00e9es et de projets, qu&rsquo;il est souvent compliqu\u00e9 de tout r\u00e9sumer. Voici cependant quelques lignes, pour te donner une petite id\u00e9e de qui nous sommes&#8230; QUEL EST LE R\u00d4LE DE LA F\u00c9D\u00c9 ? La F\u00e9d\u00e9 poss\u00e8de de nombreuses&nbsp;missions. Nous nous occupons principalement de&nbsp;repr\u00e9senter les \u00e9tudiant.e.s au sein de l&rsquo;Universit\u00e9&nbsp;et ailleurs&nbsp;(via des&nbsp;mandats externes). Nous&nbsp;soutenons quotidiennement des&nbsp;cercles, et nous&nbsp;disposons de&nbsp;Commissions&nbsp;d\u00e9di\u00e9es \u00e0 des th\u00e9matiques sp\u00e9cifiques. Cette diversit\u00e9 dans nos buts a forg\u00e9 l&rsquo;organisation de cette&nbsp;ASBL. Et oui ! Car en plus d&rsquo;\u00eatre un Conseil \u00c9tudiant, tel que d\u00e9finit par le d\u00e9cret de 2012, la F\u00e9d\u00e9 est constitu\u00e9e en tant qu&rsquo;ASBL, inscrite au Moniteur Belge. Ainsi, \u00e0 toutes nos missions d\u00e9j\u00e0 d\u00e9crites, s&rsquo;ajoute tout un travail administratif et de gestion quotidienne.&nbsp; COMMENT LA F\u00c9D\u00c9 EST-ELLE ORGANIS\u00c9E ? La F\u00e9d\u00e9 est compos\u00e9e d&rsquo;une&nbsp;Assembl\u00e9e g\u00e9n\u00e9rale de 60 membres&nbsp;qui prennent les grandes d\u00e9cisions. Cette assembl\u00e9e est une repr\u00e9sentation de l&rsquo;ensemble des \u00e9tudiant.e.s de l&rsquo;Universit\u00e9 qui&nbsp;votent chaque ann\u00e9e&nbsp;pour leurs repr\u00e9sentant.e.s. Se r\u00e9unissant environ une fois par mois, l&rsquo;Assembl\u00e9e G\u00e9n\u00e9rale (AG) permet de passer en revue tout ce qui se fait au sein de la F\u00e9d\u00e9, mais \u00e9galement des mandats externes et commissions. C&rsquo;est aussi un haut lieu de d\u00e9bat, en vue de se positionner sur divers sujets d&rsquo;actualit\u00e9 (calendrier acad\u00e9mique, r\u00e9formes en tout genre, affiliations \u00e0 des ORC,&#8230;). La bonne ambiance est le mot d&rsquo;ordre, et ces grandes r\u00e9unions sont aussi l&rsquo;occasion de se retrouver tous ensemble autour d&rsquo;une bonne pizza ! Les AG sont publiques, ce qui signifie que tout \u00e9tudiant.e peut venir y assister. Le&nbsp;Conseil d&rsquo;Administration, compos\u00e9 de 12 \u00e9tudiant.e.s, s&rsquo;occupe de la gestion journali\u00e8re de l&rsquo;association. Il octroie les&nbsp;subsides aux cercles, et g\u00e8re les relations du Conseil \u00c9tudiant. C&rsquo;est lui qui s&rsquo;occupe de tout l&rsquo;aspect administratif engendr\u00e9 par le statut d&rsquo;ASBL. Qu&rsquo;il s&rsquo;agisse des comptes, de la gestion des employ\u00e9.e.s, ou encore de l&rsquo;entretien du b\u00e2timent, le Conseil d&rsquo;Administration est sur le coup ! Il se r\u00e9unit environ une fois par semaine, et prend ses d\u00e9cisions en fonction des directives de l&rsquo;Assembl\u00e9e g\u00e9n\u00e9rale.&nbsp; Last but not least, n&rsquo;oublions pas de mentionner nos&nbsp;incroyables employ\u00e9es&nbsp;! Appel\u00e9es \u00ab\u00a0permas\u00a0\u00bb ou \u00ab\u00a0permanentes\u00a0\u00bb, elles s&rsquo;occupent de t&rsquo;accueillir toute l&rsquo;ann\u00e9e dans notre magnifique b\u00e2tisse, et d&rsquo;orienter les \u00e9tudiant.e.s sur toutes sortes de sujets. Ils r\u00e9pondent aux mails et messages, et nous aident dans la planification et l&rsquo;organisation de nos projets.&nbsp; REPR\u00c9SENTATION \u00c9TUDIANTE La mission principale d&rsquo;un Conseil \u00c9tudiant, c&rsquo;est de repr\u00e9senter les \u00e9tudiant.e.s. Pour ce faire, nous disposons de diff\u00e9rents terrains d&rsquo;action. AUPR\u00c8S DES AUTORIT\u00c9S ACAD\u00c9MIQUES Dans chaque organe de l&rsquo;Universit\u00e9 (Conseil d&rsquo;Administration, Conseil \u00e0 la Vie \u00c9tudiante, Commission Universitaire \u00e0 l&rsquo;Enseignement et \u00e0 la Formation, Commission Infrastructures,&#8230;), les \u00e9tudiant.e.s poss\u00e8dent un certain nombre de si\u00e8ges. Cette pr\u00e9sence active dans ces diff\u00e9rents niveaux de pouvoir nous permettent d&rsquo;orienter les d\u00e9cisions universitaires en fonction des besoins et demandes des \u00e9tudiant.e.s.&nbsp; PAR UNE MOBILISATION \u00c9TUDIANTE ACTIVE Outre ce pied dans le jeu politique de l&rsquo;Universit\u00e9, la F\u00e9d\u00e9 est avant tout pr\u00e9sente sur le terrain pour motiver les \u00e9tudiant.e.s et mener des actions afin de d\u00e9fendre leurs int\u00e9r\u00eats. Qu&rsquo;il s&rsquo;agisse de manifestations, de lettres ouvertes, ou encore de gr\u00e8ves, nous d\u00e9bordons de ressources pour faire entendre notre voix et obtenir ce qu&rsquo;il y a de mieux pour les \u00e9tudiant.e.s. SOUTIEN AUX \u00c9TUDIANT.E.S Si la F\u00e9d\u00e9 s&rsquo;appelle \u00ab\u00a0F\u00e9d\u00e9ration des \u00c9tudiants\u00a0\u00bb, c&rsquo;est pour une bonne raison. De nombreux services sont apport\u00e9s aux \u00e9tudiant.e.s tout au long de l&rsquo;ann\u00e9e. LES CONSEILS La F\u00e9d\u00e9 peut te conseiller sur toutes sortes de sujets, qu&rsquo;ils soient li\u00e9s \u00e0 l&rsquo;Universit\u00e9, ou non.&nbsp; Tu souhaites discuter de quelque chose avec nous ? N&rsquo;h\u00e9site pas \u00e0 nous&nbsp;contacter&nbsp;ou \u00e0 venir nous rendre visite Place du XX-Ao\u00fbt ! Nos employ\u00e9es se feront une joie de te recevoir et de t&rsquo;aider. LES RECOURS&#8230; L&rsquo;Universit\u00e9 regorge de proc\u00e9dures plus complexes les unes que les unes, et les recours en font partie. Tu as subi une injustice en lien avec un cours et tu souhaites prendre action ? Un examen regroupe un taux d&rsquo;\u00e9chec de 99,99999999% et vous ne trouvez pas cela normal ? Tu n&rsquo;as pas respect\u00e9 un d\u00e9lai et souhaite avoir une seconde chance ? La F\u00e9d\u00e9 est l\u00e0 pour te guider dans toutes ces d\u00e9marches. &#8230;LI\u00c9S AUX R\u00c9SULTATS ET AUX PROC\u00c9DURES Il s\u2019agit ici des recours \u00e0 l\u2019encontre d\u2019une d\u00e9cision relative aux examens, d\u00e9lib\u00e9rations ou organisation de l\u2019ann\u00e9e acad\u00e9mique. Seules les irr\u00e9gularit\u00e9s l\u00e9gales ou r\u00e9glementaires peuvent faire l\u2019objet d\u2019un recours, par exemple le non-respect de r\u00e8gles facultaires et\/ou de d\u00e9lib\u00e9ration ou encore la modification des modalit\u00e9s d\u2019examen dont tu n\u2019as pas \u00e9t\u00e9 averti.e \u00e0 temps. Les erreurs mat\u00e9rielles \u2013 comme une erreur dans le calcul, la retranscription ou l\u2019encodage d\u2019une note d\u2019examen \u2013 peuvent \u00e9galement faire l\u2019objet d\u2019un recours. Il t\u2019est donc vivement conseill\u00e9 de consulter tes copies d\u2019examen, car cela te permet de mieux comprendre la note obtenue et, le cas \u00e9ch\u00e9ant, de rectifier une \u00e9ventuelle erreur mat\u00e9rielle. La proc\u00e9dure \u00e0 suivre en cas de recours de ce type est d\u00e9taill\u00e9e&nbsp;sur le site de l\u2019ULi\u00e8ge. Quelques chiffres \u00e0 bien garder en t\u00eate&nbsp;: &#8230;LI\u00c9S AUX ADMISSIONS ET AUX INSCRIPTIONS Dans quels cas une inscription peut-elle \u00eatre refus\u00e9e&nbsp;? La d\u00e9cision de refus d\u2019inscription est notifi\u00e9e \u00e0 l\u2019\u00e9tudiant.e au plus tard 15 jours apr\u00e8s r\u00e9ception de sa demande. LE SERVICE D&rsquo;IMPRESSION Le service d&rsquo;impression de la F\u00e9d\u00e9 te permet de venir imprimer tes documents \u00e0 la F\u00e9d\u00e9.&nbsp; Viens faire tes impressions, elles te seront factur\u00e9es par forfait. SOUTIEN AUX CERCLES La F\u00e9d\u00e9 s&rsquo;appelait auparavant \u00ab\u00a0F\u00e9d\u00e9ration des Cercles \u00c9tudiants\u00a0\u00bb, un nom qui en dit long ! D&rsquo;ailleurs, un cercle, pour \u00eatre cr\u00e9\u00e9, doit passer pour la F\u00e9d\u00e9 afin d&rsquo;\u00eatre reconnu par l&rsquo;Universit\u00e9. Le Conseil d&rsquo;Administration est le contact direct entre la F\u00e9d\u00e9 et les cercles de l&rsquo;Universit\u00e9. Il s&rsquo;occupe de les aider et de les guider sur diff\u00e9rents aspects. UN SOUTIEN LOGISTIQUE La F\u00e9d\u00e9 met \u00e0<a href=\"https:\/\/fede-uliege.be\/index.php\/le-conseil\/\" rel=\"bookmark\">Lire la suite &raquo;<span class=\"screen-reader-text\">Le Conseil<\/span><\/a><\/p>\n","protected":false},"author":1,"featured_media":0,"parent":0,"menu_order":0,"comment_status":"closed","ping_status":"closed","template":"","meta":{"neve_meta_sidebar":"","neve_meta_container":"","neve_meta_enable_content_width":"","neve_meta_content_width":0,"neve_meta_title_alignment":"","neve_meta_author_avatar":"","neve_post_elements_order":"","neve_meta_disable_header":"","neve_meta_disable_footer":"","neve_meta_disable_title":"","jetpack_post_was_ever_published":false,"footnotes":""},"class_list":["post-1084","page","type-page","status-publish","hentry"],"jetpack_sharing_enabled":true,"_links":{"self":[{"href":"https:\/\/fede-uliege.be\/index.php\/wp-json\/wp\/v2\/pages\/1084","targetHints":{"allow":["GET"]}}],"collection":[{"href":"https:\/\/fede-uliege.be\/index.php\/wp-json\/wp\/v2\/pages"}],"about":[{"href":"https:\/\/fede-uliege.be\/index.php\/wp-json\/wp\/v2\/types\/page"}],"author":[{"embeddable":true,"href":"https:\/\/fede-uliege.be\/index.php\/wp-json\/wp\/v2\/users\/1"}],"replies":[{"embeddable":true,"href":"https:\/\/fede-uliege.be\/index.php\/wp-json\/wp\/v2\/comments?post=1084"}],"version-history":[{"count":17,"href":"https:\/\/fede-uliege.be\/index.php\/wp-json\/wp\/v2\/pages\/1084\/revisions"}],"predecessor-version":[{"id":2195,"href":"https:\/\/fede-uliege.be\/index.php\/wp-json\/wp\/v2\/pages\/1084\/revisions\/2195"}],"wp:attachment":[{"href":"https:\/\/fede-uliege.be\/index.php\/wp-json\/wp\/v2\/media?parent=1084"}],"curies":[{"name":"wp","href":"https:\/\/api.w.org\/{rel}","templated":true}]}}