{"id":1086,"date":"2024-01-17T10:04:23","date_gmt":"2024-01-17T09:04:23","guid":{"rendered":"https:\/\/fede-uliege.be\/?page_id=1086"},"modified":"2026-02-23T09:57:38","modified_gmt":"2026-02-23T08:57:38","slug":"les-permanent-es","status":"publish","type":"page","link":"https:\/\/fede-uliege.be\/index.php\/les-permanent-es\/","title":{"rendered":"Les \u00e9lections"},"content":{"rendered":"\n<hr class=\"wp-block-separator has-text-color has-neve-link-color-color has-alpha-channel-opacity has-neve-link-color-background-color has-background is-style-wide\"\/>\n\n\n\n<div style=\"height:40px\" aria-hidden=\"true\" class=\"wp-block-spacer\"><\/div>\n\n\n\n<h2 class=\"wp-block-heading has-text-align-center has-neve-link-color-color has-text-color has-link-color wp-elements-20572fc8dac213dfc7f52c3dc413ecab\">LES \u00c9LECTIONS<\/h2>\n\n\n\n<div style=\"height:40px\" aria-hidden=\"true\" class=\"wp-block-spacer\"><\/div>\n\n\n\n<hr class=\"wp-block-separator has-text-color has-neve-link-color-color has-alpha-channel-opacity has-neve-link-color-background-color has-background is-style-wide\"\/>\n\n\n<div class=\"wp-block-image\">\n<figure class=\"aligncenter size-large is-resized\"><img fetchpriority=\"high\" decoding=\"async\" width=\"2560\" height=\"1439\" src=\"https:\/\/fede-uliege.be\/wp-content\/uploads\/2024\/01\/dylan-gillis-KdeqA3aTnBY-unsplash-edited-scaled.jpg\" alt=\"\" class=\"wp-image-1242\" style=\"width:897px;height:auto\" srcset=\"https:\/\/fede-uliege.be\/wp-content\/uploads\/2024\/01\/dylan-gillis-KdeqA3aTnBY-unsplash-edited-scaled.jpg 2560w, https:\/\/fede-uliege.be\/wp-content\/uploads\/2024\/01\/dylan-gillis-KdeqA3aTnBY-unsplash-edited-300x169.jpg 300w, https:\/\/fede-uliege.be\/wp-content\/uploads\/2024\/01\/dylan-gillis-KdeqA3aTnBY-unsplash-edited-1024x576.jpg 1024w, https:\/\/fede-uliege.be\/wp-content\/uploads\/2024\/01\/dylan-gillis-KdeqA3aTnBY-unsplash-edited-768x432.jpg 768w, https:\/\/fede-uliege.be\/wp-content\/uploads\/2024\/01\/dylan-gillis-KdeqA3aTnBY-unsplash-edited-1536x863.jpg 1536w, https:\/\/fede-uliege.be\/wp-content\/uploads\/2024\/01\/dylan-gillis-KdeqA3aTnBY-unsplash-edited-2048x1151.jpg 2048w\" sizes=\"(max-width: 2560px) 100vw, 2560px\" \/><\/figure>\n<\/div>\n\n\n<div style=\"height:40px\" aria-hidden=\"true\" class=\"wp-block-spacer\"><\/div>\n\n\n\n<p>Chaque ann\u00e9e, les quelque 26 000 \u00e9tudiant.e.s du campus sont amen\u00e9.e.s \u00e0 voter en faveur des repr\u00e9sentant.e.s \u00e9tudiant.e.s dont les projets (ou peut-\u00eatre juste la binette) leur ont plu. Issu.e.s de toutes les facult\u00e9s, ils.elles se proposent d\u2019\u00eatre les d\u00e9l\u00e9gu\u00e9.e.s des \u00e9tudiant.e.s l\u2019an prochain. Ensemble, ils.elles seront soixante \u00e0 former l\u2019Assembl\u00e9e G\u00e9n\u00e9rale des \u00e9tudiants. C\u2019est ce conseil qui forme, ann\u00e9e apr\u00e8s ann\u00e9e depuis plusieurs d\u00e9cennies, la F\u00e9d\u00e9ration des \u00c9tudiants ULi\u00e8ge.<\/p>\n\n\n\n<h2 class=\"wp-block-heading has-neve-link-hover-color-color has-text-color has-link-color wp-elements-4c07c05938b2f9360eb7c5700881fa6a\">LES \u00c9LECTIONS, \u00c7A SERT \u00c0 QUOI ?<\/h2>\n\n\n\n<p>Les repr\u00e9sentant.e.s des \u00e9tudiant.e.s ont pour missions de faire entendre et faire valoir la voix des \u00e9tudiant.e.s sur tous les aspects qui ont attrait \u00e0 leur quotidien :&nbsp;la promotion de la r\u00e9ussite mais aussi de l\u2019accessibilit\u00e9 aux \u00e9tudes sup\u00e9rieures, l\u2019animation du campus, l\u2019obtention d\u2019aides pour le financement des \u00e9tudes, ou encore le soutien \u2013 logistique et financier \u2013 de projets \u00e9tudiants comme l\u2019Unifestival.<\/p>\n\n\n\n<h2 class=\"wp-block-heading has-neve-link-hover-color-color has-text-color has-link-color wp-elements-ac62bc83ed28f581a24dbeeb0a0f3242\">D&rsquo;O\u00d9 VIENNENT CES \u00c9LECTIONS ?<\/h2>\n\n\n\n<p>En 2003, le&nbsp;<a href=\"http:\/\/www.fede-ulg.be\/wp-content\/uploads\/2011\/07\/decret_participation.pdf\">d\u00e9cret dit \u00ab Participation \u00bb<\/a>&nbsp;a l\u00e9galis\u00e9 la pr\u00e9sence et la participation des \u00e9tudiant.e.s dans les diff\u00e9rents organes des universit\u00e9s, par l\u2019interm\u00e9diaire des Conseils \u00c9tudiants. Ils peuvent maintenant si\u00e9ger dans les Conseils des \u00e9tudes de cette institution, son conseil d\u2019administration, son comit\u00e9 de gestion des restaurants universitaires ou des biblioth\u00e8ques.<\/p>\n\n\n\n<h2 class=\"wp-block-heading has-neve-link-hover-color-color has-text-color has-link-color wp-elements-c19afde608badf60970627660e9ad886\">JE VEUX ME PR\u00c9SENTER ! JE FAIS QUOI ?<\/h2>\n\n\n\n<p>Pour faire partie du conseil des \u00e9tudiant.e.s, deux solutions s\u2019offrent \u00e0 toi :<\/p>\n\n\n\n<ul class=\"wp-block-list\">\n<li>rejoindre une liste d\u2019\u00e9tudiant.e.s d\u00e9j\u00e0 actifs au sein de la F\u00e9d\u00e9.<\/li>\n\n\n\n<li>si tu ne te retrouves pas dans les valeurs de ces listes, libre \u00e0 toi de cr\u00e9er celle qui te ressemble ! Pour plus d\u2019informations, n\u2019h\u00e9site pas \u00e0 contacter la&nbsp;<a href=\"https:\/\/www.enseignement.uliege.be\/cms\/c_9126214\/fr\/s-engager\" target=\"_blank\" rel=\"noreferrer noopener\">commission \u00e9lectorale<\/a>&nbsp;de l\u2019ULi\u00e8ge.<\/li>\n<\/ul>\n\n\n\n<h2 class=\"wp-block-heading has-neve-link-hover-color-color has-text-color has-link-color wp-elements-6db61c6f9d956137f96efa75b7ceb678\">JE VEUX VOTER ! JE FAIS COMMENT ?<\/h2>\n\n\n\n<p>Au mois de mars, via le portail&nbsp;<a href=\"http:\/\/my.uliege.be\/\" target=\"_blank\" rel=\"noreferrer noopener\">myULi\u00e8ge<\/a>.<\/p>\n\n\n\n<hr class=\"wp-block-separator has-text-color has-neve-link-color-color has-alpha-channel-opacity has-neve-link-color-background-color has-background is-style-default\"\/>\n\n\n\n<div class=\"wp-block-columns is-layout-flex wp-container-core-columns-is-layout-9d6595d7 wp-block-columns-is-layout-flex\">\n<div class=\"wp-block-column is-layout-flow wp-block-column-is-layout-flow\">\n<figure class=\"wp-block-image size-full is-resized\"><a href=\"https:\/\/www.lamason.org\/\"><img decoding=\"async\" width=\"400\" height=\"400\" src=\"https:\/\/fede-uliege.be\/wp-content\/uploads\/2024\/01\/MAson-logo-large_PNG-1.webp\" alt=\"\" class=\"wp-image-1128\" style=\"width:145px;height:auto\" srcset=\"https:\/\/fede-uliege.be\/wp-content\/uploads\/2024\/01\/MAson-logo-large_PNG-1.webp 400w, https:\/\/fede-uliege.be\/wp-content\/uploads\/2024\/01\/MAson-logo-large_PNG-1-300x300.webp 300w, https:\/\/fede-uliege.be\/wp-content\/uploads\/2024\/01\/MAson-logo-large_PNG-1-150x150.webp 150w\" sizes=\"(max-width: 400px) 100vw, 400px\" \/><\/a><\/figure>\n<\/div>\n\n\n\n<div class=\"wp-block-column is-layout-flow wp-block-column-is-layout-flow\">\n<p class=\"has-text-align-center\">Ouvert du lundi au jeudi de 8h30 \u00e0 17h30 (ferm\u00e9 de 12h30 \u00e0 13h30)<br>et le vendredi de 8h30 \u00e0 12h30<br>04 366 31 99<\/p>\n\n\n\n<ul class=\"wp-block-social-links has-normal-icon-size is-content-justification-center is-layout-flex wp-container-core-social-links-is-layout-16018d1d wp-block-social-links-is-layout-flex\"><li class=\"wp-social-link wp-social-link-facebook  wp-block-social-link\"><a href=\"https:\/\/www.facebook.com\/fedeULiege\/\" class=\"wp-block-social-link-anchor\"><svg width=\"24\" height=\"24\" viewBox=\"0 0 24 24\" version=\"1.1\" xmlns=\"http:\/\/www.w3.org\/2000\/svg\" aria-hidden=\"true\" focusable=\"false\"><path d=\"M12 2C6.5 2 2 6.5 2 12c0 5 3.7 9.1 8.4 9.9v-7H7.9V12h2.5V9.8c0-2.5 1.5-3.9 3.8-3.9 1.1 0 2.2.2 2.2.2v2.5h-1.3c-1.2 0-1.6.8-1.6 1.6V12h2.8l-.4 2.9h-2.3v7C18.3 21.1 22 17 22 12c0-5.5-4.5-10-10-10z\"><\/path><\/svg><span class=\"wp-block-social-link-label screen-reader-text\">Facebook<\/span><\/a><\/li>\n\n<li class=\"wp-social-link wp-social-link-instagram  wp-block-social-link\"><a href=\"https:\/\/www.instagram.com\/fede_uliege\/\" class=\"wp-block-social-link-anchor\"><svg width=\"24\" height=\"24\" viewBox=\"0 0 24 24\" version=\"1.1\" xmlns=\"http:\/\/www.w3.org\/2000\/svg\" aria-hidden=\"true\" focusable=\"false\"><path d=\"M12,4.622c2.403,0,2.688,0.009,3.637,0.052c0.877,0.04,1.354,0.187,1.671,0.31c0.42,0.163,0.72,0.358,1.035,0.673 c0.315,0.315,0.51,0.615,0.673,1.035c0.123,0.317,0.27,0.794,0.31,1.671c0.043,0.949,0.052,1.234,0.052,3.637 s-0.009,2.688-0.052,3.637c-0.04,0.877-0.187,1.354-0.31,1.671c-0.163,0.42-0.358,0.72-0.673,1.035 c-0.315,0.315-0.615,0.51-1.035,0.673c-0.317,0.123-0.794,0.27-1.671,0.31c-0.949,0.043-1.233,0.052-3.637,0.052 s-2.688-0.009-3.637-0.052c-0.877-0.04-1.354-0.187-1.671-0.31c-0.42-0.163-0.72-0.358-1.035-0.673 c-0.315-0.315-0.51-0.615-0.673-1.035c-0.123-0.317-0.27-0.794-0.31-1.671C4.631,14.688,4.622,14.403,4.622,12 s0.009-2.688,0.052-3.637c0.04-0.877,0.187-1.354,0.31-1.671c0.163-0.42,0.358-0.72,0.673-1.035 c0.315-0.315,0.615-0.51,1.035-0.673c0.317-0.123,0.794-0.27,1.671-0.31C9.312,4.631,9.597,4.622,12,4.622 M12,3 C9.556,3,9.249,3.01,8.289,3.054C7.331,3.098,6.677,3.25,6.105,3.472C5.513,3.702,5.011,4.01,4.511,4.511 c-0.5,0.5-0.808,1.002-1.038,1.594C3.25,6.677,3.098,7.331,3.054,8.289C3.01,9.249,3,9.556,3,12c0,2.444,0.01,2.751,0.054,3.711 c0.044,0.958,0.196,1.612,0.418,2.185c0.23,0.592,0.538,1.094,1.038,1.594c0.5,0.5,1.002,0.808,1.594,1.038 c0.572,0.222,1.227,0.375,2.185,0.418C9.249,20.99,9.556,21,12,21s2.751-0.01,3.711-0.054c0.958-0.044,1.612-0.196,2.185-0.418 c0.592-0.23,1.094-0.538,1.594-1.038c0.5-0.5,0.808-1.002,1.038-1.594c0.222-0.572,0.375-1.227,0.418-2.185 C20.99,14.751,21,14.444,21,12s-0.01-2.751-0.054-3.711c-0.044-0.958-0.196-1.612-0.418-2.185c-0.23-0.592-0.538-1.094-1.038-1.594 c-0.5-0.5-1.002-0.808-1.594-1.038c-0.572-0.222-1.227-0.375-2.185-0.418C14.751,3.01,14.444,3,12,3L12,3z M12,7.378 c-2.552,0-4.622,2.069-4.622,4.622S9.448,16.622,12,16.622s4.622-2.069,4.622-4.622S14.552,7.378,12,7.378z M12,15 c-1.657,0-3-1.343-3-3s1.343-3,3-3s3,1.343,3,3S13.657,15,12,15z M16.804,6.116c-0.596,0-1.08,0.484-1.08,1.08 s0.484,1.08,1.08,1.08c0.596,0,1.08-0.484,1.08-1.08S17.401,6.116,16.804,6.116z\"><\/path><\/svg><span class=\"wp-block-social-link-label screen-reader-text\">Instagram<\/span><\/a><\/li>\n\n<li class=\"wp-social-link wp-social-link-mail  wp-block-social-link\"><a href=\"mailto:&#105;&#110;&#102;&#111;&#064;fe&#100;e-uli&#101;ge&#046;b&#101;\" class=\"wp-block-social-link-anchor\"><svg width=\"24\" height=\"24\" viewBox=\"0 0 24 24\" version=\"1.1\" xmlns=\"http:\/\/www.w3.org\/2000\/svg\" aria-hidden=\"true\" focusable=\"false\"><path d=\"M19,5H5c-1.1,0-2,.9-2,2v10c0,1.1.9,2,2,2h14c1.1,0,2-.9,2-2V7c0-1.1-.9-2-2-2zm.5,12c0,.3-.2.5-.5.5H5c-.3,0-.5-.2-.5-.5V9.8l7.5,5.6,7.5-5.6V17zm0-9.1L12,13.6,4.5,7.9V7c0-.3.2-.5.5-.5h14c.3,0,.5.2.5.5v.9z\"><\/path><\/svg><span class=\"wp-block-social-link-label screen-reader-text\">E-mail<\/span><\/a><\/li><\/ul>\n<\/div>\n\n\n\n<div class=\"wp-block-column is-layout-flow wp-block-column-is-layout-flow\"><div class=\"wp-block-image\">\n<figure class=\"alignright size-large is-resized\"><img decoding=\"async\" width=\"1024\" height=\"768\" src=\"https:\/\/fede-uliege.be\/wp-content\/uploads\/2024\/01\/Logo-Fede-Uliege-Bleu-1-1024x768.png\" alt=\"\" class=\"wp-image-1129\" style=\"width:147px;height:auto\" srcset=\"https:\/\/fede-uliege.be\/wp-content\/uploads\/2024\/01\/Logo-Fede-Uliege-Bleu-1-1024x768.png 1024w, https:\/\/fede-uliege.be\/wp-content\/uploads\/2024\/01\/Logo-Fede-Uliege-Bleu-1-300x225.png 300w, https:\/\/fede-uliege.be\/wp-content\/uploads\/2024\/01\/Logo-Fede-Uliege-Bleu-1-768x576.png 768w, https:\/\/fede-uliege.be\/wp-content\/uploads\/2024\/01\/Logo-Fede-Uliege-Bleu-1-1536x1152.png 1536w, https:\/\/fede-uliege.be\/wp-content\/uploads\/2024\/01\/Logo-Fede-Uliege-Bleu-1.png 1961w\" sizes=\"(max-width: 1024px) 100vw, 1024px\" \/><\/figure>\n<\/div><\/div>\n<\/div>\n\n\n\n<p class=\"has-text-align-center\"><a href=\"https:\/\/fede-uliege.be\/wp-content\/uploads\/2023\/11\/Statuts.pdf\">STATUTS<\/a> <a href=\"https:\/\/fede-uliege.be\/wp-content\/uploads\/2023\/12\/RGPD.pdf\">RGPD<\/a> <a href=\"https:\/\/fede-uliege.be\/wp-content\/uploads\/2023\/12\/ROI-adopte-02_11.pdf\">ROI<\/a> <a href=\"https:\/\/fede-uliege.be\/wp-content\/uploads\/2024\/01\/CHARTE_GRAPHIQUE_2024.pdf\">CHARTE GRAPHIQUE<\/a> <a href=\"https:\/\/fede-uliege.be\/index.php\/logo\/\">LOGO<\/a><\/p>\n","protected":false},"excerpt":{"rendered":"<p>LES \u00c9LECTIONS Chaque ann\u00e9e, les quelque 26 000 \u00e9tudiant.e.s du campus sont amen\u00e9.e.s \u00e0 voter en faveur des repr\u00e9sentant.e.s \u00e9tudiant.e.s dont les projets (ou peut-\u00eatre juste la binette) leur ont plu. Issu.e.s de toutes les facult\u00e9s, ils.elles se proposent d\u2019\u00eatre les d\u00e9l\u00e9gu\u00e9.e.s des \u00e9tudiant.e.s l\u2019an prochain. Ensemble, ils.elles seront soixante \u00e0 former l\u2019Assembl\u00e9e G\u00e9n\u00e9rale des \u00e9tudiants. C\u2019est ce conseil qui forme, ann\u00e9e apr\u00e8s ann\u00e9e depuis plusieurs d\u00e9cennies, la F\u00e9d\u00e9ration des \u00c9tudiants ULi\u00e8ge. LES \u00c9LECTIONS, \u00c7A SERT \u00c0 QUOI ? Les repr\u00e9sentant.e.s des \u00e9tudiant.e.s ont pour missions de faire entendre et faire valoir la voix des \u00e9tudiant.e.s sur tous les aspects qui ont attrait \u00e0 leur quotidien :&nbsp;la promotion de la r\u00e9ussite mais aussi de l\u2019accessibilit\u00e9 aux \u00e9tudes sup\u00e9rieures, l\u2019animation du campus, l\u2019obtention d\u2019aides pour le financement des \u00e9tudes, ou encore le soutien \u2013 logistique et financier \u2013 de projets \u00e9tudiants comme l\u2019Unifestival. D&rsquo;O\u00d9 VIENNENT CES \u00c9LECTIONS ? En 2003, le&nbsp;d\u00e9cret dit \u00ab Participation \u00bb&nbsp;a l\u00e9galis\u00e9 la pr\u00e9sence et la participation des \u00e9tudiant.e.s dans les diff\u00e9rents organes des universit\u00e9s, par l\u2019interm\u00e9diaire des Conseils \u00c9tudiants. Ils peuvent maintenant si\u00e9ger dans les Conseils des \u00e9tudes de cette institution, son conseil d\u2019administration, son comit\u00e9 de gestion des restaurants universitaires ou des biblioth\u00e8ques. JE VEUX ME PR\u00c9SENTER ! JE FAIS QUOI ? Pour faire partie du conseil des \u00e9tudiant.e.s, deux solutions s\u2019offrent \u00e0 toi : JE VEUX VOTER ! JE FAIS COMMENT ? Au mois de mars, via le portail&nbsp;myULi\u00e8ge. Ouvert du lundi au jeudi de 8h30 \u00e0 17h30 (ferm\u00e9 de 12h30 \u00e0 13h30)et le vendredi de 8h30 \u00e0 12h3004 366 31 99 STATUTS RGPD ROI CHARTE GRAPHIQUE LOGO<\/p>\n","protected":false},"author":1,"featured_media":0,"parent":0,"menu_order":0,"comment_status":"closed","ping_status":"closed","template":"","meta":{"neve_meta_sidebar":"","neve_meta_container":"","neve_meta_enable_content_width":"","neve_meta_content_width":0,"neve_meta_title_alignment":"","neve_meta_author_avatar":"","neve_post_elements_order":"","neve_meta_disable_header":"","neve_meta_disable_footer":"","neve_meta_disable_title":"","jetpack_post_was_ever_published":false,"footnotes":""},"class_list":["post-1086","page","type-page","status-publish","hentry"],"jetpack_sharing_enabled":true,"_links":{"self":[{"href":"https:\/\/fede-uliege.be\/index.php\/wp-json\/wp\/v2\/pages\/1086","targetHints":{"allow":["GET"]}}],"collection":[{"href":"https:\/\/fede-uliege.be\/index.php\/wp-json\/wp\/v2\/pages"}],"about":[{"href":"https:\/\/fede-uliege.be\/index.php\/wp-json\/wp\/v2\/types\/page"}],"author":[{"embeddable":true,"href":"https:\/\/fede-uliege.be\/index.php\/wp-json\/wp\/v2\/users\/1"}],"replies":[{"embeddable":true,"href":"https:\/\/fede-uliege.be\/index.php\/wp-json\/wp\/v2\/comments?post=1086"}],"version-history":[{"count":22,"href":"https:\/\/fede-uliege.be\/index.php\/wp-json\/wp\/v2\/pages\/1086\/revisions"}],"predecessor-version":[{"id":2196,"href":"https:\/\/fede-uliege.be\/index.php\/wp-json\/wp\/v2\/pages\/1086\/revisions\/2196"}],"wp:attachment":[{"href":"https:\/\/fede-uliege.be\/index.php\/wp-json\/wp\/v2\/media?parent=1086"}],"curies":[{"name":"wp","href":"https:\/\/api.w.org\/{rel}","templated":true}]}}