{"id":1262,"date":"2024-01-22T14:50:12","date_gmt":"2024-01-22T13:50:12","guid":{"rendered":"https:\/\/fede-uliege.be\/?page_id=1262"},"modified":"2026-02-25T13:49:39","modified_gmt":"2026-02-25T12:49:39","slug":"sang-toi-libre","status":"publish","type":"page","link":"https:\/\/fede-uliege.be\/index.php\/sang-toi-libre\/","title":{"rendered":"Sang toi libre"},"content":{"rendered":"\n<hr class=\"wp-block-separator has-text-color has-neve-link-color-color has-alpha-channel-opacity has-neve-link-color-background-color has-background is-style-wide\"\/>\n\n\n\n<div style=\"height:40px\" aria-hidden=\"true\" class=\"wp-block-spacer\"><\/div>\n\n\n\n<h2 class=\"wp-block-heading has-text-align-center has-neve-link-color-color has-text-color has-link-color wp-elements-eacbc0cac9dce6a04fc8714fefdeb9be\">SANG TOI LIBRE <\/h2>\n\n\n\n<div style=\"height:40px\" aria-hidden=\"true\" class=\"wp-block-spacer\"><\/div>\n\n\n\n<hr class=\"wp-block-separator has-text-color has-neve-link-color-color has-alpha-channel-opacity has-neve-link-color-background-color has-background is-style-wide\"\/>\n\n\n<div class=\"wp-block-image\">\n<figure class=\"aligncenter size-full\"><img fetchpriority=\"high\" decoding=\"async\" width=\"950\" height=\"505\" src=\"https:\/\/fede-uliege.be\/wp-content\/uploads\/2024\/01\/61584a83-881d-4c73-9a93-1242890f6b32.png\" alt=\"\" class=\"wp-image-1263\" srcset=\"https:\/\/fede-uliege.be\/wp-content\/uploads\/2024\/01\/61584a83-881d-4c73-9a93-1242890f6b32.png 950w, https:\/\/fede-uliege.be\/wp-content\/uploads\/2024\/01\/61584a83-881d-4c73-9a93-1242890f6b32-300x159.png 300w, https:\/\/fede-uliege.be\/wp-content\/uploads\/2024\/01\/61584a83-881d-4c73-9a93-1242890f6b32-768x408.png 768w\" sizes=\"(max-width: 950px) 100vw, 950px\" \/><\/figure>\n<\/div>\n\n\n<div style=\"height:100px\" aria-hidden=\"true\" class=\"wp-block-spacer\"><\/div>\n\n\n\n<p class=\"has-text-align-center has-neve-link-color-color has-text-color has-link-color wp-elements-bc240f5bb444b0e4ec059f2a9230dd20\"><strong>La F\u00e9d\u00e9 est un point relais pour venir chercher vos protections hygi\u00e9niques.<\/strong><\/p>\n\n\n\n<h2 class=\"wp-block-heading has-text-align-center has-neve-link-hover-color-color has-text-color has-link-color wp-elements-8362a3162dab4dc7b3aec15814784d04\">Distribution de protections intimes aux 12-26 ans<\/h2>\n\n\n\n<p>La crise sanitaire aura mis au jour les difficult\u00e9s grandissantes des jeunes, dont l\u2019acc\u00e8s aux produits d\u2019hygi\u00e8ne \u00e9l\u00e9mentaire. En Belgique, faute de protections p\u00e9riodiques, un grand nombre de personnes menstru\u00e9es ne se rendent pas \u00e0 l\u2019\u00e9cole ou au travail pendant leurs r\u00e8gles, ce qui peut entra\u00eener un d\u00e9crochage scolaire d\u2019une part et le manque d\u2019opportunit\u00e9s professionnelles de l\u2019autre.<\/p>\n\n\n\n<p>C\u2019est pourquoi la Ville de Li\u00e8ge, sous l\u2019impulsion de l&rsquo;Echevinat des solidarit\u00e9s, de la Coh\u00e9sion sociale et des Droits des personnes ainsi que le D\u00e9partement des Services sociaux, lance le projet pilote \u201cOp\u00e9ration Sang toi libre\u201d visant \u00e0 distribuer gratuitement des protections intimes.<\/p>\n\n\n\n<p>Pour les protections classiques (serviettes, tampons), chaque personne qui s\u2019inscrit pourra recevoir l\u2019\u00e9quivalent d\u2019environ 3 mois de protections. Pour les protections r\u00e9utilisables (culottes, serviettes, cups), il s\u2019agira plut\u00f4t de permettre \u00e0 chaque personne de recevoir ce produit gratuitement pour pouvoir l\u2019essayer, les prix dans le commerce pouvant \u00eatre dissuasifs.<\/p>\n\n\n\n<p>Pour en obtenir, c\u2019est simple ! Il suffit d&rsquo;habiter Li\u00e8ge\u00a0et d\u2019avoir entre 12 et 26 ans et de s\u2019inscrire dans un des centres de distribution. Vous aurez le choix parmi 27 produits diff\u00e9rents de plusieurs marques traditionnelles ou bio.<\/p>\n\n\n\n<p>Il est possible que certains produits soient en rupture temporaire de stock, si ce produit vous int\u00e9resse, nous vous invitons \u00e0 patienter et \u00e0 vous inscrire ult\u00e9rieurement.<\/p>\n\n\n\n<p class=\"has-neve-link-color-color has-text-color has-link-color wp-elements-a4c7ed9582c5e04153bf5132239eceb2\"><strong>Si vous avez d\u00e9j\u00e0 b\u00e9n\u00e9fici\u00e9 de l\u2019action en 2025, vous pouvez vous r\u00e9inscrire en 2026 !<\/strong><\/p>\n\n\n\n<div class=\"wp-block-buttons is-content-justification-center is-layout-flex wp-container-core-buttons-is-layout-16018d1d wp-block-buttons-is-layout-flex\">\n<div class=\"wp-block-button\"><a class=\"wp-block-button__link has-nv-site-bg-color has-neve-link-color-background-color has-text-color has-background has-link-color has-text-align-center wp-element-button\" href=\"https:\/\/formulaires-e-guichet.liege.be\/prendre-rendez-vous\/prise-de-rendez-vous-mj-burenville-rue-panade-n2-distribution-protections-hygieniques-12-26-ans\/?cancelurl=https%3A\/\/e-guichet.liege.be\/\">R\u00e9servation ici<\/a><\/div>\n<\/div>\n\n\n\n<hr class=\"wp-block-separator has-text-color has-neve-link-color-color has-alpha-channel-opacity has-neve-link-color-background-color has-background is-style-wide\"\/>\n\n\n\n<div class=\"wp-block-columns is-layout-flex wp-container-core-columns-is-layout-9d6595d7 wp-block-columns-is-layout-flex\">\n<div class=\"wp-block-column is-layout-flow wp-block-column-is-layout-flow\">\n<figure class=\"wp-block-image size-full is-resized\"><a href=\"https:\/\/www.lamason.org\/\"><img decoding=\"async\" width=\"400\" height=\"400\" src=\"https:\/\/fede-uliege.be\/wp-content\/uploads\/2024\/01\/MAson-logo-large_PNG-1.webp\" alt=\"\" class=\"wp-image-1128\" style=\"width:145px;height:auto\" srcset=\"https:\/\/fede-uliege.be\/wp-content\/uploads\/2024\/01\/MAson-logo-large_PNG-1.webp 400w, https:\/\/fede-uliege.be\/wp-content\/uploads\/2024\/01\/MAson-logo-large_PNG-1-300x300.webp 300w, https:\/\/fede-uliege.be\/wp-content\/uploads\/2024\/01\/MAson-logo-large_PNG-1-150x150.webp 150w\" sizes=\"(max-width: 400px) 100vw, 400px\" \/><\/a><\/figure>\n<\/div>\n\n\n\n<div class=\"wp-block-column is-layout-flow wp-block-column-is-layout-flow\">\n<p class=\"has-text-align-center\">Ouvert du lundi au jeudi de 8h30 \u00e0 17h30 (ferm\u00e9 de 12h30 \u00e0 13h30)<br>et le vendredi de 8h30 \u00e0 12h30<br>04 366 31 99<\/p>\n\n\n\n<ul class=\"wp-block-social-links has-normal-icon-size is-content-justification-center is-layout-flex wp-container-core-social-links-is-layout-16018d1d wp-block-social-links-is-layout-flex\"><li class=\"wp-social-link wp-social-link-facebook  wp-block-social-link\"><a href=\"https:\/\/www.facebook.com\/fedeULiege\/\" class=\"wp-block-social-link-anchor\"><svg width=\"24\" height=\"24\" viewBox=\"0 0 24 24\" version=\"1.1\" xmlns=\"http:\/\/www.w3.org\/2000\/svg\" aria-hidden=\"true\" focusable=\"false\"><path d=\"M12 2C6.5 2 2 6.5 2 12c0 5 3.7 9.1 8.4 9.9v-7H7.9V12h2.5V9.8c0-2.5 1.5-3.9 3.8-3.9 1.1 0 2.2.2 2.2.2v2.5h-1.3c-1.2 0-1.6.8-1.6 1.6V12h2.8l-.4 2.9h-2.3v7C18.3 21.1 22 17 22 12c0-5.5-4.5-10-10-10z\"><\/path><\/svg><span class=\"wp-block-social-link-label screen-reader-text\">Facebook<\/span><\/a><\/li>\n\n<li class=\"wp-social-link wp-social-link-instagram  wp-block-social-link\"><a href=\"https:\/\/www.instagram.com\/fede_uliege\/\" class=\"wp-block-social-link-anchor\"><svg width=\"24\" height=\"24\" viewBox=\"0 0 24 24\" version=\"1.1\" xmlns=\"http:\/\/www.w3.org\/2000\/svg\" aria-hidden=\"true\" focusable=\"false\"><path d=\"M12,4.622c2.403,0,2.688,0.009,3.637,0.052c0.877,0.04,1.354,0.187,1.671,0.31c0.42,0.163,0.72,0.358,1.035,0.673 c0.315,0.315,0.51,0.615,0.673,1.035c0.123,0.317,0.27,0.794,0.31,1.671c0.043,0.949,0.052,1.234,0.052,3.637 s-0.009,2.688-0.052,3.637c-0.04,0.877-0.187,1.354-0.31,1.671c-0.163,0.42-0.358,0.72-0.673,1.035 c-0.315,0.315-0.615,0.51-1.035,0.673c-0.317,0.123-0.794,0.27-1.671,0.31c-0.949,0.043-1.233,0.052-3.637,0.052 s-2.688-0.009-3.637-0.052c-0.877-0.04-1.354-0.187-1.671-0.31c-0.42-0.163-0.72-0.358-1.035-0.673 c-0.315-0.315-0.51-0.615-0.673-1.035c-0.123-0.317-0.27-0.794-0.31-1.671C4.631,14.688,4.622,14.403,4.622,12 s0.009-2.688,0.052-3.637c0.04-0.877,0.187-1.354,0.31-1.671c0.163-0.42,0.358-0.72,0.673-1.035 c0.315-0.315,0.615-0.51,1.035-0.673c0.317-0.123,0.794-0.27,1.671-0.31C9.312,4.631,9.597,4.622,12,4.622 M12,3 C9.556,3,9.249,3.01,8.289,3.054C7.331,3.098,6.677,3.25,6.105,3.472C5.513,3.702,5.011,4.01,4.511,4.511 c-0.5,0.5-0.808,1.002-1.038,1.594C3.25,6.677,3.098,7.331,3.054,8.289C3.01,9.249,3,9.556,3,12c0,2.444,0.01,2.751,0.054,3.711 c0.044,0.958,0.196,1.612,0.418,2.185c0.23,0.592,0.538,1.094,1.038,1.594c0.5,0.5,1.002,0.808,1.594,1.038 c0.572,0.222,1.227,0.375,2.185,0.418C9.249,20.99,9.556,21,12,21s2.751-0.01,3.711-0.054c0.958-0.044,1.612-0.196,2.185-0.418 c0.592-0.23,1.094-0.538,1.594-1.038c0.5-0.5,0.808-1.002,1.038-1.594c0.222-0.572,0.375-1.227,0.418-2.185 C20.99,14.751,21,14.444,21,12s-0.01-2.751-0.054-3.711c-0.044-0.958-0.196-1.612-0.418-2.185c-0.23-0.592-0.538-1.094-1.038-1.594 c-0.5-0.5-1.002-0.808-1.594-1.038c-0.572-0.222-1.227-0.375-2.185-0.418C14.751,3.01,14.444,3,12,3L12,3z M12,7.378 c-2.552,0-4.622,2.069-4.622,4.622S9.448,16.622,12,16.622s4.622-2.069,4.622-4.622S14.552,7.378,12,7.378z M12,15 c-1.657,0-3-1.343-3-3s1.343-3,3-3s3,1.343,3,3S13.657,15,12,15z M16.804,6.116c-0.596,0-1.08,0.484-1.08,1.08 s0.484,1.08,1.08,1.08c0.596,0,1.08-0.484,1.08-1.08S17.401,6.116,16.804,6.116z\"><\/path><\/svg><span class=\"wp-block-social-link-label screen-reader-text\">Instagram<\/span><\/a><\/li>\n\n<li class=\"wp-social-link wp-social-link-mail  wp-block-social-link\"><a href=\"mailto:in&#102;o&#064;fe&#100;&#101;-&#117;l&#105;e&#103;e&#046;&#098;&#101;\" class=\"wp-block-social-link-anchor\"><svg width=\"24\" height=\"24\" viewBox=\"0 0 24 24\" version=\"1.1\" xmlns=\"http:\/\/www.w3.org\/2000\/svg\" aria-hidden=\"true\" focusable=\"false\"><path d=\"M19,5H5c-1.1,0-2,.9-2,2v10c0,1.1.9,2,2,2h14c1.1,0,2-.9,2-2V7c0-1.1-.9-2-2-2zm.5,12c0,.3-.2.5-.5.5H5c-.3,0-.5-.2-.5-.5V9.8l7.5,5.6,7.5-5.6V17zm0-9.1L12,13.6,4.5,7.9V7c0-.3.2-.5.5-.5h14c.3,0,.5.2.5.5v.9z\"><\/path><\/svg><span class=\"wp-block-social-link-label screen-reader-text\">E-mail<\/span><\/a><\/li><\/ul>\n<\/div>\n\n\n\n<div class=\"wp-block-column is-layout-flow wp-block-column-is-layout-flow\"><div class=\"wp-block-image\">\n<figure class=\"alignright size-large is-resized\"><img decoding=\"async\" width=\"1024\" height=\"768\" src=\"https:\/\/fede-uliege.be\/wp-content\/uploads\/2024\/01\/Logo-Fede-Uliege-Bleu-1-1024x768.png\" alt=\"\" class=\"wp-image-1129\" style=\"width:147px;height:auto\" srcset=\"https:\/\/fede-uliege.be\/wp-content\/uploads\/2024\/01\/Logo-Fede-Uliege-Bleu-1-1024x768.png 1024w, https:\/\/fede-uliege.be\/wp-content\/uploads\/2024\/01\/Logo-Fede-Uliege-Bleu-1-300x225.png 300w, https:\/\/fede-uliege.be\/wp-content\/uploads\/2024\/01\/Logo-Fede-Uliege-Bleu-1-768x576.png 768w, https:\/\/fede-uliege.be\/wp-content\/uploads\/2024\/01\/Logo-Fede-Uliege-Bleu-1-1536x1152.png 1536w, https:\/\/fede-uliege.be\/wp-content\/uploads\/2024\/01\/Logo-Fede-Uliege-Bleu-1.png 1961w\" sizes=\"(max-width: 1024px) 100vw, 1024px\" \/><\/figure>\n<\/div><\/div>\n<\/div>\n\n\n\n<p class=\"has-text-align-center\"><a href=\"https:\/\/fede-uliege.be\/wp-content\/uploads\/2023\/11\/Statuts.pdf\" data-type=\"link\" data-id=\"https:\/\/fede-uliege.be\/wp-content\/uploads\/2023\/11\/Statuts.pdf\">STATUTS<\/a> <a href=\"https:\/\/fede-uliege.be\/wp-content\/uploads\/2023\/12\/RGPD.pdf\">RGPD<\/a> <a href=\"https:\/\/fede-uliege.be\/wp-content\/uploads\/2023\/12\/ROI-adopte-02_11.pdf\" data-type=\"link\" data-id=\"https:\/\/fede-uliege.be\/wp-content\/uploads\/2023\/12\/ROI-adopte-02_11.pdf\">ROI<\/a> <a href=\"https:\/\/fede-uliege.be\/wp-content\/uploads\/2024\/01\/CHARTE_GRAPHIQUE_2024.pdf\" data-type=\"link\" data-id=\"https:\/\/fede-uliege.be\/wp-content\/uploads\/2024\/01\/CHARTE_GRAPHIQUE_2024.pdf\">CHARTE GRAPHIQUE<\/a> <a href=\"https:\/\/fede-uliege.be\/index.php\/logo\/\" data-type=\"page\" data-id=\"1277\">LOGO<\/a><\/p>\n","protected":false},"excerpt":{"rendered":"<p>SANG TOI LIBRE La F\u00e9d\u00e9 est un point relais pour venir chercher vos protections hygi\u00e9niques. Distribution de protections intimes aux 12-26 ans La crise sanitaire aura mis au jour les difficult\u00e9s grandissantes des jeunes, dont l\u2019acc\u00e8s aux produits d\u2019hygi\u00e8ne \u00e9l\u00e9mentaire. En Belgique, faute de protections p\u00e9riodiques, un grand nombre de personnes menstru\u00e9es ne se rendent pas \u00e0 l\u2019\u00e9cole ou au travail pendant leurs r\u00e8gles, ce qui peut entra\u00eener un d\u00e9crochage scolaire d\u2019une part et le manque d\u2019opportunit\u00e9s professionnelles de l\u2019autre. C\u2019est pourquoi la Ville de Li\u00e8ge, sous l\u2019impulsion de l&rsquo;Echevinat des solidarit\u00e9s, de la Coh\u00e9sion sociale et des Droits des personnes ainsi que le D\u00e9partement des Services sociaux, lance le projet pilote \u201cOp\u00e9ration Sang toi libre\u201d visant \u00e0 distribuer gratuitement des protections intimes. Pour les protections classiques (serviettes, tampons), chaque personne qui s\u2019inscrit pourra recevoir l\u2019\u00e9quivalent d\u2019environ 3 mois de protections. Pour les protections r\u00e9utilisables (culottes, serviettes, cups), il s\u2019agira plut\u00f4t de permettre \u00e0 chaque personne de recevoir ce produit gratuitement pour pouvoir l\u2019essayer, les prix dans le commerce pouvant \u00eatre dissuasifs. Pour en obtenir, c\u2019est simple ! Il suffit d&rsquo;habiter Li\u00e8ge\u00a0et d\u2019avoir entre 12 et 26 ans et de s\u2019inscrire dans un des centres de distribution. Vous aurez le choix parmi 27 produits diff\u00e9rents de plusieurs marques traditionnelles ou bio. Il est possible que certains produits soient en rupture temporaire de stock, si ce produit vous int\u00e9resse, nous vous invitons \u00e0 patienter et \u00e0 vous inscrire ult\u00e9rieurement. Si vous avez d\u00e9j\u00e0 b\u00e9n\u00e9fici\u00e9 de l\u2019action en 2025, vous pouvez vous r\u00e9inscrire en 2026 ! Ouvert du lundi au jeudi de 8h30 \u00e0 17h30 (ferm\u00e9 de 12h30 \u00e0 13h30)et le vendredi de 8h30 \u00e0 12h3004 366 31 99 STATUTS RGPD ROI CHARTE GRAPHIQUE LOGO<\/p>\n","protected":false},"author":1,"featured_media":0,"parent":0,"menu_order":0,"comment_status":"closed","ping_status":"closed","template":"","meta":{"neve_meta_sidebar":"","neve_meta_container":"","neve_meta_enable_content_width":"","neve_meta_content_width":0,"neve_meta_title_alignment":"","neve_meta_author_avatar":"","neve_post_elements_order":"","neve_meta_disable_header":"","neve_meta_disable_footer":"","neve_meta_disable_title":"","jetpack_post_was_ever_published":false,"footnotes":""},"class_list":["post-1262","page","type-page","status-publish","hentry"],"jetpack_sharing_enabled":true,"_links":{"self":[{"href":"https:\/\/fede-uliege.be\/index.php\/wp-json\/wp\/v2\/pages\/1262","targetHints":{"allow":["GET"]}}],"collection":[{"href":"https:\/\/fede-uliege.be\/index.php\/wp-json\/wp\/v2\/pages"}],"about":[{"href":"https:\/\/fede-uliege.be\/index.php\/wp-json\/wp\/v2\/types\/page"}],"author":[{"embeddable":true,"href":"https:\/\/fede-uliege.be\/index.php\/wp-json\/wp\/v2\/users\/1"}],"replies":[{"embeddable":true,"href":"https:\/\/fede-uliege.be\/index.php\/wp-json\/wp\/v2\/comments?post=1262"}],"version-history":[{"count":15,"href":"https:\/\/fede-uliege.be\/index.php\/wp-json\/wp\/v2\/pages\/1262\/revisions"}],"predecessor-version":[{"id":2206,"href":"https:\/\/fede-uliege.be\/index.php\/wp-json\/wp\/v2\/pages\/1262\/revisions\/2206"}],"wp:attachment":[{"href":"https:\/\/fede-uliege.be\/index.php\/wp-json\/wp\/v2\/media?parent=1262"}],"curies":[{"name":"wp","href":"https:\/\/api.w.org\/{rel}","templated":true}]}}