{"id":44,"date":"2023-09-19T12:07:30","date_gmt":"2023-09-19T10:07:30","guid":{"rendered":"https:\/\/fede-uliege.be\/?page_id=44"},"modified":"2026-02-23T09:56:12","modified_gmt":"2026-02-23T08:56:12","slug":"details-du-projet","status":"publish","type":"page","link":"https:\/\/fede-uliege.be\/index.php\/details-du-projet\/","title":{"rendered":"Cercles"},"content":{"rendered":"\n<hr class=\"wp-block-separator has-text-color has-neve-link-color-color has-alpha-channel-opacity has-neve-link-color-background-color has-background is-style-wide\"\/>\n\n\n\n<h2 class=\"wp-block-heading has-text-align-center has-neve-link-color-color has-nv-site-bg-background-color has-text-color has-background\" style=\"font-size:40px\"><strong>LES CERCLES ETUDIANTS <\/strong><\/h2>\n\n\n\n<div class=\"wp-block-buttons is-content-justification-center is-layout-flex wp-container-core-buttons-is-layout-51f7783f wp-block-buttons-is-layout-flex\">\n<div class=\"wp-block-button\"><a class=\"wp-block-button__link has-nv-text-dark-bg-color has-neve-link-color-background-color has-text-color has-background has-link-color wp-element-button\" href=\"https:\/\/fede-uliege.be\/wp-content\/uploads\/2025\/08\/Reglement-cercles-adopte-1.pdf\" style=\"border-radius:0px\" target=\"_blank\" rel=\"noreferrer noopener\">R\u00e8glement applicable aux cercles<\/a><\/div>\n<\/div>\n\n\n\n<p><\/p>\n\n\n\n<p>Un cercle \u00e9tudiant est un groupe d&rsquo;\u00e9tudiant.e.s partageant une passion commune, que ce soit pour la culture, le sport, la musique, ou d&rsquo;autres int\u00e9r\u00eats. Pour les rejoindre, consultez la liste ci-dessous, choisissez le cercle qui vous attire, et envoyez-leur un e-mail pour en savoir plus sur la mani\u00e8re de devenir membre.<\/p>\n\n\n\n<hr class=\"wp-block-separator aligncenter has-text-color has-neve-link-color-color has-alpha-channel-opacity has-neve-link-color-background-color has-background is-style-wide\"\/>\n\n\n\n<div class=\"wp-block-columns is-layout-flex wp-container-core-columns-is-layout-9d6595d7 wp-block-columns-is-layout-flex\">\n<div class=\"wp-block-column is-vertically-aligned-bottom is-layout-flow wp-block-column-is-layout-flow\">\n<p class=\"has-text-align-center\" style=\"font-style:normal;font-weight:600\">Pr\u00eat.e \u00e0 cr\u00e9er ton propre cercle \u00e9tudiant ?<\/p>\n\n\n\n<div class=\"wp-block-buttons is-content-justification-center is-layout-flex wp-container-core-buttons-is-layout-16018d1d wp-block-buttons-is-layout-flex\">\n<div class=\"wp-block-button is-style-default\"><a class=\"wp-block-button__link has-neve-link-color-background-color has-background wp-element-button\" href=\"https:\/\/forms.gle\/nGwTycZMypveSBeeA\" target=\"_blank\" rel=\"noreferrer noopener\">Demande de reconnaissance de cercle<\/a><\/div>\n<\/div>\n<\/div>\n\n\n\n<div class=\"wp-block-column is-vertically-aligned-bottom is-layout-flow wp-block-column-is-layout-flow\">\n<p class=\"has-text-align-center\" style=\"font-style:normal;font-weight:600\">Besoin de financement pour tes projets au sein de ton cercle ou association ? <\/p>\n\n\n\n<div class=\"wp-block-buttons is-content-justification-center is-layout-flex wp-container-core-buttons-is-layout-16018d1d wp-block-buttons-is-layout-flex\">\n<div class=\"wp-block-button\"><a class=\"wp-block-button__link has-neve-link-color-background-color has-background wp-element-button\" href=\"http:\/\/docs.google.com\/forms\/d\/e\/1FAIpQLSescN2fHPvRBPfAKmESqcpKStV1Qpap8kJoK5P6gA-VnZnkiw\/viewform?usp=sf_link\">Demande de subsides F\u00e9d\u00e9<\/a><\/div>\n<\/div>\n<\/div>\n\n\n\n<div class=\"wp-block-column is-vertically-aligned-bottom is-layout-flow wp-block-column-is-layout-flow\">\n<p class=\"has-text-align-center\" style=\"font-style:normal;font-weight:600\"><br>Soutien aux projets \u00e9tudiants ! D\u00e9couvre comment la M\u00e2son peut financer ton projet.<\/p>\n\n\n\n<div class=\"wp-block-buttons is-content-justification-center is-layout-flex wp-container-core-buttons-is-layout-16018d1d wp-block-buttons-is-layout-flex\">\n<div class=\"wp-block-button\"><a class=\"wp-block-button__link has-neve-link-color-background-color has-background wp-element-button\" href=\"https:\/\/www.lamason.org\/contact-subsides\">Demande de subsides M\u00e2son<\/a><\/div>\n<\/div>\n<\/div>\n<\/div>\n\n\n\n<div style=\"height:50px\" aria-hidden=\"true\" class=\"wp-block-spacer\"><\/div>\n\n\n\n<div class=\"wp-block-media-text alignwide is-stacked-on-mobile is-vertically-aligned-center has-nv-site-bg-background-color has-background\" style=\"grid-template-columns:20% auto\"><figure class=\"wp-block-media-text__media\"><img decoding=\"async\" width=\"238\" height=\"80\" src=\"https:\/\/fede-uliege.be\/wp-content\/uploads\/2024\/01\/CHARTE_GRAPHIQUE_2024-5.png\" alt=\"\" class=\"wp-image-1446 size-full\"\/><\/figure><div class=\"wp-block-media-text__content\">\n<div class=\"wp-block-group\" style=\"padding-top:2em;padding-right:2em;padding-bottom:2em;padding-left:2em\"><div class=\"wp-block-group__inner-container is-layout-flow wp-block-group-is-layout-flow\">\n<h2 class=\"wp-block-heading has-neve-link-hover-color-color has-text-color\" style=\"font-size:40px\"><strong>LES CERCLES FACULTAIRES<\/strong><\/h2>\n<\/div><\/div>\n<\/div><\/div>\n\n\n\n<div class=\"wp-block-media-text alignwide has-media-on-the-right is-stacked-on-mobile is-vertically-aligned-center has-background\" style=\"background-color:#dbffc0;grid-template-columns:auto 30%\"><div class=\"wp-block-media-text__content\">\n<div class=\"wp-block-group is-vertical is-layout-flex wp-container-core-group-is-layout-32a109f9 wp-block-group-is-layout-flex\" style=\"padding-top:2em;padding-right:2em;padding-bottom:2em;padding-left:2em\">\n<p style=\"font-size:30px\"><strong><strong>CELLM<\/strong><\/strong><\/p>\n\n\n\n<p>Notre cercle est le CELLM (Cercle des \u00c9tudiants en Langues et Lettres Modernes), il s&rsquo;agit d&rsquo;une association \u00e9tudiante (par les \u00e9tudiants et pour les \u00e9tudiants) destin\u00e9e aux fili\u00e8res de langues de la facult\u00e9 de Philosophie &amp; Lettres. Nous englobons&nbsp;les \u00e9tudiants en langues modernes, orientation g\u00e9n\u00e9rale et germanique. Nous organisons des \u00e9v\u00e9nements de type soir\u00e9e \u00e9tudiante, karaok\u00e9, go\u00fbter et d&rsquo;autres choses relatives \u00e0 nos \u00e9tudes. Nous nous situons dans les caves du XX ao\u00fbt (A1) dans un local destin\u00e9 \u00e0 tous.tes o\u00f9 se d\u00e9tendre, \u00e9tudier, \u00e9changer et profiter d&rsquo;un moment de convivialit\u00e9 entre \u00e9tudiants.&nbsp;<br><br>Adresse mail : <a href=\"mailto:cellmulg@gmail.com\" target=\"_blank\" rel=\"noreferrer noopener\">cellmulg@gmail.com<\/a><br>Facebook&nbsp;: <a href=\"https:\/\/www.facebook.com\/cerclellm?locale=fr_FR\" target=\"_blank\" rel=\"noreferrer noopener\">cerclellm<\/a>&nbsp;<br>Instragram&nbsp;: <a href=\"https:\/\/www.instagram.com\/cellm.ulg\/\" target=\"_blank\" rel=\"noreferrer noopener\">@cellm.ulg<\/a><\/p>\n<\/div>\n<\/div><figure class=\"wp-block-media-text__media\"><img fetchpriority=\"high\" decoding=\"async\" width=\"1024\" height=\"869\" src=\"https:\/\/fede-uliege.be\/wp-content\/uploads\/2023\/12\/395563677_660372289570402_1256831595830154709_n-1-1024x869.jpg\" alt=\"\" class=\"wp-image-965 size-full\" srcset=\"https:\/\/fede-uliege.be\/wp-content\/uploads\/2023\/12\/395563677_660372289570402_1256831595830154709_n-1-1024x869.jpg 1024w, https:\/\/fede-uliege.be\/wp-content\/uploads\/2023\/12\/395563677_660372289570402_1256831595830154709_n-1-300x254.jpg 300w, https:\/\/fede-uliege.be\/wp-content\/uploads\/2023\/12\/395563677_660372289570402_1256831595830154709_n-1-768x651.jpg 768w, https:\/\/fede-uliege.be\/wp-content\/uploads\/2023\/12\/395563677_660372289570402_1256831595830154709_n-1-1536x1303.jpg 1536w, https:\/\/fede-uliege.be\/wp-content\/uploads\/2023\/12\/395563677_660372289570402_1256831595830154709_n-1.jpg 2048w\" sizes=\"(max-width: 1024px) 100vw, 1024px\" \/><\/figure><\/div>\n\n\n\n<div class=\"wp-block-media-text alignwide is-stacked-on-mobile is-vertically-aligned-center has-background\" style=\"background-color:#fffdea;grid-template-columns:35% auto\"><figure class=\"wp-block-media-text__media\"><img decoding=\"async\" width=\"340\" height=\"340\" src=\"https:\/\/fede-uliege.be\/wp-content\/uploads\/2023\/12\/css_logo.png\" alt=\"\" class=\"wp-image-962 size-full\" srcset=\"https:\/\/fede-uliege.be\/wp-content\/uploads\/2023\/12\/css_logo.png 340w, https:\/\/fede-uliege.be\/wp-content\/uploads\/2023\/12\/css_logo-300x300.png 300w, https:\/\/fede-uliege.be\/wp-content\/uploads\/2023\/12\/css_logo-150x150.png 150w\" sizes=\"(max-width: 340px) 100vw, 340px\" \/><\/figure><div class=\"wp-block-media-text__content\">\n<div class=\"wp-block-group\" style=\"padding-top:2em;padding-right:2em;padding-bottom:2em;padding-left:2em\"><div class=\"wp-block-group__inner-container is-layout-flow wp-block-group-is-layout-flow\">\n<p style=\"font-size:30px\"><strong>CSS<\/strong><\/p>\n\n\n\n<p>Le CSS est le cercle des \u00e9tudiant\u00b7e\u00b7s en&nbsp;sciences informatiques qui poss\u00e8de le local R.15 \u00e0 Montefiore.&nbsp;Ils organisent des \u00e9v\u00e9nements tels que le fameux tournoi Mario Kart, des soir\u00e9es chill, des ventes de p\u00e2tisseries faites maison ainsi que des formations pour les BAC-1.<br><br>Adresse mail : <a href=\"mailto:css@uliege.be\" target=\"_blank\" rel=\"noreferrer noopener\">css@uliege.be<\/a> <br>Facebook :&nbsp;<a href=\"https:\/\/www.facebook.com\/profile.php?id=100085674521465&amp;locale=fr_FR\" target=\"_blank\" rel=\"noreferrer noopener\">CSS &#8211; Computer Science Students<\/a><br>Instagram :&nbsp;<a href=\"https:\/\/www.instagram.com\/css_uliege\/\" target=\"_blank\" rel=\"noreferrer noopener\">@css_uliege<\/a><br>Site : <a href=\"https:\/\/css.montefiore.uliege.be\/home\" target=\"_blank\" rel=\"noreferrer noopener\">https:\/\/css.montefiore.uliege.be\/home<\/a><\/p>\n<\/div><\/div>\n<\/div><\/div>\n\n\n\n<div class=\"wp-block-media-text alignwide has-media-on-the-right is-stacked-on-mobile is-vertically-aligned-center has-background\" style=\"background-color:#dbffc0;grid-template-columns:auto 30%\"><div class=\"wp-block-media-text__content\">\n<div class=\"wp-block-group is-vertical is-layout-flex wp-container-core-group-is-layout-32a109f9 wp-block-group-is-layout-flex\" style=\"padding-top:2em;padding-right:2em;padding-bottom:2em;padding-left:2em\">\n<p style=\"font-size:30px\"><strong><strong>CETI<\/strong><\/strong><\/p>\n\n\n\n<p>Le Cercle des \u00c9tudiants en Traduction-Interpr\u00e9tation, r\u00e9cemment remis sur pied, est ouvert \u00e0 tous les \u00e9tudiants d&rsquo;Inter-Trad et l\u00e0 pour mettre des paillettes dans leur vie ! On est d\u2019ailleurs toujours partant pour organiser des activit\u00e9s qui d\u00e9chirent !<br><br>Adresse mail : <a href=\"mailto:ceti.uliege.be@gmail.com\">ceti.uliege.be@gmail.com<\/a><br>Facebook :&nbsp;<a href=\"https:\/\/www.facebook.com\/cetiuliege?locale=fr_FR\" target=\"_blank\" rel=\"noreferrer noopener\">cetiuliege<\/a><br>Instagram :&nbsp;<a href=\"https:\/\/www.instagram.com\/ceti_uliege\/\" target=\"_blank\" rel=\"noreferrer noopener\">@ceti_uliege<\/a><br>Newsletter (note : pensez \u00e0 la retirer manuellement des spams) :&nbsp;<a href=\"https:\/\/urlz.fr\/o8RS\">https:\/\/urlz.fr\/o8RS<\/a><\/p>\n<\/div>\n<\/div><figure class=\"wp-block-media-text__media\"><img loading=\"lazy\" decoding=\"async\" width=\"1024\" height=\"1024\" src=\"https:\/\/fede-uliege.be\/wp-content\/uploads\/2023\/10\/PHOTO_1-7-1024x1024.png\" alt=\"\" class=\"wp-image-545 size-full\" srcset=\"https:\/\/fede-uliege.be\/wp-content\/uploads\/2023\/10\/PHOTO_1-7-1024x1024.png 1024w, https:\/\/fede-uliege.be\/wp-content\/uploads\/2023\/10\/PHOTO_1-7-300x300.png 300w, https:\/\/fede-uliege.be\/wp-content\/uploads\/2023\/10\/PHOTO_1-7-150x150.png 150w, https:\/\/fede-uliege.be\/wp-content\/uploads\/2023\/10\/PHOTO_1-7-768x768.png 768w, https:\/\/fede-uliege.be\/wp-content\/uploads\/2023\/10\/PHOTO_1-7.png 1080w\" sizes=\"(max-width: 1024px) 100vw, 1024px\" \/><\/figure><\/div>\n\n\n\n<div class=\"wp-block-media-text alignwide is-stacked-on-mobile is-vertically-aligned-center has-background\" style=\"background-color:#fffdea;grid-template-columns:35% auto\"><figure class=\"wp-block-media-text__media\"><img loading=\"lazy\" decoding=\"async\" width=\"1024\" height=\"1024\" src=\"https:\/\/fede-uliege.be\/wp-content\/uploads\/2023\/10\/PHOTO_1-6-1024x1024.png\" alt=\"\" class=\"wp-image-518 size-full\" srcset=\"https:\/\/fede-uliege.be\/wp-content\/uploads\/2023\/10\/PHOTO_1-6-1024x1024.png 1024w, https:\/\/fede-uliege.be\/wp-content\/uploads\/2023\/10\/PHOTO_1-6-300x300.png 300w, https:\/\/fede-uliege.be\/wp-content\/uploads\/2023\/10\/PHOTO_1-6-150x150.png 150w, https:\/\/fede-uliege.be\/wp-content\/uploads\/2023\/10\/PHOTO_1-6-768x768.png 768w, https:\/\/fede-uliege.be\/wp-content\/uploads\/2023\/10\/PHOTO_1-6.png 1080w\" sizes=\"(max-width: 1024px) 100vw, 1024px\" \/><\/figure><div class=\"wp-block-media-text__content\">\n<div class=\"wp-block-group\" style=\"padding-top:2em;padding-right:2em;padding-bottom:2em;padding-left:2em\"><div class=\"wp-block-group__inner-container is-layout-flow wp-block-group-is-layout-flow\">\n<p style=\"font-size:30px\"><strong>SBIM<\/strong><\/p>\n\n\n\n<p>Le SBIM est le cercle des \u00e9tudiants en sciences biom\u00e9dicales. Un cercle, des soir\u00e9es, des rencontres et encore plus.<br><br>Adresse mail : <a href=\"mailto:cerclesbim@gmail.com\" target=\"_blank\" rel=\"noreferrer noopener\">cerclesbim@gmail.com<\/a><br>Facebook :&nbsp;<a href=\"https:\/\/www.facebook.com\/profile.php?id=100079079625951\">Cercle SBIM<\/a><br>Instagram : <a href=\"https:\/\/www.instagram.com\/cercle.sbim\/\">@cercle.sbim<\/a><br>LinkedIn : <a href=\"https:\/\/www.linkedin.com\/in\/cercle-sciences-biom%C3%A9dicales-uli%C3%A8ge-249850265\/?originalSubdomain=be\">Cercle sciences biom\u00e9dicales ULi\u00e8ge<\/a><\/p>\n<\/div><\/div>\n<\/div><\/div>\n\n\n\n<div class=\"wp-block-media-text alignwide has-media-on-the-right is-stacked-on-mobile is-vertically-aligned-center has-background\" style=\"background-color:#dbffc0;grid-template-columns:auto 35%\"><div class=\"wp-block-media-text__content\">\n<div class=\"wp-block-group is-vertical is-layout-flex wp-container-core-group-is-layout-32a109f9 wp-block-group-is-layout-flex\" style=\"padding-top:2em;padding-right:2em;padding-bottom:2em;padding-left:2em\">\n<p style=\"font-size:30px\"><strong><strong>Infocom<\/strong><\/strong><\/p>\n\n\n\n<p>Le Cercle Infocom rassemble les \u00e9tudiants du D\u00e9partement M\u00e9dias, Culture et Communication. Tout au long de l&rsquo;ann\u00e9e, nous mettons en place une vari\u00e9t\u00e9 d&rsquo;activit\u00e9s et de ventes pour le plaisir de tous. Notre mission est de favoriser l&rsquo;entraide, les rencontres et de promouvoir le partage culturel.<\/p>\n\n\n\n<p>Adresse mail :&nbsp;<a href=\"mailto:lecerclecommu@gmail.com\" target=\"_blank\" rel=\"noreferrer noopener\">lecerclecommu@gmail.com<\/a><br>Facebook :&nbsp;<a href=\"https:\/\/www.facebook.com\/cercleinfocom\" target=\"_blank\" rel=\"noreferrer noopener\">cercleinfocom<\/a><br>Instagram :&nbsp;<a href=\"https:\/\/www.instagram.com\/cerclecommu\/\" target=\"_blank\" rel=\"noreferrer noopener\">@cerclecommu<\/a><br>Page pour avoir des infos du d\u00e9partement :&nbsp;<a href=\"https:\/\/www.infocom.uliege.be\/cms\/c_11075639\/fr\/infocom-cercle-infocom\" target=\"_blank\" rel=\"noreferrer noopener\">https:\/\/www.infocom.uliege.be\/<\/a><\/p>\n<\/div>\n<\/div><figure class=\"wp-block-media-text__media\"><img loading=\"lazy\" decoding=\"async\" width=\"1024\" height=\"1024\" src=\"https:\/\/fede-uliege.be\/wp-content\/uploads\/2023\/10\/PHOTO_1-4-1024x1024.png\" alt=\"\" class=\"wp-image-516 size-full\" srcset=\"https:\/\/fede-uliege.be\/wp-content\/uploads\/2023\/10\/PHOTO_1-4-1024x1024.png 1024w, https:\/\/fede-uliege.be\/wp-content\/uploads\/2023\/10\/PHOTO_1-4-300x300.png 300w, https:\/\/fede-uliege.be\/wp-content\/uploads\/2023\/10\/PHOTO_1-4-150x150.png 150w, https:\/\/fede-uliege.be\/wp-content\/uploads\/2023\/10\/PHOTO_1-4-768x768.png 768w, https:\/\/fede-uliege.be\/wp-content\/uploads\/2023\/10\/PHOTO_1-4.png 1080w\" sizes=\"(max-width: 1024px) 100vw, 1024px\" \/><\/figure><\/div>\n\n\n\n<div class=\"wp-block-media-text alignwide is-stacked-on-mobile is-vertically-aligned-center has-background\" style=\"background-color:#fffdea;grid-template-columns:33% auto\"><figure class=\"wp-block-media-text__media\"><img loading=\"lazy\" decoding=\"async\" width=\"1024\" height=\"1024\" src=\"https:\/\/fede-uliege.be\/wp-content\/uploads\/2023\/12\/PHOTO_1-2-1024x1024.png\" alt=\"\" class=\"wp-image-979 size-full\" srcset=\"https:\/\/fede-uliege.be\/wp-content\/uploads\/2023\/12\/PHOTO_1-2-1024x1024.png 1024w, https:\/\/fede-uliege.be\/wp-content\/uploads\/2023\/12\/PHOTO_1-2-300x300.png 300w, https:\/\/fede-uliege.be\/wp-content\/uploads\/2023\/12\/PHOTO_1-2-150x150.png 150w, https:\/\/fede-uliege.be\/wp-content\/uploads\/2023\/12\/PHOTO_1-2-768x768.png 768w, https:\/\/fede-uliege.be\/wp-content\/uploads\/2023\/12\/PHOTO_1-2.png 1080w\" sizes=\"(max-width: 1024px) 100vw, 1024px\" \/><\/figure><div class=\"wp-block-media-text__content\">\n<div class=\"wp-block-group\" style=\"padding-top:2em;padding-right:2em;padding-bottom:2em;padding-left:2em\"><div class=\"wp-block-group__inner-container is-layout-flow wp-block-group-is-layout-flow\">\n<p style=\"font-size:30px\"><strong>Cercle Pharma<\/strong><\/p>\n\n\n\n<p>Ce cercle rassemble un groupe d&rsquo;\u00e9tudiants&nbsp;motiv\u00e9s qui travaillent sur l&rsquo;organisation de plusieurs \u00e9v\u00e9nements \u00e0 vis\u00e9e scientifique, culturelle et informative sur les diff\u00e9rents aspects et enjeux de la fonction du pharmacien, ces \u00e9v\u00e9nements&nbsp;se pr\u00e9sentent de fa\u00e7on ludique et anim\u00e9e (voyage p\u00e9dagogique, souper, barbecue, pulls, jeux..)<br><br>Adresse mail : <a href=\"mailto:cercleetudiantpharma@gmail.com\">cercleetudiantpharma@gmail.com<\/a><br>Facebook :&nbsp;<a href=\"https:\/\/m.facebook.com\/CerclePharmaULG\" target=\"_blank\" rel=\"noreferrer noopener\">CerclePharmaULG<\/a><br>Instagram : <a href=\"https:\/\/www.instagram.com\/cercle_pharma_ulg\/\" target=\"_blank\" rel=\"noreferrer noopener\">@cercle_pharma_ulg<\/a><\/p>\n<\/div><\/div>\n<\/div><\/div>\n\n\n\n<div class=\"wp-block-media-text alignwide has-media-on-the-right is-stacked-on-mobile is-vertically-aligned-center has-background\" style=\"background-color:#dbffc0;grid-template-columns:auto 35%\"><div class=\"wp-block-media-text__content\">\n<div class=\"wp-block-group is-vertical is-layout-flex wp-container-core-group-is-layout-32a109f9 wp-block-group-is-layout-flex\" style=\"padding-top:2em;padding-right:2em;padding-bottom:2em;padding-left:2em\">\n<p style=\"font-size:30px\"><strong><strong>Obiter Dictum<\/strong><\/strong><\/p>\n\n\n\n<p>L\u2019O<em>biter Dictum&nbsp;<\/em>est le journal des \u00e9tudiants de la Facult\u00e9 de Droit, Sciences Politiques et Criminologie de l\u2019ULi\u00e8ge.<\/p>\n\n\n\n<p>En plus de la publication de deux num\u00e9ros par an, sous format papier, l\u2019O.D. est actif sur les r\u00e9seaux sociaux et publie \u00e9galement des articles sur leur site.<br><br>Adresse mail :&nbsp;<a href=\"mailto:obiterdictum.uliege@gmail.com\" target=\"_blank\" rel=\"noreferrer noopener\">obiterdictum.uliege@gmail.com<\/a><br>Facebook&nbsp;:&nbsp;<a href=\"https:\/\/www.facebook.com\/obiterdictumulg\" target=\"_blank\" rel=\"noreferrer noopener\">obiterdictumulg<\/a><br>Instagram&nbsp;:&nbsp;<a href=\"https:\/\/www.instagram.com\/obi_dictum\/\" target=\"_blank\" rel=\"noreferrer noopener\">@obi_dictum<\/a><br>Site&nbsp;:&nbsp;<a href=\"https:\/\/obiterdictumuliege.wordpress.com\/\" target=\"_blank\" rel=\"noreferrer noopener\">https:\/\/obiterdictumuliege.wordpress.com<\/a><br>LinkedIn :&nbsp;<a href=\"https:\/\/www.linkedin.com\/in\/obiter-dictum-42179a296\/\" target=\"_blank\" rel=\"noreferrer noopener\">obiter-dictum<\/a><\/p>\n<\/div>\n<\/div><figure class=\"wp-block-media-text__media\"><img loading=\"lazy\" decoding=\"async\" width=\"1024\" height=\"1024\" src=\"https:\/\/fede-uliege.be\/wp-content\/uploads\/2023\/10\/PHOTO_1-3-1024x1024.png\" alt=\"\" class=\"wp-image-511 size-full\" srcset=\"https:\/\/fede-uliege.be\/wp-content\/uploads\/2023\/10\/PHOTO_1-3-1024x1024.png 1024w, https:\/\/fede-uliege.be\/wp-content\/uploads\/2023\/10\/PHOTO_1-3-300x300.png 300w, https:\/\/fede-uliege.be\/wp-content\/uploads\/2023\/10\/PHOTO_1-3-150x150.png 150w, https:\/\/fede-uliege.be\/wp-content\/uploads\/2023\/10\/PHOTO_1-3-768x768.png 768w, https:\/\/fede-uliege.be\/wp-content\/uploads\/2023\/10\/PHOTO_1-3.png 1080w\" sizes=\"(max-width: 1024px) 100vw, 1024px\" \/><\/figure><\/div>\n\n\n\n<div class=\"wp-block-media-text alignwide is-stacked-on-mobile is-vertically-aligned-center has-background\" style=\"background-color:#fffdea;grid-template-columns:25% auto\"><figure class=\"wp-block-media-text__media\"><img loading=\"lazy\" decoding=\"async\" width=\"1024\" height=\"1024\" src=\"https:\/\/fede-uliege.be\/wp-content\/uploads\/2025\/03\/Logo-3-1024x1024.png\" alt=\"\" class=\"wp-image-1745 size-full\" srcset=\"https:\/\/fede-uliege.be\/wp-content\/uploads\/2025\/03\/Logo-3-1024x1024.png 1024w, https:\/\/fede-uliege.be\/wp-content\/uploads\/2025\/03\/Logo-3-300x300.png 300w, https:\/\/fede-uliege.be\/wp-content\/uploads\/2025\/03\/Logo-3-150x150.png 150w, https:\/\/fede-uliege.be\/wp-content\/uploads\/2025\/03\/Logo-3-768x768.png 768w, https:\/\/fede-uliege.be\/wp-content\/uploads\/2025\/03\/Logo-3-1536x1536.png 1536w, https:\/\/fede-uliege.be\/wp-content\/uploads\/2025\/03\/Logo-3.png 1948w\" sizes=\"(max-width: 1024px) 100vw, 1024px\" \/><\/figure><div class=\"wp-block-media-text__content\">\n<div class=\"wp-block-group\" style=\"padding-top:2em;padding-right:2em;padding-bottom:2em;padding-left:2em\"><div class=\"wp-block-group__inner-container is-layout-flow wp-block-group-is-layout-flow\">\n<p style=\"font-size:30px\"><strong>CREH<\/strong><\/p>\n\n\n\n<p>Le Cercle Royal des \u00c9tudiants en Histoire ou \u00ab&nbsp;CREH&nbsp;\u00bb, regroupe une dizaine d\u2019\u00e9tudiants de la section Histoire de l\u2019Universit\u00e9 de Li\u00e8ge. Il organise la vie \u00e9tudiante de la section. Ses activit\u00e9s festives et culturelles sont ouvertes \u00e0 tous.<\/p>\n\n\n\n<p>Adresse mail : <a href=\"mailto:cerclehistoire.ulg@gmail.com\">cerclehistoire.ulg@gmail.com<\/a><br>Facebook&nbsp;:&nbsp;<a href=\"https:\/\/www.facebook.com\/crehuliege\">crehuliege<\/a><br>Instagram&nbsp;:&nbsp;<a href=\"https:\/\/www.instagram.com\/creh.uliege\/\">@creh.uliege<\/a><\/p>\n<\/div><\/div>\n<\/div><\/div>\n\n\n\n<div class=\"wp-block-media-text alignwide has-media-on-the-right is-stacked-on-mobile is-vertically-aligned-center has-background\" style=\"background-color:#dbffc0;grid-template-columns:auto 35%\"><div class=\"wp-block-media-text__content\">\n<div class=\"wp-block-group is-vertical is-layout-flex wp-container-core-group-is-layout-32a109f9 wp-block-group-is-layout-flex\" style=\"padding-top:2em;padding-right:2em;padding-bottom:2em;padding-left:2em\">\n<p style=\"font-size:30px\"><strong><strong>LE PARSERCLE<\/strong><\/strong><\/p>\n\n\n\n<p>Le Parsercle est le cercle des \u00e9tudiants en master en sciences spatiales. Ils organisent des \u00e9v\u00e9nements sociaux et culturels afin de rassembler convivialement \u00e9tudiants et professeurs. Leur plus gros projet est la r\u00e9novation et l&rsquo;installation d&rsquo;un t\u00e9lescope au Sart-Tilman.<br><br>Adresse mail : <a href=\"mailto:parsercle@gmail.com\">parsercle@gmail.com<\/a><br>Instagram :&nbsp;<a href=\"https:\/\/www.instagram.com\/parsercle\/\">@parsercle<\/a><\/p>\n<\/div>\n<\/div><figure class=\"wp-block-media-text__media\"><img loading=\"lazy\" decoding=\"async\" width=\"1024\" height=\"1024\" src=\"https:\/\/fede-uliege.be\/wp-content\/uploads\/2023\/10\/8-1024x1024.png\" alt=\"\" class=\"wp-image-430 size-full\" srcset=\"https:\/\/fede-uliege.be\/wp-content\/uploads\/2023\/10\/8-1024x1024.png 1024w, https:\/\/fede-uliege.be\/wp-content\/uploads\/2023\/10\/8-300x300.png 300w, https:\/\/fede-uliege.be\/wp-content\/uploads\/2023\/10\/8-150x150.png 150w, https:\/\/fede-uliege.be\/wp-content\/uploads\/2023\/10\/8-768x768.png 768w, https:\/\/fede-uliege.be\/wp-content\/uploads\/2023\/10\/8.png 1080w\" sizes=\"(max-width: 1024px) 100vw, 1024px\" \/><\/figure><\/div>\n\n\n\n<div class=\"wp-block-media-text alignwide is-stacked-on-mobile is-vertically-aligned-center has-background\" style=\"background-color:#fffdea;grid-template-columns:35% auto\"><figure class=\"wp-block-media-text__media\"><img loading=\"lazy\" decoding=\"async\" width=\"1024\" height=\"1024\" src=\"https:\/\/fede-uliege.be\/wp-content\/uploads\/2023\/10\/PHOTO_1-1-1024x1024.png\" alt=\"\" class=\"wp-image-435 size-full\" srcset=\"https:\/\/fede-uliege.be\/wp-content\/uploads\/2023\/10\/PHOTO_1-1-1024x1024.png 1024w, https:\/\/fede-uliege.be\/wp-content\/uploads\/2023\/10\/PHOTO_1-1-300x300.png 300w, https:\/\/fede-uliege.be\/wp-content\/uploads\/2023\/10\/PHOTO_1-1-150x150.png 150w, https:\/\/fede-uliege.be\/wp-content\/uploads\/2023\/10\/PHOTO_1-1-768x768.png 768w, https:\/\/fede-uliege.be\/wp-content\/uploads\/2023\/10\/PHOTO_1-1.png 1080w\" sizes=\"(max-width: 1024px) 100vw, 1024px\" \/><\/figure><div class=\"wp-block-media-text__content\">\n<div class=\"wp-block-group is-vertical is-layout-flex wp-container-core-group-is-layout-32a109f9 wp-block-group-is-layout-flex\" style=\"padding-top:2em;padding-right:2em;padding-bottom:2em;padding-left:2em\">\n<p style=\"font-size:30px\"><strong>CPhi <\/strong><\/p>\n\n\n\n<p>Le Cercle de Philosophie de l&rsquo;ULi\u00e8ge est un collectif d&rsquo;\u00e9tudiants avec trois objectifs : cr\u00e9er une ambiance chaleureuse et bienveillante dans le d\u00e9partement de philosophie ; rendre accessible la philosophie \u00e0 toutes et tous, peu importe le niveau ; et servir de passerelle entre les \u00e9tudiants et le monde associatif et culturel li\u00e9geois.<br><br>Adresse mail :&nbsp;<a href=\"mailto:cphi.uliege@gmail.com\" target=\"_blank\" rel=\"noreferrer noopener\">cphi.uliege@gmail.com<\/a><br>Facebook :&nbsp;<a href=\"https:\/\/www.facebook.com\/CPhi.ULiege\" target=\"_blank\" rel=\"noreferrer noopener\">CPhi.ULiege<\/a><br>Instagram :&nbsp;<a href=\"http:\/\/www.instagram.com\/cphi.uliege\/\" target=\"_blank\" rel=\"noreferrer noopener\">@cphi.uliege<\/a><\/p>\n<\/div>\n<\/div><\/div>\n\n\n\n<div class=\"wp-block-media-text alignwide has-media-on-the-right is-stacked-on-mobile is-vertically-aligned-center has-background\" style=\"background-color:#dbffc0;grid-template-columns:auto 30%\"><div class=\"wp-block-media-text__content\">\n<div class=\"wp-block-group is-vertical is-layout-flex wp-container-core-group-is-layout-32a109f9 wp-block-group-is-layout-flex\" style=\"padding-top:2em;padding-right:2em;padding-bottom:2em;padding-left:2em\">\n<p style=\"font-size:30px\"><strong><strong>Cefass<\/strong><\/strong><\/p>\n\n\n\n<p>Le Cefass est le cercle de la facult\u00e9 des sciences sociales, il se situe dans les locaux du B31. Le mot d\u2019ordre du cercle, la convivialit\u00e9, c\u2019est pour \u00e7a que tout au long de l\u2019ann\u00e9e nous vous proposons des \u00e9v\u00e9nements en tous genres et ouvert \u00e0 tous&nbsp;!<br><br>Adresse mail : <a href=\"mailto:cefass.ulige@gmail.com\" target=\"_blank\" rel=\"noreferrer noopener\">cefass.uliege@gmail.com<\/a><br>Facebook : <a href=\"https:\/\/www.facebook.com\/cerclesocio\" target=\"_blank\" rel=\"noreferrer noopener\">cerclesocio<\/a><br>Instagram : <a href=\"https:\/\/www.instagram.com\/cefass.uliege\/\" target=\"_blank\" rel=\"noreferrer noopener\">@cefass.uliege<\/a><\/p>\n<\/div>\n<\/div><figure class=\"wp-block-media-text__media\"><img loading=\"lazy\" decoding=\"async\" width=\"233\" height=\"216\" src=\"https:\/\/fede-uliege.be\/wp-content\/uploads\/2023\/10\/download.png\" alt=\"\" class=\"wp-image-437 size-full\"\/><\/figure><\/div>\n\n\n\n<div class=\"wp-block-media-text alignwide is-stacked-on-mobile is-vertically-aligned-center has-background\" style=\"background-color:#fffdea;grid-template-columns:35% auto\"><figure class=\"wp-block-media-text__media\"><img loading=\"lazy\" decoding=\"async\" width=\"1024\" height=\"1024\" src=\"https:\/\/fede-uliege.be\/wp-content\/uploads\/2023\/10\/PHOTO_1-1024x1024.png\" alt=\"\" class=\"wp-image-434 size-full\" srcset=\"https:\/\/fede-uliege.be\/wp-content\/uploads\/2023\/10\/PHOTO_1-1024x1024.png 1024w, https:\/\/fede-uliege.be\/wp-content\/uploads\/2023\/10\/PHOTO_1-300x300.png 300w, https:\/\/fede-uliege.be\/wp-content\/uploads\/2023\/10\/PHOTO_1-150x150.png 150w, https:\/\/fede-uliege.be\/wp-content\/uploads\/2023\/10\/PHOTO_1-768x768.png 768w, https:\/\/fede-uliege.be\/wp-content\/uploads\/2023\/10\/PHOTO_1.png 1080w\" sizes=\"(max-width: 1024px) 100vw, 1024px\" \/><\/figure><div class=\"wp-block-media-text__content\">\n<div class=\"wp-block-group is-vertical is-layout-flex wp-container-core-group-is-layout-32a109f9 wp-block-group-is-layout-flex\" style=\"padding-top:2em;padding-right:2em;padding-bottom:2em;padding-left:2em\">\n<p style=\"font-size:30px\"><strong>ALEC<\/strong><\/p>\n\n\n\n<p>L&rsquo;ALEC (Association Li\u00e9geoise des Etudiants de Criminologie) est un cercle qui s&rsquo;engage aupr\u00e8s des \u00e9tudiants de criminologie \u00e0 leur offrir un local avec des salles d&rsquo;\u00e9tudes et de travaux collectifs ainsi qu&rsquo;un espace de d\u00e9tente o\u00f9 ils peuvent \u00e9galement venir manger. Ils organisent surtout des conf\u00e9rences avec le d\u00e9partement ainsi que des soir\u00e9es et \u00e9v\u00e8nements festifs o\u00f9 tous les \u00e9tudiants sont convi\u00e9s.<br><br>Adresse mail :&nbsp;<a href=\"mailto:alecriminologie@gmail.com\" target=\"_blank\" rel=\"noreferrer noopener\">alecriminologie@gmail.com<\/a><br>Facebook :&nbsp;<a href=\"https:\/\/www.facebook.com\/ALECrimino\" target=\"_blank\" rel=\"noreferrer noopener\">ALECrimino<\/a><br>Instagram :&nbsp;<a href=\"https:\/\/instagram.com\/alec_uliege?igshid=MzRlODBiNWFlZA==\" target=\"_blank\" rel=\"noreferrer noopener\">@alec_uliege<\/a><\/p>\n<\/div>\n<\/div><\/div>\n\n\n\n<div class=\"wp-block-media-text alignwide has-media-on-the-right is-stacked-on-mobile is-vertically-aligned-center has-background\" style=\"background-color:#dbffc0;grid-template-columns:auto 30%\"><div class=\"wp-block-media-text__content\">\n<div class=\"wp-block-group is-vertical is-layout-flex wp-container-core-group-is-layout-32a109f9 wp-block-group-is-layout-flex\" style=\"padding-top:2em;padding-right:2em;padding-bottom:2em;padding-left:2em\">\n<p style=\"font-size:30px\"><strong><strong>CEB<\/strong><\/strong><\/p>\n\n\n\n<p>Le Cercle des \u00c9tudiants en Biologie regroupe des \u00e9tudiants de toutes les ann\u00e9es et options de la fili\u00e8re. Ils organisent beaucoup d&rsquo;\u00e9v\u00e9nements pendant l&rsquo;ann\u00e9e que ce soit des soir\u00e9es publiques ou entre \u00e9tudiants en biologie ou membres du cercle. On aime rencontrer de nouvelles personnes et on est fun promis !<br><br>Adresse mail :&nbsp;<a href=\"mailto:cercledebiologie@gmail.com\" target=\"_blank\" rel=\"noreferrer noopener\">cercledebiologie@gmail.com<\/a><br>Facebook : <a href=\"https:\/\/www.facebook.com\/cercledebiologie?locale=fr_FR\" target=\"_blank\" rel=\"noreferrer noopener\">cercledebiologie<\/a><br>Instagram : <a href=\"https:\/\/www.instagram.com\/cercledebiologie\/\">@cercledebiologie<\/a><\/p>\n<\/div>\n<\/div><figure class=\"wp-block-media-text__media\"><img loading=\"lazy\" decoding=\"async\" width=\"1024\" height=\"1024\" src=\"https:\/\/fede-uliege.be\/wp-content\/uploads\/2023\/10\/cebnoir-1024x1024.png\" alt=\"\" class=\"wp-image-522 size-full\" srcset=\"https:\/\/fede-uliege.be\/wp-content\/uploads\/2023\/10\/cebnoir-1024x1024.png 1024w, https:\/\/fede-uliege.be\/wp-content\/uploads\/2023\/10\/cebnoir-300x300.png 300w, https:\/\/fede-uliege.be\/wp-content\/uploads\/2023\/10\/cebnoir-150x150.png 150w, https:\/\/fede-uliege.be\/wp-content\/uploads\/2023\/10\/cebnoir-768x768.png 768w, https:\/\/fede-uliege.be\/wp-content\/uploads\/2023\/10\/cebnoir-1536x1536.png 1536w, https:\/\/fede-uliege.be\/wp-content\/uploads\/2023\/10\/cebnoir.png 2048w\" sizes=\"(max-width: 1024px) 100vw, 1024px\" \/><\/figure><\/div>\n\n\n\n<div class=\"wp-block-media-text alignwide is-stacked-on-mobile is-vertically-aligned-center has-background\" style=\"background-color:#fffdea;grid-template-columns:35% auto\"><figure class=\"wp-block-media-text__media\"><img loading=\"lazy\" decoding=\"async\" width=\"900\" height=\"900\" src=\"https:\/\/fede-uliege.be\/wp-content\/uploads\/2023\/10\/unnamed-3.png\" alt=\"\" class=\"wp-image-565 size-full\" srcset=\"https:\/\/fede-uliege.be\/wp-content\/uploads\/2023\/10\/unnamed-3.png 900w, https:\/\/fede-uliege.be\/wp-content\/uploads\/2023\/10\/unnamed-3-300x300.png 300w, https:\/\/fede-uliege.be\/wp-content\/uploads\/2023\/10\/unnamed-3-150x150.png 150w, https:\/\/fede-uliege.be\/wp-content\/uploads\/2023\/10\/unnamed-3-768x768.png 768w\" sizes=\"(max-width: 900px) 100vw, 900px\" \/><\/figure><div class=\"wp-block-media-text__content\">\n<div class=\"wp-block-group is-vertical is-layout-flex wp-container-core-group-is-layout-32a109f9 wp-block-group-is-layout-flex\" style=\"padding-top:2em;padding-right:2em;padding-bottom:2em;padding-left:2em\">\n<p style=\"font-size:30px\"><strong>Dow Jones Club<\/strong><\/p>\n\n\n\n<p>Le Dow Jones Club est une association \u00e9tudiante compos\u00e9e de 18 \u00e9tudiants b\u00e9n\u00e9voles \u00e0 HEC-Li\u00e8ge. Notre but est d&rsquo;\u00e9duquer de mani\u00e8re ludique et diff\u00e9rente \u00e0 l&rsquo;\u00e9conomie et \u00e0 la finance en g\u00e9n\u00e9ral.<br><br>Adresse mail : <a href=\"mailto:oic@dowjonesclub.be\" target=\"_blank\" rel=\"noreferrer noopener\">oic@dowjonesclub.be<\/a><br>Facebook :&nbsp;<a href=\"https:\/\/www.facebook.com\/OICDowJonesClub\" target=\"_blank\" rel=\"noreferrer noopener\">OICDowJonesClub<\/a><br>Instagram : <a href=\"https:\/\/www.instagram.com\/oicdowjonesclub\/\" target=\"_blank\" rel=\"noreferrer noopener\">@oicdowjonesclub<\/a>&nbsp;<\/p>\n<\/div>\n<\/div><\/div>\n\n\n\n<div class=\"wp-block-media-text alignwide has-media-on-the-right is-stacked-on-mobile is-vertically-aligned-center has-background\" style=\"background-color:#dbffc0;grid-template-columns:auto 30%\"><div class=\"wp-block-media-text__content\">\n<div class=\"wp-block-group is-vertical is-layout-flex wp-container-core-group-is-layout-32a109f9 wp-block-group-is-layout-flex\" style=\"padding-top:2em;padding-right:2em;padding-bottom:2em;padding-left:2em\">\n<p style=\"font-size:30px\"><strong><strong>Estiem<\/strong><\/strong><\/p>\n\n\n\n<p>ESTIEM (European Students of Industrial Engineering and Management) est l&rsquo;unique organisation \u00e0 l&rsquo;\u00e9chelle europ\u00e9enne regroupant les \u00e9tudiants en g\u00e9nie industriel et en gestion. Son objectif principal est d&rsquo;encourager la communication et la coop\u00e9ration entre les \u00e9tudiants et les universit\u00e9s en Europe. Les activit\u00e9s d&rsquo;ESTIEM couvrent un champ vari\u00e9 : \u00e9v\u00e9nements acad\u00e9miques, professionnalisants, culturels mais \u00e9galement fond\u00e9s sur le d\u00e9veloppement personnel.<br><br>Adresse mail :&nbsp;<a href=\"mailto:Lr.liege@estiem.org\">Lr.liege@estiem.org<\/a><br>Facebook : <a href=\"https:\/\/www.facebook.com\/estiemLGliege\" data-type=\"link\" data-id=\"https:\/\/www.facebook.com\/estiemLGliege\" target=\"_blank\" rel=\"noreferrer noopener\">estiemLGliege<\/a><br>Instagram : <a href=\"https:\/\/www.instagram.com\/estiemlgliege\/\">@estiemlgliege<\/a><\/p>\n<\/div>\n<\/div><figure class=\"wp-block-media-text__media\"><img loading=\"lazy\" decoding=\"async\" width=\"1024\" height=\"1024\" src=\"https:\/\/fede-uliege.be\/wp-content\/uploads\/2023\/11\/20-1024x1024.png\" alt=\"\" class=\"wp-image-925 size-full\" srcset=\"https:\/\/fede-uliege.be\/wp-content\/uploads\/2023\/11\/20-1024x1024.png 1024w, https:\/\/fede-uliege.be\/wp-content\/uploads\/2023\/11\/20-300x300.png 300w, https:\/\/fede-uliege.be\/wp-content\/uploads\/2023\/11\/20-150x150.png 150w, https:\/\/fede-uliege.be\/wp-content\/uploads\/2023\/11\/20-768x768.png 768w, https:\/\/fede-uliege.be\/wp-content\/uploads\/2023\/11\/20.png 1080w\" sizes=\"(max-width: 1024px) 100vw, 1024px\" \/><\/figure><\/div>\n\n\n\n<div class=\"wp-block-media-text alignwide is-stacked-on-mobile is-vertically-aligned-center has-background\" style=\"background-color:#fffdea;grid-template-columns:35% auto\"><figure class=\"wp-block-media-text__media\"><img loading=\"lazy\" decoding=\"async\" width=\"1024\" height=\"1024\" src=\"https:\/\/fede-uliege.be\/wp-content\/uploads\/2023\/11\/21-1-1024x1024.png\" alt=\"\" class=\"wp-image-926 size-full\" srcset=\"https:\/\/fede-uliege.be\/wp-content\/uploads\/2023\/11\/21-1-1024x1024.png 1024w, https:\/\/fede-uliege.be\/wp-content\/uploads\/2023\/11\/21-1-300x300.png 300w, https:\/\/fede-uliege.be\/wp-content\/uploads\/2023\/11\/21-1-150x150.png 150w, https:\/\/fede-uliege.be\/wp-content\/uploads\/2023\/11\/21-1-768x768.png 768w, https:\/\/fede-uliege.be\/wp-content\/uploads\/2023\/11\/21-1.png 1080w\" sizes=\"(max-width: 1024px) 100vw, 1024px\" \/><\/figure><div class=\"wp-block-media-text__content\">\n<div class=\"wp-block-group is-vertical is-layout-flex wp-container-core-group-is-layout-32a109f9 wp-block-group-is-layout-flex\" style=\"padding-top:2em;padding-right:2em;padding-bottom:2em;padding-left:2em\">\n<p style=\"font-size:30px\"><strong>CEPSEL<\/strong><\/p>\n\n\n\n<p>Le cercle de la facult\u00e9 de psychologie, logop\u00e9die et sciences de l&rsquo;\u00e9ducation a pour but de rassembler les \u00e9tudiant.e.s dans une ambiance conviviale lors d&rsquo;\u00e9v\u00e8nements comme des soir\u00e9es, des blocus collectifs, des voyages, des petits d\u00e9jeuners, &#8230;<br>Le cercle se veut inclusif et est ouvert aux \u00e9tudiants de toutes facult\u00e9s et \u00e9coles confondues !<br><br>Adresse mail : <a href=\"mailto:cepsel@uliege.be\">cepsel@uliege.be<\/a><br>Facebook : <a href=\"https:\/\/www.facebook.com\/profile.php?id=100013505022124\" target=\"_blank\" rel=\"noreferrer noopener\">Cepsel Cercle \u00e9tudiant \u03c8<\/a><br>Instagram : <a href=\"https:\/\/www.instagram.com\/cepsel_ul\/\" target=\"_blank\" rel=\"noreferrer noopener\">@cepsel_ul<\/a><\/p>\n<\/div>\n<\/div><\/div>\n\n\n\n<div class=\"wp-block-media-text alignwide has-media-on-the-right is-stacked-on-mobile is-vertically-aligned-center has-background\" style=\"background-color:#dbffc0;grid-template-columns:auto 30%\"><div class=\"wp-block-media-text__content\">\n<div class=\"wp-block-group is-vertical is-layout-flex wp-container-core-group-is-layout-32a109f9 wp-block-group-is-layout-flex\" style=\"padding-top:2em;padding-right:2em;padding-bottom:2em;padding-left:2em\">\n<p style=\"font-size:30px\"><strong><strong>Cercle de Chimie<\/strong><\/strong><\/p>\n\n\n\n<p>Cercle \u00e9tudiant rassemblant les \u00e9tudiants du d\u00e9partement de chimie et autres au local autour d&rsquo;un burger ou d&rsquo;un verre.<br><br>Adresse mail : <a href=\"mailto:cdc.ulg@gmail.com\">cdc.ulg@gmail.com<\/a><br>Facebook : <a href=\"https:\/\/www.facebook.com\/CercledeChimieULiege\" target=\"_blank\" rel=\"noreferrer noopener\">CercledeChimieULiege<\/a><br>Instagram : <a href=\"https:\/\/www.instagram.com\/cercle_de_chimie\/\" target=\"_blank\" rel=\"noreferrer noopener\">@cercle_de_chimie<\/a><\/p>\n<\/div>\n<\/div><figure class=\"wp-block-media-text__media\"><img loading=\"lazy\" decoding=\"async\" width=\"1024\" height=\"1024\" src=\"https:\/\/fede-uliege.be\/wp-content\/uploads\/2023\/11\/26-1024x1024.png\" alt=\"\" class=\"wp-image-933 size-full\" srcset=\"https:\/\/fede-uliege.be\/wp-content\/uploads\/2023\/11\/26-1024x1024.png 1024w, https:\/\/fede-uliege.be\/wp-content\/uploads\/2023\/11\/26-300x300.png 300w, https:\/\/fede-uliege.be\/wp-content\/uploads\/2023\/11\/26-150x150.png 150w, https:\/\/fede-uliege.be\/wp-content\/uploads\/2023\/11\/26-768x768.png 768w, https:\/\/fede-uliege.be\/wp-content\/uploads\/2023\/11\/26.png 1080w\" sizes=\"(max-width: 1024px) 100vw, 1024px\" \/><\/figure><\/div>\n\n\n\n<div class=\"wp-block-media-text alignwide is-stacked-on-mobile is-vertically-aligned-center has-background\" style=\"background-color:#fffdea;grid-template-columns:35% auto\"><figure class=\"wp-block-media-text__media\"><img loading=\"lazy\" decoding=\"async\" width=\"1024\" height=\"1024\" src=\"https:\/\/fede-uliege.be\/wp-content\/uploads\/2023\/12\/PHOTO_1-1024x1024.png\" alt=\"\" class=\"wp-image-972 size-full\" srcset=\"https:\/\/fede-uliege.be\/wp-content\/uploads\/2023\/12\/PHOTO_1-1024x1024.png 1024w, https:\/\/fede-uliege.be\/wp-content\/uploads\/2023\/12\/PHOTO_1-300x300.png 300w, https:\/\/fede-uliege.be\/wp-content\/uploads\/2023\/12\/PHOTO_1-150x150.png 150w, https:\/\/fede-uliege.be\/wp-content\/uploads\/2023\/12\/PHOTO_1-768x768.png 768w, https:\/\/fede-uliege.be\/wp-content\/uploads\/2023\/12\/PHOTO_1.png 1080w\" sizes=\"(max-width: 1024px) 100vw, 1024px\" \/><\/figure><div class=\"wp-block-media-text__content\">\n<div class=\"wp-block-group is-vertical is-layout-flex wp-container-core-group-is-layout-32a109f9 wp-block-group-is-layout-flex\" style=\"padding-top:2em;padding-right:2em;padding-bottom:2em;padding-left:2em\">\n<p style=\"font-size:30px\"><strong>AEES<\/strong><\/p>\n\n\n\n<p>L\u2019Association Royale des \u00c9l\u00e8ves des \u00c9coles Sp\u00e9ciales est le cercle des \u00e9tudiant.e.s en ing\u00e9nieur civil et en informatique de la Facult\u00e9 des Sciences Appliqu\u00e9es de l\u2019ULi\u00e8ge. Nous organisons le c\u00e9l\u00e8bre Bal Ing\u00e9, le Forum Entreprises et bien d&rsquo;autres choses. Tu es le\/la bienvenu.e tous les temps de midi dans notre local au sous-sol de Mont\u00e9fiore&nbsp;(B28).<br><br>Adresse mail : <a href=\"mailto:info@aees.be\" target=\"_blank\" rel=\"noreferrer noopener\">info@aees.be<\/a><br>Facebook : <a href=\"https:\/\/www.facebook.com\/aees.be\">AEES<\/a><br>Instagram : <a href=\"https:\/\/www.instagram.com\/aees.fsa\/\" target=\"_blank\" rel=\"noreferrer noopener\">@aees.fsa<\/a><\/p>\n<\/div>\n<\/div><\/div>\n\n\n\n<div class=\"wp-block-media-text alignwide has-media-on-the-right is-stacked-on-mobile is-vertically-aligned-center has-background\" style=\"background-color:#dbffc0;grid-template-columns:auto 21%\"><div class=\"wp-block-media-text__content\">\n<div class=\"wp-block-group is-vertical is-layout-flex wp-container-core-group-is-layout-32a109f9 wp-block-group-is-layout-flex\" style=\"padding-top:2em;padding-right:2em;padding-bottom:2em;padding-left:2em\">\n<p style=\"font-size:30px\"><strong><strong>Gembloux Agro-Tech<\/strong><\/strong><\/p>\n\n\n\n<p>L\u2019Association G\u00e9n\u00e9rale des \u00e9tudiants est le lieu de rencontre incontournable pour tous les \u00e9tudiants de Gembloux Agro-Bio Tech. Il s\u2019agit d\u2019une ASBL royale fond\u00e9e en 1925. Ensemble, les membres \u0153uvrent b\u00e9n\u00e9volement pour rendre inoubliables les ann\u00e9es au sein des vieux murs de leur belle facult\u00e9. Ainsi, l\u2019AG offre des services et organise des activit\u00e9s sur mesure, qui r\u00e9pondent aux envies et au petit budget des \u00e9tudiants !<br><br>Adresse mail :&nbsp;<a href=\"mailto:contact@agrogembloux.be\" target=\"_blank\" rel=\"noreferrer noopener\">contact@agrogembloux.be<\/a><br>Facebook : <a href=\"https:\/\/www.facebook.com\/AGGembloux\" target=\"_blank\" rel=\"noreferrer noopener\">AGGembloux<\/a><br>Instagram : <a href=\"https:\/\/www.instagram.com\/a.g.gembloux\/\" target=\"_blank\" rel=\"noreferrer noopener\">@a.g.gembloux<\/a><br>Site : <a href=\"https:\/\/agrogembloux.be\/\" target=\"_blank\" rel=\"noreferrer noopener\">https:\/\/agrogembloux.be\/<\/a><\/p>\n<\/div>\n<\/div><figure class=\"wp-block-media-text__media\"><img loading=\"lazy\" decoding=\"async\" width=\"413\" height=\"400\" src=\"https:\/\/fede-uliege.be\/wp-content\/uploads\/2023\/12\/Cenobite-400px.png\" alt=\"\" class=\"wp-image-969 size-full\" srcset=\"https:\/\/fede-uliege.be\/wp-content\/uploads\/2023\/12\/Cenobite-400px.png 413w, https:\/\/fede-uliege.be\/wp-content\/uploads\/2023\/12\/Cenobite-400px-300x291.png 300w\" sizes=\"(max-width: 413px) 100vw, 413px\" \/><\/figure><\/div>\n\n\n\n<div class=\"wp-block-media-text alignwide is-stacked-on-mobile is-vertically-aligned-center has-background\" style=\"background-color:#fffdea;grid-template-columns:35% auto\"><figure class=\"wp-block-media-text__media\"><img loading=\"lazy\" decoding=\"async\" width=\"1024\" height=\"1024\" src=\"https:\/\/fede-uliege.be\/wp-content\/uploads\/2023\/11\/27-1024x1024.png\" alt=\"\" class=\"wp-image-934 size-full\" srcset=\"https:\/\/fede-uliege.be\/wp-content\/uploads\/2023\/11\/27-1024x1024.png 1024w, https:\/\/fede-uliege.be\/wp-content\/uploads\/2023\/11\/27-300x300.png 300w, https:\/\/fede-uliege.be\/wp-content\/uploads\/2023\/11\/27-150x150.png 150w, https:\/\/fede-uliege.be\/wp-content\/uploads\/2023\/11\/27-768x768.png 768w, https:\/\/fede-uliege.be\/wp-content\/uploads\/2023\/11\/27.png 1080w\" sizes=\"(max-width: 1024px) 100vw, 1024px\" \/><\/figure><div class=\"wp-block-media-text__content\">\n<div class=\"wp-block-group is-vertical is-layout-flex wp-container-core-group-is-layout-32a109f9 wp-block-group-is-layout-flex\" style=\"padding-top:2em;padding-right:2em;padding-bottom:2em;padding-left:2em\">\n<p style=\"font-size:30px\"><strong>CESPAP<\/strong><\/p>\n\n\n\n<p>Depuis 1975, les \u00e9tudiants de sciences politiques \u00e9changent, d\u00e9battent, s\u2019entraident, partagent et festoient au sein de leur cercle situ\u00e9 aux confins des c\u00e9l\u00e8bres B8 et B31. Les fondateurs de celui-ci ont eu la volont\u00e9 de cr\u00e9er le cercle afin que les cinq ann\u00e9es (ou un peu plus) \u00e0 l\u2019universit\u00e9 restent inoubliables pour tous ses adh\u00e9rents. La solidarit\u00e9, le respect et l\u2019ouverture d\u2019esprit sont les principales valeurs du cercle. Notre but est de promouvoir les \u00e9tudes de sciences politiques, de d\u00e9velopper l\u2019esprit de groupe, de cr\u00e9er et resserrer les liens de solidarit\u00e9 et d\u2019encourager les contacts entre les \u00e9tudiant.es de sciences politiques de L\u2019Universit\u00e9 de Li\u00e8ge. Pl\u00e9thore d&rsquo;activit\u00e9s sont propos\u00e9es tout au long de l&rsquo;ann\u00e9e anim\u00e9es par les diff\u00e9rentes commissions du cercle : \u00e9v\u00e8nements sportifs, conf\u00e9rences, ap\u00e9ritifs ou encore notre voyage annuel \u00e0 ne pas manquer.<br><br>Adresse mail : <a href=\"mailto:webcespap@gmail.com\">webcespap@gmail.com<\/a><br>Facebook : <a href=\"https:\/\/www.facebook.com\/groups\/30969741597\" target=\"_blank\" rel=\"noreferrer noopener\">CESPAP &#8211; Cercle des Etudiants en Sciences Politiques<\/a><br>Instagram : <a href=\"https:\/\/www.instagram.com\/cespap\/\" target=\"_blank\" rel=\"noreferrer noopener\">@CESPAP<\/a><\/p>\n<\/div>\n<\/div><\/div>\n\n\n\n<div class=\"wp-block-media-text alignwide has-media-on-the-right is-stacked-on-mobile is-vertically-aligned-center has-background\" style=\"background-color:#dbffc0;grid-template-columns:auto 23%\"><div class=\"wp-block-media-text__content\">\n<div class=\"wp-block-group is-vertical is-layout-flex wp-container-core-group-is-layout-32a109f9 wp-block-group-is-layout-flex\" style=\"padding-top:2em;padding-right:2em;padding-bottom:2em;padding-left:2em\">\n<p style=\"font-size:30px\"><strong><strong>GAGG<\/strong><\/strong><\/p>\n\n\n\n<p>Le Groupement Amical de G\u00e9ographes et G\u00e9om\u00e9trologues est un cercle qui vise \u00e0 regrouper les \u00e9tudiants en g\u00e9ographie \u00e0 travers divers \u00e9v\u00e9nements et permet \u00e9galement d\u2019int\u00e9grer les nouveaux \u00e9tudiants (Bac 1, Master 0,\u2026)<br><br>Adresse mail : <a href=\"mailto:cdc.ulg@gmail.com\">Gagg.uliege@gmail.com<\/a><br>Facebook : <a href=\"https:\/\/www.facebook.com\/GaggUlg\" target=\"_blank\" rel=\"noreferrer noopener\">GaggUlg<\/a><br>Instagram et tiktok : <a href=\"https:\/\/www.instagram.com\/gagg_official\/\" target=\"_blank\" rel=\"noreferrer noopener\">@gagg_official<\/a><\/p>\n<\/div>\n<\/div><figure class=\"wp-block-media-text__media\"><img loading=\"lazy\" decoding=\"async\" width=\"1024\" height=\"1024\" src=\"https:\/\/fede-uliege.be\/wp-content\/uploads\/2023\/11\/28-1-1024x1024.png\" alt=\"\" class=\"wp-image-935 size-full\" srcset=\"https:\/\/fede-uliege.be\/wp-content\/uploads\/2023\/11\/28-1-1024x1024.png 1024w, https:\/\/fede-uliege.be\/wp-content\/uploads\/2023\/11\/28-1-300x300.png 300w, https:\/\/fede-uliege.be\/wp-content\/uploads\/2023\/11\/28-1-150x150.png 150w, https:\/\/fede-uliege.be\/wp-content\/uploads\/2023\/11\/28-1-768x768.png 768w, https:\/\/fede-uliege.be\/wp-content\/uploads\/2023\/11\/28-1.png 1080w\" sizes=\"(max-width: 1024px) 100vw, 1024px\" \/><\/figure><\/div>\n\n\n\n<div class=\"wp-block-media-text alignwide is-stacked-on-mobile is-vertically-aligned-center has-background\" style=\"background-color:#fffdea;grid-template-columns:35% auto\"><figure class=\"wp-block-media-text__media\"><img loading=\"lazy\" decoding=\"async\" width=\"1024\" height=\"930\" src=\"https:\/\/fede-uliege.be\/wp-content\/uploads\/2023\/10\/Capture-decran-2023-10-18-134722-1024x930.png\" alt=\"\" class=\"wp-image-481 size-full\" srcset=\"https:\/\/fede-uliege.be\/wp-content\/uploads\/2023\/10\/Capture-decran-2023-10-18-134722-1024x930.png 1024w, https:\/\/fede-uliege.be\/wp-content\/uploads\/2023\/10\/Capture-decran-2023-10-18-134722-300x272.png 300w, https:\/\/fede-uliege.be\/wp-content\/uploads\/2023\/10\/Capture-decran-2023-10-18-134722-768x697.png 768w, https:\/\/fede-uliege.be\/wp-content\/uploads\/2023\/10\/Capture-decran-2023-10-18-134722.png 1099w\" sizes=\"(max-width: 1024px) 100vw, 1024px\" \/><\/figure><div class=\"wp-block-media-text__content\">\n<div class=\"wp-block-group\" style=\"padding-top:2em;padding-right:2em;padding-bottom:2em;padding-left:2em\"><div class=\"wp-block-group__inner-container is-layout-flow wp-block-group-is-layout-flow\">\n<p class=\"has-text-align-center\" style=\"font-size:30px\"><strong>CSM<\/strong><\/p>\n\n\n\n<p>Le Cercle Sciences Math\u00e9matiques. <br>Le CSM, parce qu&rsquo;en vrai, les matheux sont cool !<\/p>\n\n\n\n<p>Adresse mail :&nbsp;<a href=\"mailto:scmath.ulg@gmail.com\" target=\"_blank\" rel=\"noreferrer noopener\">scmath.ulg@gmail.com<\/a><br>Facebook : &nbsp;<a href=\"https:\/\/www.facebook.com\/profile.php?id=100076922918821\" data-type=\"link\" data-id=\"https:\/\/www.facebook.com\/profile.php?id=100076922918821\">Csm Uli\u00e8ge<\/a><br>Instagram : <a href=\"https:\/\/www.instagram.com\/csm_uliege\/\">@csm_uli\u00e8ge<\/a><\/p>\n<\/div><\/div>\n<\/div><\/div>\n\n\n\n<div class=\"wp-block-media-text alignwide has-media-on-the-right is-stacked-on-mobile is-vertically-aligned-center has-background\" style=\"background-color:#dbffc0;grid-template-columns:auto 40%\"><div class=\"wp-block-media-text__content\">\n<div class=\"wp-block-group is-vertical is-layout-flex wp-container-core-group-is-layout-32a109f9 wp-block-group-is-layout-flex\" style=\"padding-top:2em;padding-right:2em;padding-bottom:2em;padding-left:2em\">\n<p style=\"font-size:30px\"><strong>BEST<\/strong><\/p>\n\n\n\n<p>BEST (Board of European Students of Technology) vise \u00e0 promouvoir les \u00e9changes culturels en Europe ainsi que l&rsquo;\u00e9ducation compl\u00e9mentaire. Cette mission prend vie au travers de divers \u00e9v\u00e9nements et activit\u00e9s organis\u00e9s par chacune de ses antennes locales ! Pour en savoir plus, suis-nous sur nos r\u00e9seaux !<br><br>Adresse mail : <a href=\"mailto:contact@bestliege.be\">contact@bestliege.be<\/a><br>Facebook :&nbsp;<a href=\"https:\/\/www.facebook.com\/BestLiege\/\" target=\"_blank\" rel=\"noreferrer noopener\">BEST Li\u00e8ge<\/a><br>Instagram :&nbsp;<a href=\"https:\/\/www.instagram.com\/best.liege\" target=\"_blank\" rel=\"noreferrer noopener\">@best.liege<\/a><br>Site :&nbsp;<a href=\"http:\/\/bestliege.be\/\" target=\"_blank\" rel=\"noreferrer noopener\">bestliege.be<\/a><br>LinkedIn :&nbsp;<a href=\"https:\/\/be.linkedin.com\/company\/best-liege-asbl\" target=\"_blank\" rel=\"noreferrer noopener\">best-liege-asbl<\/a><\/p>\n<\/div>\n<\/div><figure class=\"wp-block-media-text__media\"><img loading=\"lazy\" decoding=\"async\" width=\"1024\" height=\"519\" src=\"https:\/\/fede-uliege.be\/wp-content\/uploads\/2023\/10\/BEST_Liege-1024x519.png\" alt=\"\" class=\"wp-image-521 size-full\" srcset=\"https:\/\/fede-uliege.be\/wp-content\/uploads\/2023\/10\/BEST_Liege-1024x519.png 1024w, https:\/\/fede-uliege.be\/wp-content\/uploads\/2023\/10\/BEST_Liege-300x152.png 300w, https:\/\/fede-uliege.be\/wp-content\/uploads\/2023\/10\/BEST_Liege-768x389.png 768w, https:\/\/fede-uliege.be\/wp-content\/uploads\/2023\/10\/BEST_Liege-1536x779.png 1536w, https:\/\/fede-uliege.be\/wp-content\/uploads\/2023\/10\/BEST_Liege-2048x1039.png 2048w\" sizes=\"(max-width: 1024px) 100vw, 1024px\" \/><\/figure><\/div>\n\n\n\n<div class=\"wp-block-media-text alignwide is-stacked-on-mobile is-vertically-aligned-center has-background\" style=\"background-color:#fffdea;grid-template-columns:35% auto\"><figure class=\"wp-block-media-text__media\"><img loading=\"lazy\" decoding=\"async\" width=\"1024\" height=\"1024\" src=\"https:\/\/fede-uliege.be\/wp-content\/uploads\/2024\/12\/received_1676579563073157-1024x1024.png\" alt=\"\" class=\"wp-image-1646 size-full\" srcset=\"https:\/\/fede-uliege.be\/wp-content\/uploads\/2024\/12\/received_1676579563073157-1024x1024.png 1024w, https:\/\/fede-uliege.be\/wp-content\/uploads\/2024\/12\/received_1676579563073157-300x300.png 300w, https:\/\/fede-uliege.be\/wp-content\/uploads\/2024\/12\/received_1676579563073157-150x150.png 150w, https:\/\/fede-uliege.be\/wp-content\/uploads\/2024\/12\/received_1676579563073157-768x768.png 768w, https:\/\/fede-uliege.be\/wp-content\/uploads\/2024\/12\/received_1676579563073157.png 1417w\" sizes=\"(max-width: 1024px) 100vw, 1024px\" \/><\/figure><div class=\"wp-block-media-text__content\">\n<div class=\"wp-block-group is-vertical is-layout-flex wp-container-core-group-is-layout-32a109f9 wp-block-group-is-layout-flex\" style=\"padding-top:2em;padding-right:2em;padding-bottom:2em;padding-left:2em\">\n<p style=\"font-size:30px\"><strong>CESA<\/strong><\/p>\n\n\n\n<p>Bas\u00e9 au XX-Ao\u00fbt, le Cercle des \u00c9tudiants en Sciences de l&rsquo;Antiquit\u00e9 (CESA) se fait un devoir d&rsquo;accueillir tout \u00e9tudiant\u00b7e \u00e0 la recherche d&rsquo;une bonne ambiance ou de bons conseils, ou les amateur\u00b7ices de go\u00fbters, de soir\u00e9es ou autres jeux en tout genre. Vous trouverez s\u00fbrement votre bonheur dans notre frigo, nos canap\u00e9s ou avec nos membres !<br><br>Adresse mail :&nbsp;<a href=\"mailto:cesa.uliege@gmail.com\" data-type=\"mailto\" data-id=\"mailto:cesa.uliege@gmail.com\" target=\"_blank\" rel=\"noreferrer noopener\">cesa.uliege@gmail.com<\/a><br>Facebook :&nbsp;<a href=\"https:\/\/www.facebook.com\/groups\/233983540013445\" data-type=\"link\" data-id=\"https:\/\/www.facebook.com\/groups\/233983540013445\" target=\"_blank\" rel=\"noreferrer noopener\">CESA &#8211; ULi\u00e8ge<\/a><br>Instagram :&nbsp;<a href=\"https:\/\/www.instagram.com\/cesa_uliege\/\" data-type=\"link\" data-id=\"https:\/\/www.instagram.com\/cesa_uliege\/\" target=\"_blank\" rel=\"noreferrer noopener\">cesa_uliege<\/a><\/p>\n<\/div>\n<\/div><\/div>\n\n\n\n<div class=\"wp-block-media-text alignwide has-media-on-the-right is-stacked-on-mobile is-vertically-aligned-center has-background\" style=\"background-color:#dbffc0;grid-template-columns:auto 31%\"><div class=\"wp-block-media-text__content\">\n<div class=\"wp-block-group is-vertical is-layout-flex wp-container-core-group-is-layout-32a109f9 wp-block-group-is-layout-flex\" style=\"padding-top:2em;padding-right:2em;padding-bottom:2em;padding-left:2em\">\n<p style=\"font-size:30px\"><strong>CSP<\/strong><\/p>\n\n\n\n<p class=\"has-text-align-left\">Le Cercle des \u00e9tudiants en sciences physiques est un cercle actif et familial. Le local est situ\u00e9 au sous-sol du B5a et est toujours occup\u00e9 par des \u00e9tudiants de toutes ann\u00e9es d\u2019\u00e9tudes. On organise des temps de midi ainsi que des soir\u00e9es afin de faire passer des bons moments \u00e0 tous durant vos \u00e9tudes. Tout est \u00e0 prix raisonnable afin de rester accessible \u00e0 tout le monde.<br>On vous attend chaleureusement,<br>L\u2019\u00e9quipe CSP<br><br>Adresse mail :&nbsp;<a href=\"mailto:cspuliege69@gmail.com\" data-type=\"mailto\" data-id=\"mailto:cspuliege69@gmail.com\" target=\"_blank\" rel=\"noreferrer noopener\">cspuliege69@gmail.com<\/a><br>Facebook :&nbsp;<a href=\"https:\/\/www.facebook.com\/csp.ulg\" target=\"_blank\" rel=\"noreferrer noopener\">csp.ulg<\/a><br>Instagram :&nbsp;<a href=\"https:\/\/www.instagram.com\/cercledephysique\/\" target=\"_blank\" rel=\"noreferrer noopener\">@cercledephysique<\/a><\/p>\n<\/div>\n<\/div><figure class=\"wp-block-media-text__media\"><img loading=\"lazy\" decoding=\"async\" width=\"512\" height=\"512\" src=\"https:\/\/fede-uliege.be\/wp-content\/uploads\/2024\/12\/1000035421.png\" alt=\"\" class=\"wp-image-1645 size-full\" srcset=\"https:\/\/fede-uliege.be\/wp-content\/uploads\/2024\/12\/1000035421.png 512w, https:\/\/fede-uliege.be\/wp-content\/uploads\/2024\/12\/1000035421-300x300.png 300w, https:\/\/fede-uliege.be\/wp-content\/uploads\/2024\/12\/1000035421-150x150.png 150w\" sizes=\"(max-width: 512px) 100vw, 512px\" \/><\/figure><\/div>\n\n\n\n<div class=\"wp-block-media-text alignwide is-stacked-on-mobile is-vertically-aligned-center has-background\" style=\"background-color:#fffdea;grid-template-columns:22% auto\"><figure class=\"wp-block-media-text__media\"><img loading=\"lazy\" decoding=\"async\" width=\"1000\" height=\"1000\" src=\"https:\/\/fede-uliege.be\/wp-content\/uploads\/2024\/12\/ELSA-Liege-Logo.jpg\" alt=\"\" class=\"wp-image-1652 size-full\" srcset=\"https:\/\/fede-uliege.be\/wp-content\/uploads\/2024\/12\/ELSA-Liege-Logo.jpg 1000w, https:\/\/fede-uliege.be\/wp-content\/uploads\/2024\/12\/ELSA-Liege-Logo-300x300.jpg 300w, https:\/\/fede-uliege.be\/wp-content\/uploads\/2024\/12\/ELSA-Liege-Logo-150x150.jpg 150w, https:\/\/fede-uliege.be\/wp-content\/uploads\/2024\/12\/ELSA-Liege-Logo-768x768.jpg 768w\" sizes=\"(max-width: 1000px) 100vw, 1000px\" \/><\/figure><div class=\"wp-block-media-text__content\">\n<div class=\"wp-block-group is-vertical is-layout-flex wp-container-core-group-is-layout-32a109f9 wp-block-group-is-layout-flex\" style=\"padding-top:2em;padding-right:2em;padding-bottom:2em;padding-left:2em\">\n<p style=\"font-size:30px\"><strong>ELSA<\/strong><\/p>\n\n\n\n<p>Pr\u00e9sente dans 44 pays et comptant plus de 60.000 membres, the European Law Students\u2019 Association est la plus grande association internationale d\u2019\u00e9tudiants en droit au monde. \u00c0 ce titre, elle est reconnue par diverses institutions et a notamment obtenu un statut consultatif au Conseil de l\u2019Europe, \u00e0 l\u2019UNESCO ou encore \u00e0 l\u2019UNHCR. <\/p>\n\n\n\n<p>ELSA Li\u00e8ge est un cercle d\u2019\u00e9tudiants en droit qui repr\u00e9sente ELSA au niveau r\u00e9gional en Belgique. Il fut cr\u00e9\u00e9 en 2014 par des \u00e9tudiants de la facult\u00e9 de droit de l\u2019ULi\u00e8ge. Cette ann\u00e9e, la nouvelle team se compose de 23 membres. Leurs buts : organiser des activit\u00e9s tout au long de l\u2019ann\u00e9e afin de donner l\u2019opportunit\u00e9 aux \u00e9tudiants de rencontrer les acteurs du monde juridique&#8230; Mais aussi pr\u00e9parer des \u00e9v\u00e8nements festifs avec d\u2019autres cercles, partir rencontrer d\u2019autres ELSA en Europe (Madrid, Paris&#8230;), planifier des weekends avec les autres ELSA belges ou encore faire des soir\u00e9es \u00ab team building \u00bb et des restaurants (et bien plus encore&#8230;).<br><br>Adresse mail :&nbsp;<a href=\"mailto:president.liege@be.elsa.org\" data-type=\"mailto\" data-id=\"mailto:cesa.uliege@gmail.com\" target=\"_blank\" rel=\"noreferrer noopener\">president.liege@be.elsa.org<\/a><br>Facebook:&nbsp;<a href=\"https:\/\/www.facebook.com\/elsaliege\" data-type=\"link\" data-id=\"https:\/\/www.facebook.com\/groups\/233983540013445\" target=\"_blank\" rel=\"noreferrer noopener\">elsaliege<\/a><br>Instagram :&nbsp;<a href=\"https:\/\/www.instagram.com\/elsaliege\/\" data-type=\"link\" data-id=\"https:\/\/www.instagram.com\/cesa_uliege\/\" target=\"_blank\" rel=\"noreferrer noopener\">elsaliege<\/a><\/p>\n<\/div>\n<\/div><\/div>\n\n\n\n<div class=\"wp-block-media-text alignwide has-media-on-the-right is-stacked-on-mobile is-vertically-aligned-center has-background\" style=\"background-color:#dbffc0;grid-template-columns:auto 31%\"><div class=\"wp-block-media-text__content\">\n<div class=\"wp-block-group is-vertical is-layout-flex wp-container-core-group-is-layout-32a109f9 wp-block-group-is-layout-flex\" style=\"padding-top:2em;padding-right:2em;padding-bottom:2em;padding-left:2em\">\n<p style=\"font-size:30px\"><strong>Yaboumba Junior Li\u00e8ge<\/strong><\/p>\n\n\n\n<p>Yaboumba Junior Li\u00e8ge est le cercle des \u00e9tudiants v\u00e9t\u00e9rinaires de Li\u00e8ge passionn\u00e9s par les NAC (Nouveaux Animaux de Compagnie) et la Faune Sauvage. Notre staff organise de nombreuses activit\u00e9s tout au long de l&rsquo;ann\u00e9e telles que des conf\u00e9rences, des mini-meetings, des travaux pratiques, des autopsies de faune sauvage locale ou encore des visites de coulisses de parcs zoologiques.<br><br>Adresse mail :&nbsp;<a href=\"mailto:yaboumba.junior.liege@gmail.com\" data-type=\"mailto\" data-id=\"mailto:cspuliege69@gmail.com\" target=\"_blank\" rel=\"noreferrer noopener\">yaboumba.junior.liege@gmail.com<\/a><br>Instagram : <a href=\"https:\/\/www.instagram.com\/yaboumba_jr_lg\/\">@yaboubma_jr_lg<\/a><br>Site : <a href=\"https:\/\/yaboumbajuniorlieg.wixsite.com\/yabjuniorliege\">https:\/\/yaboumbajuniorlieg.wixsite.com\/yabjuniorliege<\/a><br><br><\/p>\n<\/div>\n<\/div><figure class=\"wp-block-media-text__media\"><img loading=\"lazy\" decoding=\"async\" width=\"719\" height=\"346\" src=\"https:\/\/fede-uliege.be\/wp-content\/uploads\/2024\/12\/Logo-detoure.png\" alt=\"\" class=\"wp-image-1657 size-full\" srcset=\"https:\/\/fede-uliege.be\/wp-content\/uploads\/2024\/12\/Logo-detoure.png 719w, https:\/\/fede-uliege.be\/wp-content\/uploads\/2024\/12\/Logo-detoure-300x144.png 300w\" sizes=\"(max-width: 719px) 100vw, 719px\" \/><\/figure><\/div>\n\n\n\n<div class=\"wp-block-media-text alignwide is-stacked-on-mobile is-vertically-aligned-center has-background\" style=\"background-color:#fffdea;grid-template-columns:35% auto\"><figure class=\"wp-block-media-text__media\"><img loading=\"lazy\" decoding=\"async\" width=\"1024\" height=\"1024\" src=\"https:\/\/fede-uliege.be\/wp-content\/uploads\/2023\/10\/5-1024x1024.png\" alt=\"\" class=\"wp-image-427 size-full\" srcset=\"https:\/\/fede-uliege.be\/wp-content\/uploads\/2023\/10\/5-1024x1024.png 1024w, https:\/\/fede-uliege.be\/wp-content\/uploads\/2023\/10\/5-300x300.png 300w, https:\/\/fede-uliege.be\/wp-content\/uploads\/2023\/10\/5-150x150.png 150w, https:\/\/fede-uliege.be\/wp-content\/uploads\/2023\/10\/5-768x768.png 768w, https:\/\/fede-uliege.be\/wp-content\/uploads\/2023\/10\/5.png 1080w\" sizes=\"(max-width: 1024px) 100vw, 1024px\" \/><\/figure><div class=\"wp-block-media-text__content\">\n<div class=\"wp-block-group is-vertical is-layout-flex wp-container-core-group-is-layout-32a109f9 wp-block-group-is-layout-flex\" style=\"padding-top:2em;padding-right:2em;padding-bottom:2em;padding-left:2em\">\n<p style=\"font-size:30px\"><strong>OEIL<\/strong><\/p>\n\n\n\n<p>L&rsquo;Orchestre \u00c9tudiant des Ing\u00e9nieurs de Li\u00e8ge, plus couramment appel\u00e9 OEIL, fut fond\u00e9 en 2012 au sein de la Facult\u00e9 des Sciences Appliqu\u00e9s de l&rsquo;Universit\u00e9 de Li\u00e8ge. La mission premi\u00e8re de l&rsquo;OEIL est de permettre aux \u00e9tudiants musiciens, de toute Facult\u00e9 et des Hautes \u00c9coles, de continuer la pratique de leur instrument via le jeu en orchestre, parall\u00e8lement \u00e0 leurs \u00e9tudes sup\u00e9rieures.<br><br>Adresse mail :&nbsp;<a href=\"mailto:oeil@uliege.be\" target=\"_blank\" rel=\"noreferrer noopener\">oeil@uliege.be<\/a>&nbsp;<br>Facebook :&nbsp;<a href=\"https:\/\/www.facebook.com\/OEILg\/?fref=ts\" target=\"_blank\" rel=\"noreferrer noopener\">OEILg<\/a><br>Instagram :&nbsp;<a href=\"https:\/\/www.instagram.com\/orchestre.oeil\/\" target=\"_blank\" rel=\"noreferrer noopener\">@orchestre.oeil<\/a><br>Site : <a href=\"https:\/\/www.oeil.uliege.be\">https:\/\/www.oeil.uliege.be<\/a><br>YouTube :&nbsp;<a href=\"https:\/\/www.youtube.com\/channel\/UCapkwp_TqD3JsH3heo24g1w\" target=\"_blank\" rel=\"noreferrer noopener\">https:\/\/www.youtube.com\/channel\/UCapkwp_TqD3JsH3heo24g1w<\/a><\/p>\n<\/div>\n<\/div><\/div>\n\n\n\n<div class=\"wp-block-media-text alignwide has-media-on-the-right is-stacked-on-mobile is-vertically-aligned-center has-background\" style=\"background-color:#dbffc0;grid-template-columns:auto 15%\"><div class=\"wp-block-media-text__content\">\n<div class=\"wp-block-group is-vertical is-layout-flex wp-container-core-group-is-layout-32a109f9 wp-block-group-is-layout-flex\" style=\"padding-top:2em;padding-right:2em;padding-bottom:2em;padding-left:2em\">\n<p style=\"font-size:30px\"><strong>CHAAM ULG<\/strong><\/p>\n\n\n\n<p>Un local g\u00e9r\u00e9 par des \u00e9tudiants pour des \u00e9tudiants, une v\u00e9ritable safe place pour tous !<\/p>\n\n\n\n<p class=\"has-text-align-left\">Le but ? F\u00e9d\u00e9rer les futurs historiens de l&rsquo;art et arch\u00e9ologues et int\u00e9grer les premi\u00e8res ann\u00e9es d&rsquo;\u00e9tudes dans un groupe soud\u00e9 d&rsquo;\u00e9tudiants et ainsi, leur permettre de r\u00e9ussir leurs \u00e9tudes tout en se cr\u00e9ant un r\u00e9seau d&rsquo;amis ! Comment ? En organisant un souper et un voyage annuels , un parrainage ainsi que des soir\u00e9es pour resserrer les liens !<br><br>Adresse mail :&nbsp;<a href=\"mailto:ulg.chaam@gmail.com\" data-type=\"mailto\" data-id=\"mailto:cesa.uliege@gmail.com\" target=\"_blank\" rel=\"noreferrer noopener\">ulg.chaam@gmail.com<\/a><br>Facebook:&nbsp;<a href=\"https:\/\/www.facebook.com\/chaam.ulg\" data-type=\"link\" data-id=\"https:\/\/www.facebook.com\/groups\/233983540013445\" target=\"_blank\" rel=\"noreferrer noopener\">chaam.ulg<\/a><br>Instagram :&nbsp;<a href=\"https:\/\/www.instagram.com\/chaamuliege\/\">@chaamuliege<\/a><\/p>\n<\/div>\n<\/div><figure class=\"wp-block-media-text__media\"><img loading=\"lazy\" decoding=\"async\" width=\"674\" height=\"960\" src=\"https:\/\/fede-uliege.be\/wp-content\/uploads\/2024\/12\/IMG_0314.jpeg\" alt=\"\" class=\"wp-image-1665 size-full\" srcset=\"https:\/\/fede-uliege.be\/wp-content\/uploads\/2024\/12\/IMG_0314.jpeg 674w, https:\/\/fede-uliege.be\/wp-content\/uploads\/2024\/12\/IMG_0314-211x300.jpeg 211w\" sizes=\"(max-width: 674px) 100vw, 674px\" \/><\/figure><\/div>\n\n\n\n<div class=\"wp-block-media-text alignwide is-stacked-on-mobile is-vertically-aligned-center has-background\" style=\"background-color:#fffdea;grid-template-columns:35% auto\"><figure class=\"wp-block-media-text__media\"><img loading=\"lazy\" decoding=\"async\" width=\"449\" height=\"445\" src=\"https:\/\/fede-uliege.be\/wp-content\/uploads\/2026\/02\/Logo_CIE.png\" alt=\"\" class=\"wp-image-2096 size-full\" srcset=\"https:\/\/fede-uliege.be\/wp-content\/uploads\/2026\/02\/Logo_CIE.png 449w, https:\/\/fede-uliege.be\/wp-content\/uploads\/2026\/02\/Logo_CIE-300x297.png 300w, https:\/\/fede-uliege.be\/wp-content\/uploads\/2026\/02\/Logo_CIE-150x150.png 150w\" sizes=\"(max-width: 449px) 100vw, 449px\" \/><\/figure><div class=\"wp-block-media-text__content\">\n<div class=\"wp-block-group is-vertical is-layout-flex wp-container-core-group-is-layout-32a109f9 wp-block-group-is-layout-flex\" style=\"padding-top:2em;padding-right:2em;padding-bottom:2em;padding-left:2em\">\n<p style=\"font-size:30px\"><strong>CIE Gembloux<\/strong><\/p>\n\n\n\n<p>Le Cercle International des \u00c9tudiants (CIE) est un cercle \u00e9tudiant de la Facult\u00e9 de Gembloux Agro-BioTech qui a pour mission de favoriser l\u2019int\u00e9gration des \u00e9tudiants internationaux tout en cr\u00e9ant des espaces d\u2019\u00e9change ouverts \u00e0 tous les \u00e9tudiants. Tout au long de l\u2019ann\u00e9e, le CIE organise des \u00e9v\u00e9nements vari\u00e9s tels que des sorties, des visites et des activit\u00e9s culturelles, favorisant la rencontre entre \u00e9tudiants internationaux et locaux. Son \u00e9v\u00e9nement phare, le&nbsp;Tour du Monde Gastronomique, est un grand buffet multiculturel organis\u00e9 chaque ann\u00e9e dans le cadre de la Semaine internationale de l\u2019ULi\u00e8ge, au cours duquel des \u00e9tudiants cuisinent et partagent des plats repr\u00e9sentatifs de leur culture.<br><br>Adresse mail :&nbsp;<a href=\"mailto:cie.gembloux@uliege.be\">cie.gembloux@uliege.be<\/a><br>Facebook :&nbsp;<a href=\"https:\/\/www.facebook.com\/cie.gembloux\">Cie Gembloux<\/a><br>Instagram :&nbsp;<a href=\"https:\/\/www.instagram.com\/ciegembloux\/\">@ciegembloux<\/a><\/p>\n<\/div>\n<\/div><\/div>\n\n\n\n<div class=\"wp-block-media-text alignwide has-media-on-the-right is-stacked-on-mobile is-vertically-aligned-center has-background\" style=\"background-color:#dbffc0;grid-template-columns:auto 34%\"><div class=\"wp-block-media-text__content\">\n<div class=\"wp-block-group is-vertical is-layout-flex wp-container-core-group-is-layout-32a109f9 wp-block-group-is-layout-flex\" style=\"padding-top:2em;padding-right:2em;padding-bottom:2em;padding-left:2em\">\n<p style=\"font-size:30px\"><strong>Comit\u00e9 Balis<\/strong><\/p>\n\n\n\n<p>La \u00ab Fondation BALIS \u00bb&nbsp;a \u00e9t\u00e9 cr\u00e9\u00e9e en m\u00e9moire de Philippe BALIS, \u00e9tudiant \u00e0 la Facult\u00e9 de droit, d\u00e9c\u00e9d\u00e9 lors de l&rsquo;explosion criminelle du 6 d\u00e9cembre 1985 au Palais de Justice de Li\u00e8ge.<\/p>\n\n\n\n<p>Une fondation est alors cr\u00e9e en sa m\u00e9moire par l\u2019employeur de son papa dans le but de financer des bourses&nbsp;pour les \u00e9tudiants en droit dans le besoins.<\/p>\n\n\n\n<p>Depuis lors, chaque ann\u00e9e, durant le mois d\u2019avril, les \u00e9tudiants, les assistants et enseignants de la Facult\u00e9 de Droit, de Science politique et de Criminologie se r\u00e9unissent le temps d&rsquo;un spectacle&nbsp;(imitations, musiques classique et contemporaine, sayn\u00e8tes) afin de r\u00e9unir des fonds&nbsp;qui viennent en aide aux \u00e9tudiants en droit en difficult\u00e9s.<br><br>Adresse mail : <a href=\"mailto:balis@uliege.be\">balis@uliege.be<\/a><br>Facebook : <a href=\"https:\/\/www.facebook.com\/p\/Balis-ULi%C3%A8ge-100075448914671\/\">Balis ULi\u00e8ge<\/a><br>Instagram : <a href=\"https:\/\/www.instagram.com\/balisuliege\/\">@balisuliege<\/a><\/p>\n<\/div>\n<\/div><figure class=\"wp-block-media-text__media\"><img loading=\"lazy\" decoding=\"async\" width=\"1024\" height=\"683\" src=\"https:\/\/fede-uliege.be\/wp-content\/uploads\/2026\/02\/Balis-1024x683.png\" alt=\"\" class=\"wp-image-2102 size-full\" srcset=\"https:\/\/fede-uliege.be\/wp-content\/uploads\/2026\/02\/Balis-1024x683.png 1024w, https:\/\/fede-uliege.be\/wp-content\/uploads\/2026\/02\/Balis-300x200.png 300w, https:\/\/fede-uliege.be\/wp-content\/uploads\/2026\/02\/Balis-768x512.png 768w, https:\/\/fede-uliege.be\/wp-content\/uploads\/2026\/02\/Balis-1536x1024.png 1536w, https:\/\/fede-uliege.be\/wp-content\/uploads\/2026\/02\/Balis-2048x1365.png 2048w, https:\/\/fede-uliege.be\/wp-content\/uploads\/2026\/02\/Balis-930x620.png 930w\" sizes=\"(max-width: 1024px) 100vw, 1024px\" \/><\/figure><\/div>\n\n\n\n<div class=\"wp-block-media-text alignwide is-stacked-on-mobile is-vertically-aligned-center has-background\" style=\"background-color:#fffdea;grid-template-columns:35% auto\"><figure class=\"wp-block-media-text__media\"><img loading=\"lazy\" decoding=\"async\" width=\"225\" height=\"224\" src=\"https:\/\/fede-uliege.be\/wp-content\/uploads\/2026\/02\/unnamed-1.jpg\" alt=\"\" class=\"wp-image-2116 size-full\" srcset=\"https:\/\/fede-uliege.be\/wp-content\/uploads\/2026\/02\/unnamed-1.jpg 225w, https:\/\/fede-uliege.be\/wp-content\/uploads\/2026\/02\/unnamed-1-150x150.jpg 150w\" sizes=\"(max-width: 225px) 100vw, 225px\" \/><\/figure><div class=\"wp-block-media-text__content\">\n<div class=\"wp-block-group is-vertical is-layout-flex wp-container-core-group-is-layout-32a109f9 wp-block-group-is-layout-flex\" style=\"padding-top:2em;padding-right:2em;padding-bottom:2em;padding-left:2em\">\n<p style=\"font-size:30px\"><strong>ESN HEC<\/strong><\/p>\n\n\n\n<p>L\u2019Erasmus Student Network (ESN) fait partie int\u00e9grante du r\u00e9seau europ\u00e9en \u00ab ESN \u00bb, pr\u00e9sent dans de nombreuses universit\u00e9s \u00e0 travers l\u2019Europe. Nous sommes compos\u00e9s de 20 personnes et notre mission est d\u2019accueillir et soutenir les \u00e9tudiants internationaux d\u2019HEC tout au long de leur s\u00e9jour \u00e0 Li\u00e8ge. Nous leur offrons une aide logistique, sociale (via les nombreux \u00e9v\u00e8nements que nous organisions durant l\u2019ann\u00e9e), et culturelle (via les voyages que nous organisons chaque semestre).<br><br>Adresse mail : <a href=\"mailto:esn.hec.uliege@gmail.com\">esn.hec.uliege@gmail.com<\/a><br>Linktree :&nbsp;<a href=\"https:\/\/linktr.ee\/esn.hec\">https:\/\/linktr.ee\/esn.hec<\/a><br><\/p>\n<\/div>\n<\/div><\/div>\n\n\n\n<div class=\"wp-block-media-text alignwide has-media-on-the-right is-stacked-on-mobile is-vertically-aligned-center has-background\" style=\"background-color:#dbffc0;grid-template-columns:auto 34%\"><div class=\"wp-block-media-text__content\">\n<div class=\"wp-block-group is-vertical is-layout-flex wp-container-core-group-is-layout-32a109f9 wp-block-group-is-layout-flex\" style=\"padding-top:2em;padding-right:2em;padding-bottom:2em;padding-left:2em\">\n<p style=\"font-size:30px\"><strong>Cercle de G\u00e9ologie (CdG)<\/strong><\/p>\n\n\n\n<p>Le Cercle de G\u00e9ologie est un groupe d\u2019\u00e9tudiants de la Facult\u00e9 des Sciences g\u00e9ologiques au B18. Des sorties sur le terrain ainsi que diverses activit\u00e9s \u00e9tudiantes y sont organis\u00e9es.<br><br>Adresse mail :&nbsp;<a href=\"mailto:cercledegeologie@gmail.com\" target=\"_blank\" rel=\"noreferrer noopener\">cercledegeologie@gmail.com<\/a><br>Facebook : <a href=\"https:\/\/www.facebook.com\/CercleDeGeologie\">Cercle de G\u00e9ologie \u2013 CdG<\/a><br>Instagram : <a href=\"https:\/\/www.instagram.com\/cercledegeologie\/\">@cercledegeologie<\/a><br><\/p>\n<\/div>\n<\/div><figure class=\"wp-block-media-text__media\"><img loading=\"lazy\" decoding=\"async\" width=\"1024\" height=\"1024\" src=\"https:\/\/fede-uliege.be\/wp-content\/uploads\/2026\/02\/415d2a56-4353-42ff-a06a-4e966d9644eb.jpg\" alt=\"\" class=\"wp-image-2124 size-full\" srcset=\"https:\/\/fede-uliege.be\/wp-content\/uploads\/2026\/02\/415d2a56-4353-42ff-a06a-4e966d9644eb.jpg 1024w, https:\/\/fede-uliege.be\/wp-content\/uploads\/2026\/02\/415d2a56-4353-42ff-a06a-4e966d9644eb-300x300.jpg 300w, https:\/\/fede-uliege.be\/wp-content\/uploads\/2026\/02\/415d2a56-4353-42ff-a06a-4e966d9644eb-150x150.jpg 150w, https:\/\/fede-uliege.be\/wp-content\/uploads\/2026\/02\/415d2a56-4353-42ff-a06a-4e966d9644eb-768x768.jpg 768w\" sizes=\"(max-width: 1024px) 100vw, 1024px\" \/><\/figure><\/div>\n\n\n\n<hr class=\"wp-block-separator alignwide has-text-color has-neve-link-hover-color-color has-alpha-channel-opacity has-neve-link-hover-color-background-color has-background is-style-wide\"\/>\n\n\n\n<div class=\"wp-block-media-text alignwide is-stacked-on-mobile is-vertically-aligned-center has-nv-text-dark-bg-background-color has-background\" style=\"grid-template-columns:20% auto\"><figure class=\"wp-block-media-text__media\"><img loading=\"lazy\" decoding=\"async\" width=\"238\" height=\"80\" src=\"https:\/\/fede-uliege.be\/wp-content\/uploads\/2024\/01\/CHARTE_GRAPHIQUE_2024-6.png\" alt=\"\" class=\"wp-image-1447 size-full\"\/><\/figure><div class=\"wp-block-media-text__content\">\n<div class=\"wp-block-group\" style=\"padding-top:2em;padding-right:2em;padding-bottom:2em;padding-left:2em\"><div class=\"wp-block-group__inner-container is-layout-flow wp-block-group-is-layout-flow\">\n<h2 class=\"wp-block-heading has-neve-link-hover-color-color has-text-color\" style=\"font-size:40px\"><strong>LES CERCLES INTERFACULTAIRES<\/strong><\/h2>\n<\/div><\/div>\n<\/div><\/div>\n\n\n\n<hr class=\"wp-block-separator alignwide has-text-color has-neve-link-hover-color-color has-alpha-channel-opacity has-neve-link-hover-color-background-color has-background is-style-wide\"\/>\n\n\n\n<div class=\"wp-block-media-text alignwide has-media-on-the-right is-stacked-on-mobile is-vertically-aligned-center has-background\" style=\"background-color:#dbffc0;grid-template-columns:auto 33%\"><div class=\"wp-block-media-text__content\">\n<div class=\"wp-block-group is-vertical is-layout-flex wp-container-core-group-is-layout-32a109f9 wp-block-group-is-layout-flex\" style=\"padding-top:2em;padding-right:2em;padding-bottom:2em;padding-left:2em\">\n<p style=\"font-size:30px\"><strong>ESN<\/strong><\/p>\n\n\n\n<p>Notre cercle a pour objectif de faciliter l&rsquo;int\u00e9gration des Erasmus au sein de la vie estudiantine li\u00e9geoise. Nous organisons des voyages, visites de mus\u00e9e, soir\u00e9es et encore bien d&rsquo;autres activit\u00e9s.<br><br>Adresse mail :&nbsp;<a href=\"mailto:lescastorsardents@gmail.com\">esn@uliege.be<\/a><br>Facebook : <a href=\"https:\/\/www.facebook.com\/esnuliege\">ESN ULi\u00e8ge &#8211; Erasmus Student Network<\/a><br>Intragram&nbsp;: <a href=\"https:\/\/www.instagram.com\/esnuliege\/?hl=fr\">@esnuliege<\/a><\/p>\n<\/div>\n<\/div><figure class=\"wp-block-media-text__media\"><img loading=\"lazy\" decoding=\"async\" width=\"1024\" height=\"1024\" src=\"https:\/\/fede-uliege.be\/wp-content\/uploads\/2023\/12\/PHOTO_1-4-1024x1024.png\" alt=\"\" class=\"wp-image-1013 size-full\" srcset=\"https:\/\/fede-uliege.be\/wp-content\/uploads\/2023\/12\/PHOTO_1-4-1024x1024.png 1024w, https:\/\/fede-uliege.be\/wp-content\/uploads\/2023\/12\/PHOTO_1-4-300x300.png 300w, https:\/\/fede-uliege.be\/wp-content\/uploads\/2023\/12\/PHOTO_1-4-150x150.png 150w, https:\/\/fede-uliege.be\/wp-content\/uploads\/2023\/12\/PHOTO_1-4-768x768.png 768w, https:\/\/fede-uliege.be\/wp-content\/uploads\/2023\/12\/PHOTO_1-4.png 1080w\" sizes=\"(max-width: 1024px) 100vw, 1024px\" \/><\/figure><\/div>\n\n\n\n<div class=\"wp-block-media-text alignwide is-stacked-on-mobile is-vertically-aligned-center has-background\" style=\"background-color:#fffdea;grid-template-columns:35% auto\"><figure class=\"wp-block-media-text__media\"><img loading=\"lazy\" decoding=\"async\" width=\"1024\" height=\"1024\" src=\"https:\/\/fede-uliege.be\/wp-content\/uploads\/2023\/11\/25-1024x1024.png\" alt=\"\" class=\"wp-image-929 size-full\" srcset=\"https:\/\/fede-uliege.be\/wp-content\/uploads\/2023\/11\/25-1024x1024.png 1024w, https:\/\/fede-uliege.be\/wp-content\/uploads\/2023\/11\/25-300x300.png 300w, https:\/\/fede-uliege.be\/wp-content\/uploads\/2023\/11\/25-150x150.png 150w, https:\/\/fede-uliege.be\/wp-content\/uploads\/2023\/11\/25-768x768.png 768w, https:\/\/fede-uliege.be\/wp-content\/uploads\/2023\/11\/25.png 1080w\" sizes=\"(max-width: 1024px) 100vw, 1024px\" \/><\/figure><div class=\"wp-block-media-text__content\">\n<div class=\"wp-block-group is-vertical is-layout-flex wp-container-core-group-is-layout-32a109f9 wp-block-group-is-layout-flex\" style=\"padding-top:2em;padding-right:2em;padding-bottom:2em;padding-left:2em\">\n<p style=\"font-size:30px\"><strong>Amnesty<\/strong><\/p>\n\n\n\n<p>Nous sommes un cercle interfacultaire qui a pour objectif la d\u00e9fense des droits humains via diff\u00e9rentes actions sur le campus et ailleurs. Nous avons \u00e9galement la volont\u00e9 d\u2019instruire les \u00e9tudiants gr\u00e2ce \u00e0 des conf\u00e9rences diverses et vari\u00e9es, toujours sur la th\u00e9matique des droits humains. Avan\u00e7ons tous ensemble pour un monde meilleur !<br><br>Adresse mail&nbsp;:&nbsp;<a href=\"mailto:responsable.amnestyint.uliege@gmail.com\">responsable.amnestyint.uliege@gmail.com<\/a><br>Facebook :&nbsp;<a href=\"https:\/\/www.facebook.com\/profile.php?id=100064679023183\">Amnesty International &#8211; Universit\u00e9 de Li\u00e8ge<\/a><br>Instagram : <a href=\"https:\/\/www.instagram.com\/uliege.human.rights\/\">@amnesty.international.uliege<\/a><\/p>\n<\/div>\n<\/div><\/div>\n\n\n\n<div class=\"wp-block-media-text alignwide has-media-on-the-right is-stacked-on-mobile is-vertically-aligned-center has-background\" style=\"background-color:#dbffc0;grid-template-columns:auto 40%\"><div class=\"wp-block-media-text__content\">\n<div class=\"wp-block-group is-vertical is-layout-flex wp-container-core-group-is-layout-32a109f9 wp-block-group-is-layout-flex\" style=\"padding-top:2em;padding-right:2em;padding-bottom:2em;padding-left:2em\">\n<p style=\"font-size:30px\"><strong>Les Castors Ardents<\/strong><\/p>\n\n\n\n<p>Les Castors Ardents, c&rsquo;est une \u00e9quipe d&rsquo;improvisation li\u00e9geoise compos\u00e9e uniquement d&rsquo;\u00e9tudiant.e.s passionn\u00e9.e.s par le th\u00e9\u00e2tre d&rsquo;improvisation.<br>Son objectif est de promouvoir l&rsquo;improvisation chez les \u00e9tudiant.e.s de Li\u00e8ge et de d\u00e9fendre les couleurs de l\u2019ULi\u00e8ge au championnat interuniversitaire de la FBIA par l&rsquo;organisation de divers rencontres et \u00e9v\u00e9nements.<br><br>Adresse mail :&nbsp;<a href=\"mailto:lescastorsardents@gmail.com\">lescastorsardents@gmail.com<\/a><br>Facebook : <a href=\" https:\/\/www.facebook.com\/LesCastorsArdents\">Les Castors Ardents<\/a><br>Intragram&nbsp;: <a href=\"https:\/\/instagram.com\/les_castors_ardents?igshid=MzMyNGUyNmU2YQ==\">@les_castors_ardents<\/a><\/p>\n<\/div>\n<\/div><figure class=\"wp-block-media-text__media\"><img loading=\"lazy\" decoding=\"async\" width=\"1024\" height=\"1024\" src=\"https:\/\/fede-uliege.be\/wp-content\/uploads\/2023\/11\/23-1024x1024.png\" alt=\"\" class=\"wp-image-928 size-full\" srcset=\"https:\/\/fede-uliege.be\/wp-content\/uploads\/2023\/11\/23-1024x1024.png 1024w, https:\/\/fede-uliege.be\/wp-content\/uploads\/2023\/11\/23-300x300.png 300w, https:\/\/fede-uliege.be\/wp-content\/uploads\/2023\/11\/23-150x150.png 150w, https:\/\/fede-uliege.be\/wp-content\/uploads\/2023\/11\/23-768x768.png 768w, https:\/\/fede-uliege.be\/wp-content\/uploads\/2023\/11\/23.png 1080w\" sizes=\"(max-width: 1024px) 100vw, 1024px\" \/><\/figure><\/div>\n\n\n\n<div class=\"wp-block-media-text alignwide is-stacked-on-mobile is-vertically-aligned-center has-background\" style=\"background-color:#fffdea;grid-template-columns:35% auto\"><figure class=\"wp-block-media-text__media\"><img loading=\"lazy\" decoding=\"async\" width=\"1024\" height=\"1024\" src=\"https:\/\/fede-uliege.be\/wp-content\/uploads\/2023\/11\/22-1024x1024.png\" alt=\"\" class=\"wp-image-927 size-full\" srcset=\"https:\/\/fede-uliege.be\/wp-content\/uploads\/2023\/11\/22-1024x1024.png 1024w, https:\/\/fede-uliege.be\/wp-content\/uploads\/2023\/11\/22-300x300.png 300w, https:\/\/fede-uliege.be\/wp-content\/uploads\/2023\/11\/22-150x150.png 150w, https:\/\/fede-uliege.be\/wp-content\/uploads\/2023\/11\/22-768x768.png 768w, https:\/\/fede-uliege.be\/wp-content\/uploads\/2023\/11\/22.png 1080w\" sizes=\"(max-width: 1024px) 100vw, 1024px\" \/><\/figure><div class=\"wp-block-media-text__content\">\n<div class=\"wp-block-group is-vertical is-layout-flex wp-container-core-group-is-layout-32a109f9 wp-block-group-is-layout-flex\" style=\"padding-top:2em;padding-right:2em;padding-bottom:2em;padding-left:2em\">\n<p style=\"font-size:30px\"><strong>Unicef<\/strong><\/p>\n\n\n\n<p>Le Cercle UNICEF ULi\u00e8ge est un cercle interfacultaire dont le but est de sensibiliser la communaut\u00e9 universitaire (mais pas que) \u00e0 propos des actions d&rsquo;UNICEF Belgique et des th\u00e9matiques actuelles en lien avec les droits de l&rsquo;enfant. Jeune cercle qui ne demande qu&rsquo;\u00e0 se d\u00e9velopper, nous avons parfois la chance de participer \u00e0 des \u00e9v\u00e9nements de plus grande envergure (comme les Ardentes) gr\u00e2ce \u00e0 UNICEF Belgique, en plus des actions que nous organisons nous-m\u00eames sur le campus.<br><br>Adresse mail&nbsp;:&nbsp;<a href=\"mailto:cercleunicefuliege@gmail.com\">cercleunicefuliege@gmail.com<\/a><br>Facebook :&nbsp;<a href=\"https:\/\/www.facebook.com\/UnicefULiege\">Cercle Unicef ULi\u00e8ge<\/a><br>Instagram :&nbsp;<a href=\"https:\/\/www.instagram.com\/unicef_uliege\/\">@unicef_uliege<\/a><\/p>\n<\/div>\n<\/div><\/div>\n\n\n\n<div class=\"wp-block-media-text alignwide has-media-on-the-right is-stacked-on-mobile is-vertically-aligned-center has-background\" style=\"background-color:#dbffc0;grid-template-columns:auto 40%\"><div class=\"wp-block-media-text__content\">\n<div class=\"wp-block-group is-vertical is-layout-flex wp-container-core-group-is-layout-32a109f9 wp-block-group-is-layout-flex\" style=\"padding-top:2em;padding-right:2em;padding-bottom:2em;padding-left:2em\">\n<p style=\"font-size:30px\"><strong>Ecolo J<\/strong><\/p>\n\n\n\n<p>Ecolo j est un cercle politique qui sensibilise aux enjeux et aux valeurs de l\u2019\u00e9cologie politique, particuli\u00e8rement en mati\u00e8re culturelle, sociale, \u00e9conomique et environnementale. Et ce, en vue de la construction d\u2019une soci\u00e9t\u00e9 plus juste, plus solidaire, plus durable et plus ouverte aux jeunes.<br><br>Adresse mail :&nbsp;<a href=\"mailto:uliege@ecoloj.be\" target=\"_blank\" rel=\"noreferrer noopener\">uliege@ecoloj.be<\/a><br>Facebook :&nbsp;<a href=\"https:\/\/www.facebook.com\/ecoloJULiege\" target=\"_blank\" rel=\"noreferrer noopener\">\u00e9colo j ULi\u00e8ge<\/a><br>Instagram : <a href=\"https:\/\/www.instagram.com\/ecoloj_liege\/\">@ecoloj_liege<\/a><\/p>\n<\/div>\n<\/div><figure class=\"wp-block-media-text__media\"><img loading=\"lazy\" decoding=\"async\" width=\"1024\" height=\"678\" src=\"https:\/\/fede-uliege.be\/wp-content\/uploads\/2023\/10\/Reg_ULiege-1024x678.png\" alt=\"\" class=\"wp-image-514 size-full\" srcset=\"https:\/\/fede-uliege.be\/wp-content\/uploads\/2023\/10\/Reg_ULiege-1024x678.png 1024w, https:\/\/fede-uliege.be\/wp-content\/uploads\/2023\/10\/Reg_ULiege-300x199.png 300w, https:\/\/fede-uliege.be\/wp-content\/uploads\/2023\/10\/Reg_ULiege-768x509.png 768w, https:\/\/fede-uliege.be\/wp-content\/uploads\/2023\/10\/Reg_ULiege-1536x1017.png 1536w, https:\/\/fede-uliege.be\/wp-content\/uploads\/2023\/10\/Reg_ULiege-2048x1357.png 2048w\" sizes=\"(max-width: 1024px) 100vw, 1024px\" \/><\/figure><\/div>\n\n\n\n<div class=\"wp-block-media-text alignwide is-stacked-on-mobile is-vertically-aligned-center has-background\" style=\"background-color:#fffdea;grid-template-columns:40% auto\"><figure class=\"wp-block-media-text__media\"><img loading=\"lazy\" decoding=\"async\" width=\"1024\" height=\"1024\" src=\"https:\/\/fede-uliege.be\/wp-content\/uploads\/2023\/10\/7-1024x1024.png\" alt=\"\" class=\"wp-image-429 size-full\" srcset=\"https:\/\/fede-uliege.be\/wp-content\/uploads\/2023\/10\/7-1024x1024.png 1024w, https:\/\/fede-uliege.be\/wp-content\/uploads\/2023\/10\/7-300x300.png 300w, https:\/\/fede-uliege.be\/wp-content\/uploads\/2023\/10\/7-150x150.png 150w, https:\/\/fede-uliege.be\/wp-content\/uploads\/2023\/10\/7-768x768.png 768w, https:\/\/fede-uliege.be\/wp-content\/uploads\/2023\/10\/7.png 1080w\" sizes=\"(max-width: 1024px) 100vw, 1024px\" \/><\/figure><div class=\"wp-block-media-text__content\">\n<div class=\"wp-block-group is-vertical is-layout-flex wp-container-core-group-is-layout-32a109f9 wp-block-group-is-layout-flex\" style=\"padding-top:2em;padding-right:2em;padding-bottom:2em;padding-left:2em\">\n<p style=\"font-size:30px\"><strong>CEAA<\/strong><\/p>\n\n\n\n<p>Le cercle des \u00e9tudiant.e.s africain.e.s et ami.e.s (CEAA) est un cercle interfacultaire qui vise \u00e0 rassembler des \u00e9tudiant.e.s passionn\u00e9.e.s par l&rsquo;Afrique et sa culture, en mettant en valeur ces derni\u00e8res gr\u00e2ce \u00e0 l&rsquo;organisation d&rsquo;\u00e9v\u00e9nements et \u00e0 la cr\u00e9ation de partenariats.<br><br>Adresse mail :&nbsp;<a href=\"mailto:cea.ulg@gmail.com\" target=\"_blank\" rel=\"noreferrer noopener\">cea.ulg@gmail.com<\/a><br>Facebook : <a href=\"https:\/\/www.facebook.com\/ceaa.uliege\">comit\u00e9 Ceaa Uliege<\/a><br>Instagram : <a href=\"https:\/\/www.instagram.com\/ceaa.uliege\/?next=%2F\">@ceaa.uliege<\/a><\/p>\n<\/div>\n<\/div><\/div>\n\n\n\n<div class=\"wp-block-media-text alignwide has-media-on-the-right is-stacked-on-mobile is-vertically-aligned-center has-background\" style=\"background-color:#dbffc0;grid-template-columns:auto 35%\"><div class=\"wp-block-media-text__content\">\n<div class=\"wp-block-group is-vertical is-layout-flex wp-container-core-group-is-layout-32a109f9 wp-block-group-is-layout-flex\" style=\"padding-top:2em;padding-right:2em;padding-bottom:2em;padding-left:2em\">\n<p style=\"font-size:30px\"><strong>Le Cercle des \u00c9tudiants Musulmans<\/strong><\/p>\n\n\n\n<p>Sa mission s\u2019articule autour de trois valeurs fondamentales : la r\u00e9ussite scolaire, un cheminement spirituel et le d\u00e9veloppement d&rsquo;une \u00e9thique islamique.<br><br>Adresse mail :&nbsp;<a href=\"mailto:cercle.etudiants.musulmans@outlook.com\" data-type=\"mailto\" data-id=\"mailto:cercle.etudiants.musulmans@outlook.com\">Cercle des Etudiants Musulmans<\/a><br>Facebook:&nbsp;<a href=\"https:\/\/www.facebook.com\/cem.cercle\">Cercle des Etudiants Musulmans<\/a><br>Instagram:&nbsp;<a href=\"https:\/\/www.instagram.com\/cem.cercle\/\">@cem.cercle<\/a><\/p>\n<\/div>\n<\/div><figure class=\"wp-block-media-text__media\"><img loading=\"lazy\" decoding=\"async\" width=\"1024\" height=\"725\" src=\"https:\/\/fede-uliege.be\/wp-content\/uploads\/2024\/12\/LOGO-CEM_page-0001-1024x725.jpg\" alt=\"\" class=\"wp-image-1641 size-full\" srcset=\"https:\/\/fede-uliege.be\/wp-content\/uploads\/2024\/12\/LOGO-CEM_page-0001-1024x725.jpg 1024w, https:\/\/fede-uliege.be\/wp-content\/uploads\/2024\/12\/LOGO-CEM_page-0001-300x212.jpg 300w, https:\/\/fede-uliege.be\/wp-content\/uploads\/2024\/12\/LOGO-CEM_page-0001-768x543.jpg 768w, https:\/\/fede-uliege.be\/wp-content\/uploads\/2024\/12\/LOGO-CEM_page-0001-1536x1087.jpg 1536w, https:\/\/fede-uliege.be\/wp-content\/uploads\/2024\/12\/LOGO-CEM_page-0001.jpg 1754w\" sizes=\"(max-width: 1024px) 100vw, 1024px\" \/><\/figure><\/div>\n\n\n\n<div class=\"wp-block-media-text alignwide is-stacked-on-mobile is-vertically-aligned-center has-background\" style=\"background-color:#fffdea;grid-template-columns:35% auto\"><figure class=\"wp-block-media-text__media\"><img loading=\"lazy\" decoding=\"async\" width=\"1024\" height=\"1024\" src=\"https:\/\/fede-uliege.be\/wp-content\/uploads\/2023\/10\/PHOTO_1-5-1024x1024.png\" alt=\"\" class=\"wp-image-517 size-full\" srcset=\"https:\/\/fede-uliege.be\/wp-content\/uploads\/2023\/10\/PHOTO_1-5-1024x1024.png 1024w, https:\/\/fede-uliege.be\/wp-content\/uploads\/2023\/10\/PHOTO_1-5-300x300.png 300w, https:\/\/fede-uliege.be\/wp-content\/uploads\/2023\/10\/PHOTO_1-5-150x150.png 150w, https:\/\/fede-uliege.be\/wp-content\/uploads\/2023\/10\/PHOTO_1-5-768x768.png 768w, https:\/\/fede-uliege.be\/wp-content\/uploads\/2023\/10\/PHOTO_1-5.png 1080w\" sizes=\"(max-width: 1024px) 100vw, 1024px\" \/><\/figure><div class=\"wp-block-media-text__content\">\n<div class=\"wp-block-group is-vertical is-layout-flex wp-container-core-group-is-layout-32a109f9 wp-block-group-is-layout-flex\" style=\"padding-top:2em;padding-right:2em;padding-bottom:2em;padding-left:2em\">\n<p style=\"font-size:30px\"><strong>CIMI<\/strong><\/p>\n\n\n\n<p>Depuis 1955, le&nbsp;CIMI&nbsp;(Cercle Interfacultaire de Musique Instrumentale) permet aux \u00e9tudiants et anciens \u00e9tudiants jouant d\u2019un instrument \u00e0 cordes (violon, alto, violoncelle, contrebasse) de faire de la musique au sein d\u2019un orchestre qui a toujours su concilier un certain degr\u00e9 d\u2019exigence et une atmosph\u00e8re chaleureuse. Le CIMI collabore avec des musiciens professionnels (solistes, chefs invit\u00e9s) et effectue&nbsp;r\u00e9guli\u00e8rement&nbsp;des tourn\u00e9es d&rsquo;\u00e9t\u00e9 \u00e0 l&rsquo;\u00e9tranger.<br><br>Adresse mail : <a href=\"mailto:cimi@uliege.be\" target=\"_blank\" rel=\"noreferrer noopener\">cimi@uliege.be<\/a><br>Facebook : <a href=\"https:\/\/www.facebook.com\/CIMIUliege\" target=\"_blank\" rel=\"noreferrer noopener\">CIMI ULi\u00e8ge<\/a><br>Instagram : <a href=\"https:\/\/www.instagram.com\/cimi_uliege\/\">@cimi_uliege<\/a><br>Site : <a href=\"http:\/\/www.cimi.ulg.ac.be\/\" target=\"_blank\" rel=\"noreferrer noopener\">http:\/\/www.cimi.ulg.ac.be\/<\/a><br>Youtube : <a href=\"https:\/\/www.youtube.com\/channel\/UCQr7GxkuHbMwCx6Ori-wzzg\/featured\" target=\"_blank\" rel=\"noreferrer noopener\">https:\/\/www.youtube.com\/channel\/UCQr7GxkuHbMwCx6Ori-wzzg\/featured<\/a><\/p>\n<\/div>\n<\/div><\/div>\n\n\n\n<div class=\"wp-block-media-text alignwide has-media-on-the-right is-stacked-on-mobile is-vertically-aligned-center has-background\" style=\"background-color:#dbffc0;grid-template-columns:auto 35%\"><div class=\"wp-block-media-text__content\">\n<div class=\"wp-block-group is-vertical is-layout-flex wp-container-core-group-is-layout-32a109f9 wp-block-group-is-layout-flex\" style=\"padding-top:2em;padding-right:2em;padding-bottom:2em;padding-left:2em\">\n<p style=\"font-size:30px\"><strong>SPECQUE<\/strong><\/p>\n\n\n\n<p>La Specque ULi\u00e8ge fait partie de l&rsquo;organisation internationale SPECQUE (Simulation du Parlement Europ\u00e9en Canada-Qu\u00e9bec-Europe) et est repr\u00e9sent\u00e9e par des \u00e9tudiants de diff\u00e9rentes facult\u00e9s. Elle aspire \u00e0 pr\u00e9parer ses membres pour vivre une semaine de simulation exceptionnelle (au Canada ou en Europe) ainsi qu&rsquo;une exp\u00e9rience humaine et sociale inoubliable.<br><br>Adresse mail : <a href=\"mailto:specqueuliege@gmail.com\">specqueuliege@gmail.com<\/a><br>Facebook : <a href=\"https:\/\/www.facebook.com\/specqueuliege\">specqueuliege<\/a>&nbsp;<br>Instagram : &nbsp;<a href=\"https:\/\/www.instagram.com\/specque.uliege\/\">@specque.uliege<\/a><\/p>\n<\/div>\n<\/div><figure class=\"wp-block-media-text__media\"><img loading=\"lazy\" decoding=\"async\" width=\"1080\" height=\"1080\" src=\"https:\/\/fede-uliege.be\/wp-content\/uploads\/2023\/10\/4-1024x1024.png\" alt=\"\" class=\"wp-image-426 size-full\" srcset=\"https:\/\/fede-uliege.be\/wp-content\/uploads\/2023\/10\/4-1024x1024.png 1024w, https:\/\/fede-uliege.be\/wp-content\/uploads\/2023\/10\/4-300x300.png 300w, https:\/\/fede-uliege.be\/wp-content\/uploads\/2023\/10\/4-150x150.png 150w, https:\/\/fede-uliege.be\/wp-content\/uploads\/2023\/10\/4-768x768.png 768w, https:\/\/fede-uliege.be\/wp-content\/uploads\/2023\/10\/4.png 1080w\" sizes=\"(max-width: 1080px) 100vw, 1080px\" \/><\/figure><\/div>\n\n\n\n<div class=\"wp-block-media-text alignwide is-stacked-on-mobile is-vertically-aligned-center has-background\" style=\"background-color:#fffdea;grid-template-columns:35% auto\"><figure class=\"wp-block-media-text__media\"><img loading=\"lazy\" decoding=\"async\" width=\"1024\" height=\"1024\" src=\"https:\/\/fede-uliege.be\/wp-content\/uploads\/2023\/10\/PHOTO_1-2-1-1024x1024.png\" alt=\"\" class=\"wp-image-477 size-full\" srcset=\"https:\/\/fede-uliege.be\/wp-content\/uploads\/2023\/10\/PHOTO_1-2-1-1024x1024.png 1024w, https:\/\/fede-uliege.be\/wp-content\/uploads\/2023\/10\/PHOTO_1-2-1-300x300.png 300w, https:\/\/fede-uliege.be\/wp-content\/uploads\/2023\/10\/PHOTO_1-2-1-150x150.png 150w, https:\/\/fede-uliege.be\/wp-content\/uploads\/2023\/10\/PHOTO_1-2-1-768x768.png 768w, https:\/\/fede-uliege.be\/wp-content\/uploads\/2023\/10\/PHOTO_1-2-1.png 1080w\" sizes=\"(max-width: 1024px) 100vw, 1024px\" \/><\/figure><div class=\"wp-block-media-text__content\">\n<div class=\"wp-block-group is-vertical is-layout-flex wp-container-core-group-is-layout-32a109f9 wp-block-group-is-layout-flex\" style=\"padding-top:2em;padding-right:2em;padding-bottom:2em;padding-left:2em\">\n<p style=\"font-size:30px\"><strong>AGORA<\/strong><\/p>\n\n\n\n<p>AGORA ULi\u00e8ge est un cercle \u00e9tudiant interfacultaire poursuivant un double objectif&nbsp;: d\u00e9velopper l\u2019int\u00e9r\u00eat pour la chose publique chez les \u00e9tudiants et promouvoir l\u2019art du d\u00e9bat.<br><br>Adresse mail&nbsp;:&nbsp;<a href=\"mailto:agora.uliege@gmail.com\" target=\"_blank\" rel=\"noreferrer noopener\">agora.uliege@gmail.com<\/a><br>Facebook : <a href=\"https:\/\/www.facebook.com\/agorauliege\" target=\"_blank\" rel=\"noreferrer noopener\">agorauliege<\/a>&nbsp;<br>Instagram : <a href=\"https:\/\/www.instagram.com\/agorauliege\/?hl=fr\" target=\"_blank\" rel=\"noreferrer noopener\">@agorauliege<\/a><\/p>\n<\/div>\n<\/div><\/div>\n\n\n\n<div class=\"wp-block-media-text alignwide has-media-on-the-right is-stacked-on-mobile is-vertically-aligned-center has-background\" style=\"background-color:#dbffc0;grid-template-columns:auto 35%\"><div class=\"wp-block-media-text__content\">\n<div class=\"wp-block-group is-vertical is-layout-flex wp-container-core-group-is-layout-32a109f9 wp-block-group-is-layout-flex\" style=\"padding-top:2em;padding-right:2em;padding-bottom:2em;padding-left:2em\">\n<p style=\"font-size:30px\"><strong>N-HiTec<\/strong><\/p>\n\n\n\n<p>N-HiTec est une Junior Entreprise, soit une start-up g\u00e9r\u00e9e exclusivement par des \u00e9tudiants ! Proposant des services en informatique et ing\u00e9nierie, nos membres proviennent principalement de la Facult\u00e9 des Sciences Appliqu\u00e9es mais \u00e9galement d\u2019autres facult\u00e9s de l&rsquo;Universit\u00e9 de Li\u00e8ge.<br><br>Adresse mail :&nbsp;<a href=\"mailto:rp@nhitec.com\" target=\"_blank\" rel=\"noreferrer noopener\">rp@nhitec.com<\/a>&nbsp;ou&nbsp;<a href=\"mailto:info@nhitec.com\" target=\"_blank\" rel=\"noreferrer noopener\">info@nhitec.com<\/a><br>Facebook :&nbsp;<a href=\"https:\/\/www.facebook.com\/nhitec\/\" target=\"_blank\" rel=\"noreferrer noopener\">nhitec<\/a><br>Instagram :&nbsp;<a href=\"https:\/\/www.instagram.com\/nhitec\/\" target=\"_blank\" rel=\"noreferrer noopener\">@nhitec<\/a><br>LinkedIn :&nbsp;<a href=\"https:\/\/be.linkedin.com\/company\/nhitec\" target=\"_blank\" rel=\"noreferrer noopener\">nhitec<\/a>&nbsp;<\/p>\n<\/div>\n<\/div><figure class=\"wp-block-media-text__media\"><img loading=\"lazy\" decoding=\"async\" width=\"1024\" height=\"1024\" src=\"https:\/\/fede-uliege.be\/wp-content\/uploads\/2023\/10\/PHOTO_1-9-1024x1024.png\" alt=\"\" class=\"wp-image-574 size-full\" srcset=\"https:\/\/fede-uliege.be\/wp-content\/uploads\/2023\/10\/PHOTO_1-9-1024x1024.png 1024w, https:\/\/fede-uliege.be\/wp-content\/uploads\/2023\/10\/PHOTO_1-9-300x300.png 300w, https:\/\/fede-uliege.be\/wp-content\/uploads\/2023\/10\/PHOTO_1-9-150x150.png 150w, https:\/\/fede-uliege.be\/wp-content\/uploads\/2023\/10\/PHOTO_1-9-768x768.png 768w, https:\/\/fede-uliege.be\/wp-content\/uploads\/2023\/10\/PHOTO_1-9.png 1080w\" sizes=\"(max-width: 1024px) 100vw, 1024px\" \/><\/figure><\/div>\n\n\n\n<div class=\"wp-block-media-text alignwide is-stacked-on-mobile is-vertically-aligned-center has-background\" style=\"background-color:#fffdea;grid-template-columns:35% auto\"><figure class=\"wp-block-media-text__media\"><img loading=\"lazy\" decoding=\"async\" width=\"500\" height=\"500\" src=\"https:\/\/fede-uliege.be\/wp-content\/uploads\/2024\/10\/Logo-CGES-ULiege-Facebook-couleurs-1.png\" alt=\"\" class=\"wp-image-1574 size-full\" srcset=\"https:\/\/fede-uliege.be\/wp-content\/uploads\/2024\/10\/Logo-CGES-ULiege-Facebook-couleurs-1.png 500w, https:\/\/fede-uliege.be\/wp-content\/uploads\/2024\/10\/Logo-CGES-ULiege-Facebook-couleurs-1-300x300.png 300w, https:\/\/fede-uliege.be\/wp-content\/uploads\/2024\/10\/Logo-CGES-ULiege-Facebook-couleurs-1-150x150.png 150w\" sizes=\"(max-width: 500px) 100vw, 500px\" \/><\/figure><div class=\"wp-block-media-text__content\">\n<div class=\"wp-block-group is-vertical is-layout-flex wp-container-core-group-is-layout-32a109f9 wp-block-group-is-layout-flex\" style=\"padding-top:2em;padding-right:2em;padding-bottom:2em;padding-left:2em\">\n<p style=\"font-size:30px\"><strong>CGES&nbsp;ULi\u00e8ge<\/strong><\/p>\n\n\n\n<p>Le Cercle Gaming et ESport de l&rsquo;ULi\u00e8ge (CGES&nbsp;ULi\u00e8ge) est un cercle estudiantin centr\u00e9 sur le jeu vid\u00e9o et l&rsquo;esport (c.-\u00e0-d. des comp\u00e9titions de jeux vid\u00e9o). Nous poursuivons un double objectif : d&rsquo;une part, nous organisons des activit\u00e9s jeux vid\u00e9o pour la communaut\u00e9 \u00e9tudiante durant l&rsquo;ann\u00e9e acad\u00e9mique. D&rsquo;une autre part, nous supervisons les comp\u00e9titrices et comp\u00e9titeurs qui souhaitent repr\u00e9senter l&rsquo;ULi\u00e8ge dans des tournois esport (en solo ou en \u00e9quipe, selon les jeux).&nbsp;<br><br>Adresse mail&nbsp;:&nbsp;<a href=\"mailto:agora.uliege@gmail.com\" target=\"_blank\" rel=\"noreferrer noopener\">cgesuliege@gmail.com&nbsp;<\/a><br>Facebook : <a href=\"https:\/\/www.facebook.com\/profile.php?id=61565286763499\" target=\"_blank\" rel=\"noreferrer noopener\">cgesuliege<\/a><br>Instagram : <a href=\"https:\/\/www.instagram.com\/cgesuliege?igsh=NWQxdG01eHV6cHhn\">@cgesuliege<\/a><br>Site : <a href=\"https:\/\/www.gamingfactory.gg\/li%C3%A8ge\">https:\/\/www.gamingfactory.gg\/<\/a><\/p>\n<\/div>\n<\/div><\/div>\n\n\n\n<div class=\"wp-block-media-text alignwide has-media-on-the-right is-stacked-on-mobile is-vertically-aligned-center has-background\" style=\"background-color:#dbffc0;grid-template-columns:auto 35%\"><div class=\"wp-block-media-text__content\">\n<div class=\"wp-block-group is-vertical is-layout-flex wp-container-core-group-is-layout-32a109f9 wp-block-group-is-layout-flex\" style=\"padding-top:2em;padding-right:2em;padding-bottom:2em;padding-left:2em\">\n<p style=\"font-size:30px\"><strong>FELU<\/strong><\/p>\n\n\n\n<p>La&nbsp;FELU, F\u00e9d\u00e9ration des Etudiants Lib\u00e9raux Unis de Li\u00e8ge,&nbsp;est un cercle \u00e9tudiant de philosophie politique mais apartisan actif sur tous les campus et toutes les facult\u00e9s en Province de Li\u00e8ge. Au sein de la&nbsp;FELU, nous cr\u00e9ons le d\u00e9bat via des \u00e9v\u00e9nements, autour de verres, et en \u00e9tant au contact des \u00e9tudiants.<br><br>Adresse mail :&nbsp;<a href=\"mailto:felu@etudiantsliberaux.be\">felu@etudiantsliberaux.be<\/a><br>Facebook:&nbsp;<a href=\"https:\/\/www.facebook.com\/FeluLiege?locale=fr_FR\">FELU &#8211; F\u00e9d\u00e9ration des Etudiants Lib\u00e9raux Unis<\/a><br>Instagram:&nbsp;<a href=\"https:\/\/www.instagram.com\/felu_liege\/\">@felu_liege<\/a><\/p>\n<\/div>\n<\/div><figure class=\"wp-block-media-text__media\"><img loading=\"lazy\" decoding=\"async\" width=\"1024\" height=\"1024\" src=\"https:\/\/fede-uliege.be\/wp-content\/uploads\/2024\/04\/Design-sans-titre-2-1024x1024.png\" alt=\"\" class=\"wp-image-1564 size-full\" srcset=\"https:\/\/fede-uliege.be\/wp-content\/uploads\/2024\/04\/Design-sans-titre-2-1024x1024.png 1024w, https:\/\/fede-uliege.be\/wp-content\/uploads\/2024\/04\/Design-sans-titre-2-300x300.png 300w, https:\/\/fede-uliege.be\/wp-content\/uploads\/2024\/04\/Design-sans-titre-2-150x150.png 150w, https:\/\/fede-uliege.be\/wp-content\/uploads\/2024\/04\/Design-sans-titre-2-768x768.png 768w, https:\/\/fede-uliege.be\/wp-content\/uploads\/2024\/04\/Design-sans-titre-2.png 1080w\" sizes=\"(max-width: 1024px) 100vw, 1024px\" \/><\/figure><\/div>\n\n\n\n<div class=\"wp-block-media-text alignwide is-stacked-on-mobile is-vertically-aligned-center has-background\" style=\"background-color:#fffdea;grid-template-columns:25% auto\"><figure class=\"wp-block-media-text__media\"><img loading=\"lazy\" decoding=\"async\" width=\"650\" height=\"650\" src=\"https:\/\/fede-uliege.be\/wp-content\/uploads\/2024\/12\/3.jpg\" alt=\"\" class=\"wp-image-1653 size-full\" srcset=\"https:\/\/fede-uliege.be\/wp-content\/uploads\/2024\/12\/3.jpg 650w, https:\/\/fede-uliege.be\/wp-content\/uploads\/2024\/12\/3-300x300.jpg 300w, https:\/\/fede-uliege.be\/wp-content\/uploads\/2024\/12\/3-150x150.jpg 150w\" sizes=\"(max-width: 650px) 100vw, 650px\" \/><\/figure><div class=\"wp-block-media-text__content\">\n<div class=\"wp-block-group\"><div class=\"wp-block-group__inner-container is-layout-constrained wp-block-group-is-layout-constrained\">\n<div class=\"wp-block-group is-vertical is-layout-flex wp-container-core-group-is-layout-32a109f9 wp-block-group-is-layout-flex\" style=\"padding-top:2em;padding-right:2em;padding-bottom:2em;padding-left:2em\">\n<p style=\"font-size:30px\"><strong><strong><strong>Ordre de la Basoche<\/strong><\/strong><\/strong><\/p>\n\n\n\n<p>Confr\u00e9rie de juristes bavards, toursiveux et argumentateurs de l\u2019Universit\u00e9 de Li\u00e8ge, r\u00e9dacteurs du journal&nbsp;<em>La Basoche<\/em>&nbsp;et garants fac\u00e9tieux des m\u0153urs facultaires.<br><br>Adresse mail : <a href=\"mailto:basoche1303@gmail.com\" data-type=\"mailto\" data-id=\"mailto:info@gauche.be\">basoche1303@gmail.com<\/a><br>Facebook :&nbsp;<a href=\"https:\/\/www.facebook.com\/OrdreBasoche\" data-type=\"link\" data-id=\"https:\/\/www.facebook.com\/gauche.be\">OrdreBasoche<\/a><br>Instagram : <a href=\"https:\/\/www.instagram.com\/ordre_de_la_basoche\/\">@ordre_de_la_basoche<\/a><\/p>\n<\/div>\n<\/div><\/div>\n<\/div><\/div>\n\n\n\n<div class=\"wp-block-media-text alignwide has-media-on-the-right is-stacked-on-mobile is-vertically-aligned-center has-background\" style=\"background-color:#dbffc0;grid-template-columns:auto 22%\"><div class=\"wp-block-media-text__content\">\n<div class=\"wp-block-group is-vertical is-layout-flex wp-container-core-group-is-layout-32a109f9 wp-block-group-is-layout-flex\" style=\"padding-top:2em;padding-right:2em;padding-bottom:2em;padding-left:2em\">\n<p style=\"font-size:30px\"><strong>Debate Club<\/strong><\/p>\n\n\n\n<p>Le Debate Club un cercle qui organise des d\u00e9bats chaque quadrimestre sur un th\u00e8me soci\u00e9tal.&nbsp;<br><br>A chaque s\u00e9ance, une personnalit\u00e9 du monde acad\u00e9mique ou civil vient d\u00e9battre avec les \u00e9tudiants en prenant la place d&rsquo;un \u00ab\u00a0quasi-\u00e9tudiant\u00a0\u00bb.<\/p>\n\n\n\n<p>Le but est de pouvoir \u00e9changer dans un rapport horizontal et dans le respect des opinions de chacun. Le but final est de promouvoir l&rsquo;\u00e9l\u00e9vation individuelle par l&rsquo;\u00e9change et l&rsquo;\u00e9coute de l\u2019autre.<br><br>Adresse mail :&nbsp;<a href=\"mailto:debateclub.ulg@gmail.com\" data-type=\"mailto\" data-id=\"mailto:info@uejb.org\">debateclub.ulg@gmail.com<\/a><br>Facebook :&nbsp;<a href=\"https:\/\/www.facebook.com\/profile.php?id=61554001520312\" data-type=\"link\" data-id=\"https:\/\/www.facebook.com\/uejbbelgique\">Debate Club Ulg<\/a><\/p>\n<\/div>\n<\/div><figure class=\"wp-block-media-text__media\"><img loading=\"lazy\" decoding=\"async\" width=\"782\" height=\"782\" src=\"https:\/\/fede-uliege.be\/wp-content\/uploads\/2024\/12\/Design-sans-titre_page-0001.jpg\" alt=\"\" class=\"wp-image-1661 size-full\" srcset=\"https:\/\/fede-uliege.be\/wp-content\/uploads\/2024\/12\/Design-sans-titre_page-0001.jpg 782w, https:\/\/fede-uliege.be\/wp-content\/uploads\/2024\/12\/Design-sans-titre_page-0001-300x300.jpg 300w, https:\/\/fede-uliege.be\/wp-content\/uploads\/2024\/12\/Design-sans-titre_page-0001-150x150.jpg 150w, https:\/\/fede-uliege.be\/wp-content\/uploads\/2024\/12\/Design-sans-titre_page-0001-768x768.jpg 768w\" sizes=\"(max-width: 782px) 100vw, 782px\" \/><\/figure><\/div>\n\n\n\n<div class=\"wp-block-media-text alignwide is-stacked-on-mobile is-vertically-aligned-center has-background\" style=\"background-color:#fffdea;grid-template-columns:25% auto\"><figure class=\"wp-block-media-text__media\"><img loading=\"lazy\" decoding=\"async\" width=\"1024\" height=\"650\" src=\"https:\/\/fede-uliege.be\/wp-content\/uploads\/2026\/02\/logo_V1_baseline_black_red_icon-1024x650.png\" alt=\"\" class=\"wp-image-2081 size-full\" srcset=\"https:\/\/fede-uliege.be\/wp-content\/uploads\/2026\/02\/logo_V1_baseline_black_red_icon-1024x650.png 1024w, https:\/\/fede-uliege.be\/wp-content\/uploads\/2026\/02\/logo_V1_baseline_black_red_icon-300x190.png 300w, https:\/\/fede-uliege.be\/wp-content\/uploads\/2026\/02\/logo_V1_baseline_black_red_icon-768x487.png 768w, https:\/\/fede-uliege.be\/wp-content\/uploads\/2026\/02\/logo_V1_baseline_black_red_icon.png 1059w\" sizes=\"(max-width: 1024px) 100vw, 1024px\" \/><\/figure><div class=\"wp-block-media-text__content\">\n<div class=\"wp-block-group\"><div class=\"wp-block-group__inner-container is-layout-constrained wp-block-group-is-layout-constrained\">\n<div class=\"wp-block-group is-vertical is-layout-flex wp-container-core-group-is-layout-32a109f9 wp-block-group-is-layout-flex\" style=\"padding-top:2em;padding-right:2em;padding-bottom:2em;padding-left:2em\">\n<p style=\"font-size:30px\"><strong><strong><strong>COMAC<\/strong><\/strong><\/strong><\/p>\n\n\n\n<p>Comac&nbsp;est un cercle \u00e9tudiant engag\u00e9 au jour le jour contre les injustices et les in\u00e9galit\u00e9s. Nous luttons pour une soci\u00e9t\u00e9 plus juste o\u00f9 le racisme, le sexisme et toute autre forme de discrimination n&rsquo;ont pas leur place ; pour un monde o\u00f9 chaque jeune a acc\u00e8s \u00e0 une \u00e9ducation de qualit\u00e9 et o\u00f9 les travailleurs sont pleinement respect\u00e9s. Avec&nbsp;Comac&nbsp;Li\u00e8ge, on est actif en permanence sur tous les campus et on organise tout au long de l\u2019ann\u00e9e des actions des conf\u00e9rences, des rencontres, des manifestations, des bloques collectives, des p\u00e9titions, &#8230;&nbsp;<br>C&rsquo;est ensemble qu&rsquo;on trouve la force de changer les choses.<br><br>Facebook :&nbsp;<a href=\"https:\/\/www.facebook.com\/ComacLg\">Comac&nbsp;Li\u00e8ge<\/a>&nbsp;<br>Instagram : <a href=\"https:\/\/www.instagram.com\/comac_liege\/\" data-type=\"link\" data-id=\"https:\/\/www.instagram.com\/comac_liege\/\">@comac_liege<\/a><br>Tiktok : <a href=\"https:\/\/www.tiktok.com\/@comacliege\">@comacliege<\/a>&nbsp;<br>Adresse mail de contact :&nbsp;<a href=\"mailto:comacliege@hotmail.com\">comacliege@hotmail.com<\/a><\/p>\n<\/div>\n<\/div><\/div>\n<\/div><\/div>\n\n\n\n<div class=\"wp-block-media-text alignwide has-media-on-the-right is-stacked-on-mobile is-vertically-aligned-center has-background\" style=\"background-color:#dbffc0;grid-template-columns:auto 22%\"><div class=\"wp-block-media-text__content\">\n<div class=\"wp-block-group is-vertical is-layout-flex wp-container-core-group-is-layout-32a109f9 wp-block-group-is-layout-flex\" style=\"padding-top:2em;padding-right:2em;padding-bottom:2em;padding-left:2em\">\n<p style=\"font-size:30px\"><strong>Students for Christ<\/strong><\/p>\n\n\n\n<p>Students for Christ&nbsp;c\u2019est une communaut\u00e9 d\u2019\u00e9tudiants, un peu ou tr\u00e8s curieux de J\u00e9sus, qui aiment partager, discuter librement, faire des activit\u00e9s dans une ambiance cool et bienveillante.&nbsp;&nbsp;<br><br>Adresse mail :&nbsp;<a href=\"mailto:sfcliegeinsta@gmail.com\">sfcliegeinsta@gmail.com<\/a><br>Instagram :&nbsp;<a href=\"https:\/\/www.instagram.com\/sfc.liege\/\">@sfc.liege<\/a><\/p>\n<\/div>\n<\/div><figure class=\"wp-block-media-text__media\"><img loading=\"lazy\" decoding=\"async\" width=\"1024\" height=\"1024\" src=\"https:\/\/fede-uliege.be\/wp-content\/uploads\/2026\/02\/Students-for-Christ-Liege-1024x1024.png\" alt=\"\" class=\"wp-image-2095 size-full\" srcset=\"https:\/\/fede-uliege.be\/wp-content\/uploads\/2026\/02\/Students-for-Christ-Liege-1024x1024.png 1024w, https:\/\/fede-uliege.be\/wp-content\/uploads\/2026\/02\/Students-for-Christ-Liege-300x300.png 300w, https:\/\/fede-uliege.be\/wp-content\/uploads\/2026\/02\/Students-for-Christ-Liege-150x150.png 150w, https:\/\/fede-uliege.be\/wp-content\/uploads\/2026\/02\/Students-for-Christ-Liege-768x768.png 768w, https:\/\/fede-uliege.be\/wp-content\/uploads\/2026\/02\/Students-for-Christ-Liege.png 1080w\" sizes=\"(max-width: 1024px) 100vw, 1024px\" \/><\/figure><\/div>\n\n\n\n<div class=\"wp-block-media-text alignwide is-stacked-on-mobile is-vertically-aligned-center has-background\" style=\"background-color:#fffdea;grid-template-columns:25% auto\"><figure class=\"wp-block-media-text__media\"><img loading=\"lazy\" decoding=\"async\" width=\"286\" height=\"287\" src=\"https:\/\/fede-uliege.be\/wp-content\/uploads\/2026\/02\/Cercle-Campus-Durable-Logo.png\" alt=\"\" class=\"wp-image-2110 size-full\" srcset=\"https:\/\/fede-uliege.be\/wp-content\/uploads\/2026\/02\/Cercle-Campus-Durable-Logo.png 286w, https:\/\/fede-uliege.be\/wp-content\/uploads\/2026\/02\/Cercle-Campus-Durable-Logo-150x150.png 150w\" sizes=\"(max-width: 286px) 100vw, 286px\" \/><\/figure><div class=\"wp-block-media-text__content\">\n<div class=\"wp-block-group\"><div class=\"wp-block-group__inner-container is-layout-constrained wp-block-group-is-layout-constrained\">\n<div class=\"wp-block-group is-vertical is-layout-flex wp-container-core-group-is-layout-32a109f9 wp-block-group-is-layout-flex\" style=\"padding-top:2em;padding-right:2em;padding-bottom:2em;padding-left:2em\">\n<p style=\"font-size:30px\"><strong><strong><strong>Cercle Campus Durable<\/strong><\/strong><\/strong><\/p>\n\n\n\n<p>Le Cercle Campus Durable est un cercle \u00e9tudiant agissant en faveur du d\u00e9veloppement durable au sein de l&rsquo;ULi\u00e8ge. Notre cercle b\u00e9n\u00e9ficie du soutien du Green Office de l&rsquo;ULi\u00e8ge. Notre cercle est \u00e9galement membre de l&rsquo;Association Internationale des Clubs Leaders Etudiants Francophones (AICLEF) regroupant des clubs \u00e9tudiants dans une soixantaine de pays.<br><br>Adresse mail :&nbsp;<a href=\"mailto:cerclecampusdurable@gmail.com\" target=\"_blank\" rel=\"noreferrer noopener\">cerclecampusdurable@gmail.com<\/a><br>Facebook :&nbsp;<a href=\"https:\/\/www.facebook.com\/profile.php?id=61582846913808\">Cercle Campus Durable<\/a><br>Instagram : <a href=\"https:\/\/www.instagram.com\/cerclecampusdurable_ulg?igsh=NjloczJydHI4azRw\">@cerclecampusdurable_ulg<\/a><\/p>\n<\/div>\n<\/div><\/div>\n<\/div><\/div>\n\n\n\n<div class=\"wp-block-media-text alignwide has-media-on-the-right is-stacked-on-mobile is-vertically-aligned-center has-background\" style=\"background-color:#dbffc0;grid-template-columns:auto 22%\"><div class=\"wp-block-media-text__content\">\n<div class=\"wp-block-group is-vertical is-layout-flex wp-container-core-group-is-layout-32a109f9 wp-block-group-is-layout-flex\" style=\"padding-top:2em;padding-right:2em;padding-bottom:2em;padding-left:2em\">\n<p style=\"font-size:30px\"><strong>GEMMO<\/strong><\/p>\n\n\n\n<p>Le GEMMO est un cercle culturel de l\u2019ULi\u00e8ge qui a pour but de r\u00e9unir des \u00e9tudiantes et \u00e9tudiants r\u00e9volt\u00e9s par la soci\u00e9t\u00e9 capitaliste et qui cherchent \u00e0 comprendre comment celle-ci peut changer. Le GEMMO propose de d\u00e9couvrir les id\u00e9es marxistes, l&rsquo;histoire de l&rsquo;\u00e9volution des soci\u00e9t\u00e9s humaines, et des luttes sociales qui l&rsquo;accompagnent. \u00c0 cette fin, le GEMMO organise des s\u00e9minaires, des conf\u00e9rences, des sorties au mus\u00e9e, des projections de films, etc. Les activit\u00e9s du GEMMO sont ouvertes \u00e0 toutes celles et ceux qui souhaitent y participer, qu\u2019ils soient membres du cercle, ou non.<br><br>Adresse mail : <a href=\"mailto:gemmo.liege@gmail.com\">gemmo.liege@gmail.com<\/a><br>Instagram :&nbsp;<a href=\"https:\/\/www.instagram.com\/gemmo.liege\/\">@gemmo.liege<\/a><\/p>\n<\/div>\n<\/div><figure class=\"wp-block-media-text__media\"><img loading=\"lazy\" decoding=\"async\" width=\"993\" height=\"1024\" src=\"https:\/\/fede-uliege.be\/wp-content\/uploads\/2026\/02\/1000102910-993x1024.jpg\" alt=\"\" class=\"wp-image-2113 size-full\" srcset=\"https:\/\/fede-uliege.be\/wp-content\/uploads\/2026\/02\/1000102910-993x1024.jpg 993w, https:\/\/fede-uliege.be\/wp-content\/uploads\/2026\/02\/1000102910-291x300.jpg 291w, https:\/\/fede-uliege.be\/wp-content\/uploads\/2026\/02\/1000102910-768x792.jpg 768w, https:\/\/fede-uliege.be\/wp-content\/uploads\/2026\/02\/1000102910.jpg 1482w\" sizes=\"(max-width: 993px) 100vw, 993px\" \/><\/figure><\/div>\n\n\n\n<div class=\"wp-block-media-text alignwide is-stacked-on-mobile is-vertically-aligned-center has-background\" style=\"background-color:#fffdea;grid-template-columns:25% auto\"><figure class=\"wp-block-media-text__media\"><img loading=\"lazy\" decoding=\"async\" width=\"500\" height=\"500\" src=\"https:\/\/fede-uliege.be\/wp-content\/uploads\/2026\/02\/1000019060.png\" alt=\"\" class=\"wp-image-2134 size-full\" srcset=\"https:\/\/fede-uliege.be\/wp-content\/uploads\/2026\/02\/1000019060.png 500w, https:\/\/fede-uliege.be\/wp-content\/uploads\/2026\/02\/1000019060-300x300.png 300w, https:\/\/fede-uliege.be\/wp-content\/uploads\/2026\/02\/1000019060-150x150.png 150w\" sizes=\"(max-width: 500px) 100vw, 500px\" \/><\/figure><div class=\"wp-block-media-text__content\">\n<div class=\"wp-block-group\"><div class=\"wp-block-group__inner-container is-layout-constrained wp-block-group-is-layout-constrained\">\n<div class=\"wp-block-group is-vertical is-layout-flex wp-container-core-group-is-layout-32a109f9 wp-block-group-is-layout-flex\" style=\"padding-top:2em;padding-right:2em;padding-bottom:2em;padding-left:2em\">\n<p style=\"font-size:30px\"><strong><strong><strong>Cercle des \u00e9tudiants pour la&nbsp;Palestine&nbsp;de Li\u00e8ge<\/strong><\/strong><\/strong><\/p>\n\n\n\n<p>Le Cercle des \u00e9tudiants pour la&nbsp;Palestine&nbsp;de Li\u00e8ge est cr\u00e9\u00e9 \u00e0 la suite de l&rsquo;engagement des \u00e9tudiant.e.s pour l&rsquo;arr\u00eat de la complicit\u00e9 de l&rsquo;Uli\u00e8ge dans le g\u00e9nocide du peuple palestinien. Ce mouvement s&rsquo;est mat\u00e9rialis\u00e9 par deux occupations \u00e9tudiantes [ Mai-Juin 2024 et Mai 2025] dans le b\u00e2timent du xx ao\u00fbt&nbsp;<\/p>\n\n\n\n<p>Le CEPAL c&rsquo;est des AG ouvertes, des \u00e9v\u00e9nements culturels, des rassemblements, des conf\u00e9rences, des rencontres uniques, et bien d&rsquo;autres choses pour rappeler l&rsquo;importance des choix \u00e9thiques \u00e0 notre universit\u00e9 notament avec le contrat Thales en solidarit\u00e9 avec le peuple opprim\u00e9 de&nbsp;Palestine&nbsp;<img decoding=\"async\" src=\"https:\/\/fonts.gstatic.com\/s\/e\/notoemoji\/17.0\/1f1f5_1f1f8\/32.png\" alt=\"\ud83c\uddf5\ud83c\uddf8\"><img decoding=\"async\" src=\"https:\/\/fonts.gstatic.com\/s\/e\/notoemoji\/17.0\/270c_fe0f\/32.png\" alt=\"\u270c\ufe0f\"><br><br>Adresse mail :&nbsp;<a href=\"mailto:etudiantspourlapalestineliege@gmail.com\" target=\"_blank\" rel=\"noreferrer noopener\">etudiantspourlapalestineliege@gmail.com<\/a><br>Instagram : <a href=\"https:\/\/www.instagram.com\/occupation_uliege_palestine\/\">@occupation_uliege_palestine<\/a><\/p>\n<\/div>\n<\/div><\/div>\n<\/div><\/div>\n\n\n\n<hr class=\"wp-block-separator alignwide has-text-color has-neve-link-color-color has-alpha-channel-opacity has-neve-link-color-background-color has-background is-style-default\"\/>\n\n\n\n<div class=\"wp-block-columns is-layout-flex wp-container-core-columns-is-layout-9d6595d7 wp-block-columns-is-layout-flex\">\n<div class=\"wp-block-column is-layout-flow wp-block-column-is-layout-flow\">\n<figure class=\"wp-block-image size-full is-resized\"><a href=\"https:\/\/www.lamason.org\/\"><img loading=\"lazy\" decoding=\"async\" width=\"400\" height=\"400\" src=\"https:\/\/fede-uliege.be\/wp-content\/uploads\/2024\/01\/MAson-logo-large_PNG-1.webp\" alt=\"\" class=\"wp-image-1128\" style=\"width:145px;height:auto\" srcset=\"https:\/\/fede-uliege.be\/wp-content\/uploads\/2024\/01\/MAson-logo-large_PNG-1.webp 400w, https:\/\/fede-uliege.be\/wp-content\/uploads\/2024\/01\/MAson-logo-large_PNG-1-300x300.webp 300w, https:\/\/fede-uliege.be\/wp-content\/uploads\/2024\/01\/MAson-logo-large_PNG-1-150x150.webp 150w\" sizes=\"(max-width: 400px) 100vw, 400px\" \/><\/a><\/figure>\n<\/div>\n\n\n\n<div class=\"wp-block-column is-layout-flow wp-block-column-is-layout-flow\">\n<p class=\"has-text-align-center\">Ouvert du lundi au jeudi de 8h30 \u00e0 17h30 (ferm\u00e9 de 12h30 \u00e0 13h30)<br>et le vendredi de 8h30 \u00e0 12h30<br>04 366 31 99<\/p>\n\n\n\n<ul class=\"wp-block-social-links has-normal-icon-size is-content-justification-center is-layout-flex wp-container-core-social-links-is-layout-16018d1d wp-block-social-links-is-layout-flex\"><li class=\"wp-social-link wp-social-link-facebook  wp-block-social-link\"><a href=\"https:\/\/www.facebook.com\/fedeULiege\/\" class=\"wp-block-social-link-anchor\"><svg width=\"24\" height=\"24\" viewBox=\"0 0 24 24\" version=\"1.1\" xmlns=\"http:\/\/www.w3.org\/2000\/svg\" aria-hidden=\"true\" focusable=\"false\"><path d=\"M12 2C6.5 2 2 6.5 2 12c0 5 3.7 9.1 8.4 9.9v-7H7.9V12h2.5V9.8c0-2.5 1.5-3.9 3.8-3.9 1.1 0 2.2.2 2.2.2v2.5h-1.3c-1.2 0-1.6.8-1.6 1.6V12h2.8l-.4 2.9h-2.3v7C18.3 21.1 22 17 22 12c0-5.5-4.5-10-10-10z\"><\/path><\/svg><span class=\"wp-block-social-link-label screen-reader-text\">Facebook<\/span><\/a><\/li>\n\n<li class=\"wp-social-link wp-social-link-instagram  wp-block-social-link\"><a href=\"https:\/\/www.instagram.com\/fede_uliege\/\" class=\"wp-block-social-link-anchor\"><svg width=\"24\" height=\"24\" viewBox=\"0 0 24 24\" version=\"1.1\" xmlns=\"http:\/\/www.w3.org\/2000\/svg\" aria-hidden=\"true\" focusable=\"false\"><path d=\"M12,4.622c2.403,0,2.688,0.009,3.637,0.052c0.877,0.04,1.354,0.187,1.671,0.31c0.42,0.163,0.72,0.358,1.035,0.673 c0.315,0.315,0.51,0.615,0.673,1.035c0.123,0.317,0.27,0.794,0.31,1.671c0.043,0.949,0.052,1.234,0.052,3.637 s-0.009,2.688-0.052,3.637c-0.04,0.877-0.187,1.354-0.31,1.671c-0.163,0.42-0.358,0.72-0.673,1.035 c-0.315,0.315-0.615,0.51-1.035,0.673c-0.317,0.123-0.794,0.27-1.671,0.31c-0.949,0.043-1.233,0.052-3.637,0.052 s-2.688-0.009-3.637-0.052c-0.877-0.04-1.354-0.187-1.671-0.31c-0.42-0.163-0.72-0.358-1.035-0.673 c-0.315-0.315-0.51-0.615-0.673-1.035c-0.123-0.317-0.27-0.794-0.31-1.671C4.631,14.688,4.622,14.403,4.622,12 s0.009-2.688,0.052-3.637c0.04-0.877,0.187-1.354,0.31-1.671c0.163-0.42,0.358-0.72,0.673-1.035 c0.315-0.315,0.615-0.51,1.035-0.673c0.317-0.123,0.794-0.27,1.671-0.31C9.312,4.631,9.597,4.622,12,4.622 M12,3 C9.556,3,9.249,3.01,8.289,3.054C7.331,3.098,6.677,3.25,6.105,3.472C5.513,3.702,5.011,4.01,4.511,4.511 c-0.5,0.5-0.808,1.002-1.038,1.594C3.25,6.677,3.098,7.331,3.054,8.289C3.01,9.249,3,9.556,3,12c0,2.444,0.01,2.751,0.054,3.711 c0.044,0.958,0.196,1.612,0.418,2.185c0.23,0.592,0.538,1.094,1.038,1.594c0.5,0.5,1.002,0.808,1.594,1.038 c0.572,0.222,1.227,0.375,2.185,0.418C9.249,20.99,9.556,21,12,21s2.751-0.01,3.711-0.054c0.958-0.044,1.612-0.196,2.185-0.418 c0.592-0.23,1.094-0.538,1.594-1.038c0.5-0.5,0.808-1.002,1.038-1.594c0.222-0.572,0.375-1.227,0.418-2.185 C20.99,14.751,21,14.444,21,12s-0.01-2.751-0.054-3.711c-0.044-0.958-0.196-1.612-0.418-2.185c-0.23-0.592-0.538-1.094-1.038-1.594 c-0.5-0.5-1.002-0.808-1.594-1.038c-0.572-0.222-1.227-0.375-2.185-0.418C14.751,3.01,14.444,3,12,3L12,3z M12,7.378 c-2.552,0-4.622,2.069-4.622,4.622S9.448,16.622,12,16.622s4.622-2.069,4.622-4.622S14.552,7.378,12,7.378z M12,15 c-1.657,0-3-1.343-3-3s1.343-3,3-3s3,1.343,3,3S13.657,15,12,15z M16.804,6.116c-0.596,0-1.08,0.484-1.08,1.08 s0.484,1.08,1.08,1.08c0.596,0,1.08-0.484,1.08-1.08S17.401,6.116,16.804,6.116z\"><\/path><\/svg><span class=\"wp-block-social-link-label screen-reader-text\">Instagram<\/span><\/a><\/li>\n\n<li class=\"wp-social-link wp-social-link-mail  wp-block-social-link\"><a href=\"mailto:&#105;&#110;&#102;o&#064;&#102;e&#100;&#101;-&#117;&#108;&#105;ege.b&#101;\" class=\"wp-block-social-link-anchor\"><svg width=\"24\" height=\"24\" viewBox=\"0 0 24 24\" version=\"1.1\" xmlns=\"http:\/\/www.w3.org\/2000\/svg\" aria-hidden=\"true\" focusable=\"false\"><path d=\"M19,5H5c-1.1,0-2,.9-2,2v10c0,1.1.9,2,2,2h14c1.1,0,2-.9,2-2V7c0-1.1-.9-2-2-2zm.5,12c0,.3-.2.5-.5.5H5c-.3,0-.5-.2-.5-.5V9.8l7.5,5.6,7.5-5.6V17zm0-9.1L12,13.6,4.5,7.9V7c0-.3.2-.5.5-.5h14c.3,0,.5.2.5.5v.9z\"><\/path><\/svg><span class=\"wp-block-social-link-label screen-reader-text\">E-mail<\/span><\/a><\/li><\/ul>\n<\/div>\n\n\n\n<div class=\"wp-block-column is-layout-flow wp-block-column-is-layout-flow\"><div class=\"wp-block-image\">\n<figure class=\"alignright size-large is-resized\"><img loading=\"lazy\" decoding=\"async\" width=\"1024\" height=\"768\" src=\"https:\/\/fede-uliege.be\/wp-content\/uploads\/2024\/01\/Logo-Fede-Uliege-Bleu-1-1024x768.png\" alt=\"\" class=\"wp-image-1129\" style=\"width:147px;height:auto\" srcset=\"https:\/\/fede-uliege.be\/wp-content\/uploads\/2024\/01\/Logo-Fede-Uliege-Bleu-1-1024x768.png 1024w, https:\/\/fede-uliege.be\/wp-content\/uploads\/2024\/01\/Logo-Fede-Uliege-Bleu-1-300x225.png 300w, https:\/\/fede-uliege.be\/wp-content\/uploads\/2024\/01\/Logo-Fede-Uliege-Bleu-1-768x576.png 768w, https:\/\/fede-uliege.be\/wp-content\/uploads\/2024\/01\/Logo-Fede-Uliege-Bleu-1-1536x1152.png 1536w, https:\/\/fede-uliege.be\/wp-content\/uploads\/2024\/01\/Logo-Fede-Uliege-Bleu-1.png 1961w\" sizes=\"(max-width: 1024px) 100vw, 1024px\" \/><\/figure>\n<\/div><\/div>\n<\/div>\n\n\n\n<p class=\"has-text-align-center\"><a href=\"https:\/\/fede-uliege.be\/wp-content\/uploads\/2023\/11\/Statuts.pdf\">STATUTS<\/a> <a href=\"https:\/\/fede-uliege.be\/wp-content\/uploads\/2023\/12\/RGPD.pdf\">RGPD<\/a> <a href=\"https:\/\/fede-uliege.be\/wp-content\/uploads\/2023\/12\/ROI-adopte-02_11.pdf\">ROI<\/a> <a href=\"https:\/\/fede-uliege.be\/wp-content\/uploads\/2024\/01\/CHARTE_GRAPHIQUE_2024.pdf\">CHARTE GRAPHIQUE<\/a> <a href=\"https:\/\/fede-uliege.be\/index.php\/logo\/\">LOGO<\/a><\/p>\n\n\n\n<p><\/p>\n","protected":false},"excerpt":{"rendered":"<p>LES CERCLES ETUDIANTS Un cercle \u00e9tudiant est un groupe d&rsquo;\u00e9tudiant.e.s partageant une passion commune, que ce soit pour la culture, le sport, la musique, ou d&rsquo;autres int\u00e9r\u00eats. Pour les rejoindre, consultez la liste ci-dessous, choisissez le cercle qui vous attire, et envoyez-leur un e-mail pour en savoir plus sur la mani\u00e8re de devenir membre. Pr\u00eat.e \u00e0 cr\u00e9er ton propre cercle \u00e9tudiant ? Besoin de financement pour tes projets au sein de ton cercle ou association ? Soutien aux projets \u00e9tudiants ! D\u00e9couvre comment la M\u00e2son peut financer ton projet. Ouvert du lundi au jeudi de 8h30 \u00e0 17h30 (ferm\u00e9 de 12h30 \u00e0 13h30)et le vendredi de 8h30 \u00e0 12h3004 366 31 99 STATUTS RGPD ROI CHARTE GRAPHIQUE LOGO<\/p>\n","protected":false},"author":1,"featured_media":0,"parent":0,"menu_order":0,"comment_status":"closed","ping_status":"closed","template":"","meta":{"neve_meta_sidebar":"","neve_meta_container":"","neve_meta_enable_content_width":"on","neve_meta_content_width":100,"neve_meta_title_alignment":"","neve_meta_author_avatar":"","neve_post_elements_order":"","neve_meta_disable_header":"","neve_meta_disable_footer":"","neve_meta_disable_title":"on","jetpack_post_was_ever_published":false,"footnotes":""},"class_list":["post-44","page","type-page","status-publish","hentry"],"jetpack_sharing_enabled":true,"_links":{"self":[{"href":"https:\/\/fede-uliege.be\/index.php\/wp-json\/wp\/v2\/pages\/44","targetHints":{"allow":["GET"]}}],"collection":[{"href":"https:\/\/fede-uliege.be\/index.php\/wp-json\/wp\/v2\/pages"}],"about":[{"href":"https:\/\/fede-uliege.be\/index.php\/wp-json\/wp\/v2\/types\/page"}],"author":[{"embeddable":true,"href":"https:\/\/fede-uliege.be\/index.php\/wp-json\/wp\/v2\/users\/1"}],"replies":[{"embeddable":true,"href":"https:\/\/fede-uliege.be\/index.php\/wp-json\/wp\/v2\/comments?post=44"}],"version-history":[{"count":285,"href":"https:\/\/fede-uliege.be\/index.php\/wp-json\/wp\/v2\/pages\/44\/revisions"}],"predecessor-version":[{"id":2190,"href":"https:\/\/fede-uliege.be\/index.php\/wp-json\/wp\/v2\/pages\/44\/revisions\/2190"}],"wp:attachment":[{"href":"https:\/\/fede-uliege.be\/index.php\/wp-json\/wp\/v2\/media?parent=44"}],"curies":[{"name":"wp","href":"https:\/\/api.w.org\/{rel}","templated":true}]}}